



{"id":2137,"date":"2019-04-23T13:39:47","date_gmt":"2019-04-23T13:39:47","guid":{"rendered":"http:\/\/muziejus.vgtu.lt\/?page_id=2137"},"modified":"2020-06-23T13:39:24","modified_gmt":"2020-06-23T10:39:24","slug":"muziejaus-publikacijos","status":"publish","type":"page","link":"https:\/\/www.silutesmuziejus.lt\/en\/home\/muziejaus-publikacijos\/","title":{"rendered":"Museum Publications"},"content":{"rendered":"<div data-elementor-type=\"wp-post\" data-elementor-id=\"2137\" class=\"elementor elementor-2137\" data-elementor-settings=\"[]\">\n\t\t\t\t\t\t<div class=\"elementor-inner\">\n\t\t\t\t\t\t\t<div class=\"elementor-section-wrap\">\n\t\t\t\t\t\t\t<section class=\"elementor-section elementor-top-section elementor-element elementor-element-16cf9df elementor-section-boxed elementor-section-height-default elementor-section-height-default\" data-id=\"16cf9df\" data-element_type=\"section\">\n\t\t\t\t\t\t<div class=\"elementor-container elementor-column-gap-default\">\n\t\t\t\t\t\t\t<div class=\"elementor-row\">\n\t\t\t\t\t<div class=\"elementor-column elementor-col-16 elementor-top-column elementor-element elementor-element-ce179ad\" data-id=\"ce179ad\" data-element_type=\"column\">\n\t\t\t<div class=\"elementor-column-wrap\">\n\t\t\t\t\t\t\t<div class=\"elementor-widget-wrap\">\n\t\t\t\t\t\t\t\t<\/div>\n\t\t\t\t\t<\/div>\n\t\t<\/div>\n\t\t\t\t<div class=\"elementor-column elementor-col-66 elementor-top-column elementor-element elementor-element-57c77f1\" data-id=\"57c77f1\" data-element_type=\"column\">\n\t\t\t<div class=\"elementor-column-wrap elementor-element-populated\">\n\t\t\t\t\t\t\t<div class=\"elementor-widget-wrap\">\n\t\t\t\t\t\t<div class=\"elementor-element elementor-element-00bf6c0 elementor-widget__width-inherit elementor-widget elementor-widget-html\" data-id=\"00bf6c0\" data-element_type=\"widget\" data-widget_type=\"html.default\">\n\t\t\t\t<div class=\"elementor-widget-container\">\n\t\t\t\t<div class=\"wpnawfree-plugin news-clearfix\" id=\"wpnw-news-1\">\r\n\r\n\t\t\r\n\t\t\t<div id=\"post-24494\" class=\"news type-news wpnaw-blog-class has-date news-col-3 wpnaw-first\">\r\n\t\t\t\t<div class=\"news-inner-wrap-view news-clearfix\">\r\n\r\n\t\t\t\t\t\t\t\t\t\t<div class=\"news-thumb\">\r\n\t\t\t\t\t\t\t\t\t\t\t\t\t<div class=\"grid-news-thumb\">\r\n\t\t\t\t\t\t\t\t<a href=\"https:\/\/www.silutesmuziejus.lt\/en\/news\/kaip-zmones-kuresi-naumiestyje-ir-ji-augino\/\"><img loading=\"lazy\" decoding=\"async\" width=\"768\" height=\"432\" src=\"https:\/\/www.silutesmuziejus.lt\/wp-content\/uploads\/2026\/03\/Virs-b-1-777x437-1-768x432.jpg\" class=\"attachment-medium_large size-medium_large wp-post-image\" alt=\"\" srcset=\"https:\/\/www.silutesmuziejus.lt\/wp-content\/uploads\/2026\/03\/Virs-b-1-777x437-1-768x432.jpg 768w, https:\/\/www.silutesmuziejus.lt\/wp-content\/uploads\/2026\/03\/Virs-b-1-777x437-1-300x169.jpg 300w, https:\/\/www.silutesmuziejus.lt\/wp-content\/uploads\/2026\/03\/Virs-b-1-777x437-1-18x10.jpg 18w, https:\/\/www.silutesmuziejus.lt\/wp-content\/uploads\/2026\/03\/Virs-b-1-777x437-1.jpg 777w\" sizes=\"(max-width: 768px) 100vw, 768px\" \/><\/a>\r\n\t\t\t\t\t\t\t<\/div>\r\n\t\t\t\t\t\t\t\t\t\t\t<\/div>\r\n\t\t\t\t\t\r\n\t\t\t\t\t<div class=\"news-content\">\r\n\t\t\t\t\t\t\t\t\t\t\t\t\t<div class=\"grid-date-post\">\r\n\t\t\t\t\t\t\t\t2026-03-09\t\t\t\t\t\t\t<\/div>\r\n\t\t\t\t\t\t\r\n\t\t\t\t\t\t<div class=\"post-content-text\">\r\n\t\t\t\t\t\t\t<h3 class=\"news-title\"><a href=\"https:\/\/www.silutesmuziejus.lt\/en\/news\/kaip-zmones-kuresi-naumiestyje-ir-ji-augino\/\" rel=\"bookmark\">Kaip \u017emon\u0117s k\u016br\u0117si Naumiestyje ir j\u012f augino<\/a><\/h3>\t\t\t\t\t\t\t\t<div class=\"news-content-excerpt\">\r\n\t\t\t\t\t\t\t\t\t\t\t\t\t\t\t\t\t\t\t<div class=\"news-short-content\">\r\n\t\t\t\t\t\t\t\t\t\t\tAnkstesniame ra\u0161inyje \u201eNaumies\u010dio paslaptis: kaip ir kada?\u201c buvo papasakota, kada ir kaip radosi dabartis \u017demai\u010di\u0173 Naumiestis. Tai buvo pirmoji istorijos apie \u0161io miestelio kilm\u0119 dalis. Suprantama, viso to neb\u016bt\u0173 be \u017emoni\u0173. Tad t\u0119sdami pasakojim\u0105, pa\u017ei\u016br\u0117kime \u012f jo gyventojus, j\u0173 atsiradim\u0105, kas i\u0161 esm\u0117s ir nul\u0117m\u0117 gana spar\u010di\u0105 miestelio pl\u0117tr\u0105 XVIII-XIX a.   \t\t\t\t\t\t\t\t\t\t<\/div>\r\n\t\t\t\t\t\t\t\t\t\t<a href=\"https:\/\/www.silutesmuziejus.lt\/en\/news\/kaip-zmones-kuresi-naumiestyje-ir-ji-augino\/\" class=\"news-more-link\">Read More<\/a>\r\n\t\t\t\t\t\t\t\t\t\t\t\t\t\t\t\t\t<\/div><!-- .entry-content -->\r\n\t\t\t\t\t\t\t\t\t\t\t\t\t<\/div>\r\n\t\t\t\t\t<\/div>\r\n\t\t\t\t<\/div><!-- #post-## -->\r\n\t\t\t<\/div><!-- #post-## -->\r\n\t\t\r\n\t\t\t<div id=\"post-24317\" class=\"news type-news wpnaw-blog-class has-date news-col-3\">\r\n\t\t\t\t<div class=\"news-inner-wrap-view news-clearfix\">\r\n\r\n\t\t\t\t\t\t\t\t\t\t<div class=\"news-thumb\">\r\n\t\t\t\t\t\t\t\t\t\t\t\t\t<div class=\"grid-news-thumb\">\r\n\t\t\t\t\t\t\t\t<a href=\"https:\/\/www.silutesmuziejus.lt\/en\/news\/naumiescio-paslaptis-kaip-ir-kada\/\"><img loading=\"lazy\" decoding=\"async\" width=\"670\" height=\"450\" src=\"https:\/\/www.silutesmuziejus.lt\/wp-content\/uploads\/2026\/03\/Virselis-aa.jpg\" class=\"attachment-medium_large size-medium_large wp-post-image\" alt=\"\" srcset=\"https:\/\/www.silutesmuziejus.lt\/wp-content\/uploads\/2026\/03\/Virselis-aa.jpg 670w, https:\/\/www.silutesmuziejus.lt\/wp-content\/uploads\/2026\/03\/Virselis-aa-300x201.jpg 300w, https:\/\/www.silutesmuziejus.lt\/wp-content\/uploads\/2026\/03\/Virselis-aa-18x12.jpg 18w\" sizes=\"(max-width: 670px) 100vw, 670px\" \/><\/a>\r\n\t\t\t\t\t\t\t<\/div>\r\n\t\t\t\t\t\t\t\t\t\t\t<\/div>\r\n\t\t\t\t\t\r\n\t\t\t\t\t<div class=\"news-content\">\r\n\t\t\t\t\t\t\t\t\t\t\t\t\t<div class=\"grid-date-post\">\r\n\t\t\t\t\t\t\t\t2026-03-04\t\t\t\t\t\t\t<\/div>\r\n\t\t\t\t\t\t\r\n\t\t\t\t\t\t<div class=\"post-content-text\">\r\n\t\t\t\t\t\t\t<h3 class=\"news-title\"><a href=\"https:\/\/www.silutesmuziejus.lt\/en\/news\/naumiescio-paslaptis-kaip-ir-kada\/\" rel=\"bookmark\">Naumies\u010dio paslaptis: kaip ir kada?<\/a><\/h3>\t\t\t\t\t\t\t\t<div class=\"news-content-excerpt\">\r\n\t\t\t\t\t\t\t\t\t\t\t\t\t\t\t\t\t\t\t<div class=\"news-short-content\">\r\n\t\t\t\t\t\t\t\t\t\t\tPrie\u0161 kur\u012f laik\u0105 straipsnyje \u201eKaip radosi naujas miestas sen\u0173 gyvenvie\u010di\u0173 apsuptyje\u201c buvo keliami  dabartinio \u017demai\u010di\u0173 Naumies\u010dio atsiradimo \u2013 kilm\u0117s \u2013 ir pavadinimo klausimai. Jie nat\u016braliai atsirado lyginant gyvenviet\u0119 su aplinkiniais miesteliais \u2013 ji \u201epasirodo gimsta\u201c gerokai v\u0117liau, nei kiti esantys netolimoje aplinkoje bei geografin\u0117je platumoje. \t\t\t\t\t\t\t\t\t\t<\/div>\r\n\t\t\t\t\t\t\t\t\t\t<a href=\"https:\/\/www.silutesmuziejus.lt\/en\/news\/naumiescio-paslaptis-kaip-ir-kada\/\" class=\"news-more-link\">Read More<\/a>\r\n\t\t\t\t\t\t\t\t\t\t\t\t\t\t\t\t\t<\/div><!-- .entry-content -->\r\n\t\t\t\t\t\t\t\t\t\t\t\t\t<\/div>\r\n\t\t\t\t\t<\/div>\r\n\t\t\t\t<\/div><!-- #post-## -->\r\n\t\t\t<\/div><!-- #post-## -->\r\n\t\t\r\n\t\t\t<div id=\"post-23014\" class=\"news type-news wpnaw-blog-class has-date news-col-3 wpnaw-last\">\r\n\t\t\t\t<div class=\"news-inner-wrap-view news-clearfix\">\r\n\r\n\t\t\t\t\t\t\t\t\t\t<div class=\"news-thumb\">\r\n\t\t\t\t\t\t\t\t\t\t\t\t\t<div class=\"grid-news-thumb\">\r\n\t\t\t\t\t\t\t\t<a href=\"https:\/\/www.silutesmuziejus.lt\/en\/news\/zemaiciu-naumiescio-gyventoju-migracija\/\"><img loading=\"lazy\" decoding=\"async\" width=\"768\" height=\"432\" src=\"https:\/\/www.silutesmuziejus.lt\/wp-content\/uploads\/2025\/11\/Viirs-Kuisio-namas-777x437-1-768x432.jpg\" class=\"attachment-medium_large size-medium_large wp-post-image\" alt=\"\" srcset=\"https:\/\/www.silutesmuziejus.lt\/wp-content\/uploads\/2025\/11\/Viirs-Kuisio-namas-777x437-1-768x432.jpg 768w, https:\/\/www.silutesmuziejus.lt\/wp-content\/uploads\/2025\/11\/Viirs-Kuisio-namas-777x437-1-300x169.jpg 300w, https:\/\/www.silutesmuziejus.lt\/wp-content\/uploads\/2025\/11\/Viirs-Kuisio-namas-777x437-1-18x10.jpg 18w, https:\/\/www.silutesmuziejus.lt\/wp-content\/uploads\/2025\/11\/Viirs-Kuisio-namas-777x437-1.jpg 777w\" sizes=\"(max-width: 768px) 100vw, 768px\" \/><\/a>\r\n\t\t\t\t\t\t\t<\/div>\r\n\t\t\t\t\t\t\t\t\t\t\t<\/div>\r\n\t\t\t\t\t\r\n\t\t\t\t\t<div class=\"news-content\">\r\n\t\t\t\t\t\t\t\t\t\t\t\t\t<div class=\"grid-date-post\">\r\n\t\t\t\t\t\t\t\t2025-11-20\t\t\t\t\t\t\t<\/div>\r\n\t\t\t\t\t\t\r\n\t\t\t\t\t\t<div class=\"post-content-text\">\r\n\t\t\t\t\t\t\t<h3 class=\"news-title\"><a href=\"https:\/\/www.silutesmuziejus.lt\/en\/news\/zemaiciu-naumiescio-gyventoju-migracija\/\" rel=\"bookmark\">\u017demai\u010di\u0173 Naumies\u010dio gyventoj\u0173 migracija<\/a><\/h3>\t\t\t\t\t\t\t\t<div class=\"news-content-excerpt\">\r\n\t\t\t\t\t\t\t\t\t\t\t\t\t\t\t\t\t\t\t<div class=\"news-short-content\">\r\n\t\t\t\t\t\t\t\t\t\t\tXIX a. pabaigoje ir XX a. prad\u017eioje \u017demai\u010di\u0173 Naumiestis atsid\u016br\u0117 istorini\u0173 virsm\u0173 kry\u017ekel\u0117je. Tai buvo pasienio miestelis, vos u\u017e trij\u0173 kilometr\u0173 nuo Ryt\u0173 Pr\u016bsijos. Per \u0161i\u0105 sien\u0105 jud\u0117jo ne tik prek\u0117s ar kontrabanda \u2013 \u010dia driek\u0117si vienas svarbiausi\u0173 emigracijos keli\u0173 i\u0161 \u017demaitijos \u012f Vakarus.\t\t\t\t\t\t\t\t\t\t<\/div>\r\n\t\t\t\t\t\t\t\t\t\t<a href=\"https:\/\/www.silutesmuziejus.lt\/en\/news\/zemaiciu-naumiescio-gyventoju-migracija\/\" class=\"news-more-link\">Read More<\/a>\r\n\t\t\t\t\t\t\t\t\t\t\t\t\t\t\t\t\t<\/div><!-- .entry-content -->\r\n\t\t\t\t\t\t\t\t\t\t\t\t\t<\/div>\r\n\t\t\t\t\t<\/div>\r\n\t\t\t\t<\/div><!-- #post-## -->\r\n\t\t\t<\/div><!-- #post-## -->\r\n\t\t\r\n\t\t\t<div id=\"post-23001\" class=\"news type-news wpnaw-blog-class has-date news-col-3 wpnaw-first\">\r\n\t\t\t\t<div class=\"news-inner-wrap-view news-clearfix\">\r\n\r\n\t\t\t\t\t\t\t\t\t\t<div class=\"news-thumb\">\r\n\t\t\t\t\t\t\t\t\t\t\t\t\t<div class=\"grid-news-thumb\">\r\n\t\t\t\t\t\t\t\t<a href=\"https:\/\/www.silutesmuziejus.lt\/en\/news\/gerimu-gamyba-ir-prekyba-siluteje-nuo-xvi-a-iki-xx-a-antrosios-puses\/\"><img loading=\"lazy\" decoding=\"async\" width=\"768\" height=\"694\" src=\"https:\/\/www.silutesmuziejus.lt\/wp-content\/uploads\/2025\/11\/Buvusiose-pagalbinese-patalpose-2023-m.-isikure-alaus-baras-\u201eJuodasis-briedis-768x694.jpg\" class=\"attachment-medium_large size-medium_large wp-post-image\" alt=\"\" srcset=\"https:\/\/www.silutesmuziejus.lt\/wp-content\/uploads\/2025\/11\/Buvusiose-pagalbinese-patalpose-2023-m.-isikure-alaus-baras-\u201eJuodasis-briedis-768x694.jpg 768w, https:\/\/www.silutesmuziejus.lt\/wp-content\/uploads\/2025\/11\/Buvusiose-pagalbinese-patalpose-2023-m.-isikure-alaus-baras-\u201eJuodasis-briedis-300x271.jpg 300w, https:\/\/www.silutesmuziejus.lt\/wp-content\/uploads\/2025\/11\/Buvusiose-pagalbinese-patalpose-2023-m.-isikure-alaus-baras-\u201eJuodasis-briedis-1024x925.jpg 1024w, https:\/\/www.silutesmuziejus.lt\/wp-content\/uploads\/2025\/11\/Buvusiose-pagalbinese-patalpose-2023-m.-isikure-alaus-baras-\u201eJuodasis-briedis-13x12.jpg 13w, https:\/\/www.silutesmuziejus.lt\/wp-content\/uploads\/2025\/11\/Buvusiose-pagalbinese-patalpose-2023-m.-isikure-alaus-baras-\u201eJuodasis-briedis.jpg 1200w\" sizes=\"(max-width: 768px) 100vw, 768px\" \/><\/a>\r\n\t\t\t\t\t\t\t<\/div>\r\n\t\t\t\t\t\t\t\t\t\t\t<\/div>\r\n\t\t\t\t\t\r\n\t\t\t\t\t<div class=\"news-content\">\r\n\t\t\t\t\t\t\t\t\t\t\t\t\t<div class=\"grid-date-post\">\r\n\t\t\t\t\t\t\t\t2025-11-19\t\t\t\t\t\t\t<\/div>\r\n\t\t\t\t\t\t\r\n\t\t\t\t\t\t<div class=\"post-content-text\">\r\n\t\t\t\t\t\t\t<h3 class=\"news-title\"><a href=\"https:\/\/www.silutesmuziejus.lt\/en\/news\/gerimu-gamyba-ir-prekyba-siluteje-nuo-xvi-a-iki-xx-a-antrosios-puses\/\" rel=\"bookmark\">G\u0117rim\u0173 gamyba ir prekyba \u0160ilut\u0117je nuo XVI a. iki XX a. antrosios pus\u0117s<\/a><\/h3>\t\t\t\t\t\t\t\t<div class=\"news-content-excerpt\">\r\n\t\t\t\t\t\t\t\t\t\t\t\t\t\t\t\t\t\t\t<div class=\"news-short-content\">\r\n\t\t\t\t\t\t\t\t\t\t\tMiesto istorij\u0105 galima pa\u017einti ne tik per svarbiausius istorinius \u012fvykius, \u017eymius \u017emones, architekt\u016br\u0105, bet ir per kasdienyb\u0119 \u2013 tai, kuo gyveno miestel\u0117nai, kokiais amatais, verslais ar veiklomis u\u017esi\u0117m\u0117, kuo prekiavo. Vienas i\u0161 toki\u0173 ma\u017eiau \u017einom\u0173, bet reik\u0161ming\u0173 \u0160ilut\u0117s istorijos aspekt\u0173 \u2013 vietin\u0117 g\u0117rim\u0173 gamyba. Mieste veik\u0117 limonado, mineralinio vandens (selterio) ir alaus fabrikai, kuriuos \u012fk\u016br\u0117 vietos verslininkai.\t\t\t\t\t\t\t\t\t\t<\/div>\r\n\t\t\t\t\t\t\t\t\t\t<a href=\"https:\/\/www.silutesmuziejus.lt\/en\/news\/gerimu-gamyba-ir-prekyba-siluteje-nuo-xvi-a-iki-xx-a-antrosios-puses\/\" class=\"news-more-link\">Read More<\/a>\r\n\t\t\t\t\t\t\t\t\t\t\t\t\t\t\t\t\t<\/div><!-- .entry-content -->\r\n\t\t\t\t\t\t\t\t\t\t\t\t\t<\/div>\r\n\t\t\t\t\t<\/div>\r\n\t\t\t\t<\/div><!-- #post-## -->\r\n\t\t\t<\/div><!-- #post-## -->\r\n\t\t\r\n\t\t\t<div id=\"post-22950\" class=\"news type-news wpnaw-blog-class has-date news-col-3\">\r\n\t\t\t\t<div class=\"news-inner-wrap-view news-clearfix\">\r\n\r\n\t\t\t\t\t\t\t\t\t\t<div class=\"news-thumb\">\r\n\t\t\t\t\t\t\t\t\t\t\t\t\t<div class=\"grid-news-thumb\">\r\n\t\t\t\t\t\t\t\t<a href=\"https:\/\/www.silutesmuziejus.lt\/en\/news\/emigracijos-banga-nuo-sveksnos-iki-amerikos-miestu\/\"><img loading=\"lazy\" decoding=\"async\" width=\"768\" height=\"497\" src=\"https:\/\/www.silutesmuziejus.lt\/wp-content\/uploads\/2025\/11\/4.-Garlaivis-Lituania-768x497.jpeg\" class=\"attachment-medium_large size-medium_large wp-post-image\" alt=\"\" srcset=\"https:\/\/www.silutesmuziejus.lt\/wp-content\/uploads\/2025\/11\/4.-Garlaivis-Lituania-768x497.jpeg 768w, https:\/\/www.silutesmuziejus.lt\/wp-content\/uploads\/2025\/11\/4.-Garlaivis-Lituania-300x194.jpeg 300w, https:\/\/www.silutesmuziejus.lt\/wp-content\/uploads\/2025\/11\/4.-Garlaivis-Lituania-1024x663.jpeg 1024w, https:\/\/www.silutesmuziejus.lt\/wp-content\/uploads\/2025\/11\/4.-Garlaivis-Lituania-18x12.jpeg 18w, https:\/\/www.silutesmuziejus.lt\/wp-content\/uploads\/2025\/11\/4.-Garlaivis-Lituania.jpeg 1200w\" sizes=\"(max-width: 768px) 100vw, 768px\" \/><\/a>\r\n\t\t\t\t\t\t\t<\/div>\r\n\t\t\t\t\t\t\t\t\t\t\t<\/div>\r\n\t\t\t\t\t\r\n\t\t\t\t\t<div class=\"news-content\">\r\n\t\t\t\t\t\t\t\t\t\t\t\t\t<div class=\"grid-date-post\">\r\n\t\t\t\t\t\t\t\t2025-11-19\t\t\t\t\t\t\t<\/div>\r\n\t\t\t\t\t\t\r\n\t\t\t\t\t\t<div class=\"post-content-text\">\r\n\t\t\t\t\t\t\t<h3 class=\"news-title\"><a href=\"https:\/\/www.silutesmuziejus.lt\/en\/news\/emigracijos-banga-nuo-sveksnos-iki-amerikos-miestu\/\" rel=\"bookmark\">EMIGRACIJOS BANGA: NUO \u0160V\u0116K\u0160NOS IKI AMERIKOS MIEST\u0172<\/a><\/h3>\t\t\t\t\t\t\t\t<div class=\"news-content-excerpt\">\r\n\t\t\t\t\t\t\t\t\t\t\t\t\t\t\t\t\t\t\t<div class=\"news-short-content\">\r\n\t\t\t\t\t\t\t\t\t\t\tPirmosios emigracijos bangos prad\u017ei\u0105 galima sieti su 1831 m. ir 1863 m. sukilimais, po kuri\u0173 daug gyventoj\u0173, o ypa\u010d dvasininkai ir smulkieji bajorai, buvo priversti palikti Lietuvos teritorij\u0105. Masin\u0117 emigracija prasid\u0117jo 1868 m., veikiant ekonominiams ir politiniams veiksniams. \t\t\t\t\t\t\t\t\t\t<\/div>\r\n\t\t\t\t\t\t\t\t\t\t<a href=\"https:\/\/www.silutesmuziejus.lt\/en\/news\/emigracijos-banga-nuo-sveksnos-iki-amerikos-miestu\/\" class=\"news-more-link\">Read More<\/a>\r\n\t\t\t\t\t\t\t\t\t\t\t\t\t\t\t\t\t<\/div><!-- .entry-content -->\r\n\t\t\t\t\t\t\t\t\t\t\t\t\t<\/div>\r\n\t\t\t\t\t<\/div>\r\n\t\t\t\t<\/div><!-- #post-## -->\r\n\t\t\t<\/div><!-- #post-## -->\r\n\t\t\r\n\t\t\t<div id=\"post-21384\" class=\"news type-news wpnaw-blog-class has-date news-col-3 wpnaw-last\">\r\n\t\t\t\t<div class=\"news-inner-wrap-view news-clearfix\">\r\n\r\n\t\t\t\t\t\t\t\t\t\t<div class=\"news-thumb\">\r\n\t\t\t\t\t\t\t\t\t\t\t\t\t<div class=\"grid-news-thumb\">\r\n\t\t\t\t\t\t\t\t<a href=\"https:\/\/www.silutesmuziejus.lt\/en\/news\/laikui-nepavaldi-h-ir-e-soju-muziejaus-etnografine-ekspozicija\/\"><img loading=\"lazy\" decoding=\"async\" width=\"768\" height=\"1024\" src=\"https:\/\/www.silutesmuziejus.lt\/wp-content\/uploads\/2025\/07\/H.-Sojus-Rubu-spinta-768x1024.jpg\" class=\"attachment-medium_large size-medium_large wp-post-image\" alt=\"\" srcset=\"https:\/\/www.silutesmuziejus.lt\/wp-content\/uploads\/2025\/07\/H.-Sojus-Rubu-spinta-768x1024.jpg 768w, https:\/\/www.silutesmuziejus.lt\/wp-content\/uploads\/2025\/07\/H.-Sojus-Rubu-spinta-225x300.jpg 225w, https:\/\/www.silutesmuziejus.lt\/wp-content\/uploads\/2025\/07\/H.-Sojus-Rubu-spinta-9x12.jpg 9w, https:\/\/www.silutesmuziejus.lt\/wp-content\/uploads\/2025\/07\/H.-Sojus-Rubu-spinta.jpg 817w\" sizes=\"(max-width: 768px) 100vw, 768px\" \/><\/a>\r\n\t\t\t\t\t\t\t<\/div>\r\n\t\t\t\t\t\t\t\t\t\t\t<\/div>\r\n\t\t\t\t\t\r\n\t\t\t\t\t<div class=\"news-content\">\r\n\t\t\t\t\t\t\t\t\t\t\t\t\t<div class=\"grid-date-post\">\r\n\t\t\t\t\t\t\t\t2025-07-03\t\t\t\t\t\t\t<\/div>\r\n\t\t\t\t\t\t\r\n\t\t\t\t\t\t<div class=\"post-content-text\">\r\n\t\t\t\t\t\t\t<h3 class=\"news-title\"><a href=\"https:\/\/www.silutesmuziejus.lt\/en\/news\/laikui-nepavaldi-h-ir-e-soju-muziejaus-etnografine-ekspozicija\/\" rel=\"bookmark\">Laikui nepavaldi H. ir E. \u0160oj\u0173 muziejaus etnografin\u0117 ekspozicija<\/a><\/h3>\t\t\t\t\t\t\t\t<div class=\"news-content-excerpt\">\r\n\t\t\t\t\t\t\t\t\t\t\t\t\t\t\t\t\t\t\t<div class=\"news-short-content\">\r\n\t\t\t\t\t\t\t\t\t\t\t\u0160ilut\u0117s rajono savivaldyb\u0117 2025-uosius metus paskelb\u0117  Hugo \u0160ojaus (Scheu) metais, nes \u0161iemet sukanka 180 met\u0173 nuo visuomen\u0117s ir kult\u016bros veik\u0117jo, dvarininko.\t\t\t\t\t\t\t\t\t\t<\/div>\r\n\t\t\t\t\t\t\t\t\t\t<a href=\"https:\/\/www.silutesmuziejus.lt\/en\/news\/laikui-nepavaldi-h-ir-e-soju-muziejaus-etnografine-ekspozicija\/\" class=\"news-more-link\">Read More<\/a>\r\n\t\t\t\t\t\t\t\t\t\t\t\t\t\t\t\t\t<\/div><!-- .entry-content -->\r\n\t\t\t\t\t\t\t\t\t\t\t\t\t<\/div>\r\n\t\t\t\t\t<\/div>\r\n\t\t\t\t<\/div><!-- #post-## -->\r\n\t\t\t<\/div><!-- #post-## -->\r\n\t\t\r\n\t\t\t<div id=\"post-21325\" class=\"news type-news wpnaw-blog-class has-date news-col-3 wpnaw-first\">\r\n\t\t\t\t<div class=\"news-inner-wrap-view news-clearfix\">\r\n\r\n\t\t\t\t\t\t\t\t\t\t<div class=\"news-thumb\">\r\n\t\t\t\t\t\t\t\t\t\t\t\t\t<div class=\"grid-news-thumb\">\r\n\t\t\t\t\t\t\t\t<a href=\"https:\/\/www.silutesmuziejus.lt\/en\/news\/paveldo-tiltas-sveksna-ir-kuldyga-jungia-istorija-ir-ateiti\/\"><img loading=\"lazy\" decoding=\"async\" width=\"768\" height=\"431\" src=\"https:\/\/www.silutesmuziejus.lt\/wp-content\/uploads\/2025\/07\/Sveksnos-sinagoga-1-768x431.jpg\" class=\"attachment-medium_large size-medium_large wp-post-image\" alt=\"\" srcset=\"https:\/\/www.silutesmuziejus.lt\/wp-content\/uploads\/2025\/07\/Sveksnos-sinagoga-1-768x431.jpg 768w, https:\/\/www.silutesmuziejus.lt\/wp-content\/uploads\/2025\/07\/Sveksnos-sinagoga-1-300x169.jpg 300w, https:\/\/www.silutesmuziejus.lt\/wp-content\/uploads\/2025\/07\/Sveksnos-sinagoga-1-1024x575.jpg 1024w, https:\/\/www.silutesmuziejus.lt\/wp-content\/uploads\/2025\/07\/Sveksnos-sinagoga-1-18x10.jpg 18w, https:\/\/www.silutesmuziejus.lt\/wp-content\/uploads\/2025\/07\/Sveksnos-sinagoga-1.jpg 1100w\" sizes=\"(max-width: 768px) 100vw, 768px\" \/><\/a>\r\n\t\t\t\t\t\t\t<\/div>\r\n\t\t\t\t\t\t\t\t\t\t\t<\/div>\r\n\t\t\t\t\t\r\n\t\t\t\t\t<div class=\"news-content\">\r\n\t\t\t\t\t\t\t\t\t\t\t\t\t<div class=\"grid-date-post\">\r\n\t\t\t\t\t\t\t\t2025-07-02\t\t\t\t\t\t\t<\/div>\r\n\t\t\t\t\t\t\r\n\t\t\t\t\t\t<div class=\"post-content-text\">\r\n\t\t\t\t\t\t\t<h3 class=\"news-title\"><a href=\"https:\/\/www.silutesmuziejus.lt\/en\/news\/paveldo-tiltas-sveksna-ir-kuldyga-jungia-istorija-ir-ateiti\/\" rel=\"bookmark\">PAVELDO TILTAS: \u0160V\u0116K\u0160NA IR KULDYGA JUNGIA ISTORIJ\u0104 IR ATEIT\u012e<\/a><\/h3>\t\t\t\t\t\t\t\t<div class=\"news-content-excerpt\">\r\n\t\t\t\t\t\t\t\t\t\t\t\t\t\t\t\t\t\t\t<div class=\"news-short-content\">\r\n\t\t\t\t\t\t\t\t\t\t\tNors \u0160v\u0117k\u0161n\u0105 ir Kuldyg\u0105 skiria apie 200 kilometr\u0173 ir valstybi\u0173 sienos, \u0161iuos du miestus sieja netik\u0117tai daug bendrum\u0173, tapusi\u0173 tvirto kult\u016brinio bendradarbiavimo pagrindu.\t\t\t\t\t\t\t\t\t\t<\/div>\r\n\t\t\t\t\t\t\t\t\t\t<a href=\"https:\/\/www.silutesmuziejus.lt\/en\/news\/paveldo-tiltas-sveksna-ir-kuldyga-jungia-istorija-ir-ateiti\/\" class=\"news-more-link\">Read More<\/a>\r\n\t\t\t\t\t\t\t\t\t\t\t\t\t\t\t\t\t<\/div><!-- .entry-content -->\r\n\t\t\t\t\t\t\t\t\t\t\t\t\t<\/div>\r\n\t\t\t\t\t<\/div>\r\n\t\t\t\t<\/div><!-- #post-## -->\r\n\t\t\t<\/div><!-- #post-## -->\r\n\t\t\r\n\t\t\t<div id=\"post-21094\" class=\"news type-news wpnaw-blog-class has-date news-col-3\">\r\n\t\t\t\t<div class=\"news-inner-wrap-view news-clearfix\">\r\n\r\n\t\t\t\t\t\t\t\t\t\t<div class=\"news-thumb\">\r\n\t\t\t\t\t\t\t\t\t\t\t\t\t<div class=\"grid-news-thumb\">\r\n\t\t\t\t\t\t\t\t<a href=\"https:\/\/www.silutesmuziejus.lt\/en\/news\/dvarininkas-h-sojus-krasto-kulturos-paveldo-saugotojas\/\"><img loading=\"lazy\" decoding=\"async\" width=\"768\" height=\"407\" src=\"https:\/\/www.silutesmuziejus.lt\/wp-content\/uploads\/2025\/05\/sojaus-6-1600x848-1-768x407.jpg\" class=\"attachment-medium_large size-medium_large wp-post-image\" alt=\"\" srcset=\"https:\/\/www.silutesmuziejus.lt\/wp-content\/uploads\/2025\/05\/sojaus-6-1600x848-1-768x407.jpg 768w, https:\/\/www.silutesmuziejus.lt\/wp-content\/uploads\/2025\/05\/sojaus-6-1600x848-1-300x159.jpg 300w, https:\/\/www.silutesmuziejus.lt\/wp-content\/uploads\/2025\/05\/sojaus-6-1600x848-1-1024x543.jpg 1024w, https:\/\/www.silutesmuziejus.lt\/wp-content\/uploads\/2025\/05\/sojaus-6-1600x848-1-1536x814.jpg 1536w, https:\/\/www.silutesmuziejus.lt\/wp-content\/uploads\/2025\/05\/sojaus-6-1600x848-1-18x10.jpg 18w, https:\/\/www.silutesmuziejus.lt\/wp-content\/uploads\/2025\/05\/sojaus-6-1600x848-1.jpg 1600w\" sizes=\"(max-width: 768px) 100vw, 768px\" \/><\/a>\r\n\t\t\t\t\t\t\t<\/div>\r\n\t\t\t\t\t\t\t\t\t\t\t<\/div>\r\n\t\t\t\t\t\r\n\t\t\t\t\t<div class=\"news-content\">\r\n\t\t\t\t\t\t\t\t\t\t\t\t\t<div class=\"grid-date-post\">\r\n\t\t\t\t\t\t\t\t2025-05-30\t\t\t\t\t\t\t<\/div>\r\n\t\t\t\t\t\t\r\n\t\t\t\t\t\t<div class=\"post-content-text\">\r\n\t\t\t\t\t\t\t<h3 class=\"news-title\"><a href=\"https:\/\/www.silutesmuziejus.lt\/en\/news\/dvarininkas-h-sojus-krasto-kulturos-paveldo-saugotojas\/\" rel=\"bookmark\">Dvarininkas H. \u0160ojus \u2013 kra\u0161to kult\u016bros paveldo saugotojas<\/a><\/h3>\t\t\t\t\t\t\t\t<div class=\"news-content-excerpt\">\r\n\t\t\t\t\t\t\t\t\t\t\t\t\t\t\t\t\t\t\t<div class=\"news-short-content\">\r\n\t\t\t\t\t\t\t\t\t\t\tXIX a. pabaigoje \u2013 XX a. prad\u017eioje Ma\u017eosios Lietuvos kra\u0161te brendo visuomeniniai ir kult\u016briniai poky\u010diai. Tai buvo laikotarpis, kai ne tik vyst\u0117si miestai ir infrastrukt\u016bra, bet ir formavosi tautin\u0117 savimon\u0117, stipr\u0117jo kult\u016briniai ry\u0161iai tarp vietos bendruomeni\u0173.\t\t\t\t\t\t\t\t\t\t<\/div>\r\n\t\t\t\t\t\t\t\t\t\t<a href=\"https:\/\/www.silutesmuziejus.lt\/en\/news\/dvarininkas-h-sojus-krasto-kulturos-paveldo-saugotojas\/\" class=\"news-more-link\">Read More<\/a>\r\n\t\t\t\t\t\t\t\t\t\t\t\t\t\t\t\t\t<\/div><!-- .entry-content -->\r\n\t\t\t\t\t\t\t\t\t\t\t\t\t<\/div>\r\n\t\t\t\t\t<\/div>\r\n\t\t\t\t<\/div><!-- #post-## -->\r\n\t\t\t<\/div><!-- #post-## -->\r\n\t\t\r\n\t\t\t<div id=\"post-20183\" class=\"news type-news wpnaw-blog-class has-date news-col-3 wpnaw-last\">\r\n\t\t\t\t<div class=\"news-inner-wrap-view news-clearfix\">\r\n\r\n\t\t\t\t\t\t\t\t\t\t<div class=\"news-thumb\">\r\n\t\t\t\t\t\t\t\t\t\t\t\t\t<div class=\"grid-news-thumb\">\r\n\t\t\t\t\t\t\t\t<a href=\"https:\/\/www.silutesmuziejus.lt\/en\/news\/dr-hugo-sojus-valdininkas-muziejininkas-visuomenes-ir-kulturos-veikejas\/\"><img loading=\"lazy\" decoding=\"async\" width=\"768\" height=\"560\" src=\"https:\/\/www.silutesmuziejus.lt\/wp-content\/uploads\/2025\/03\/8.-Dr.-H.-Sojaus-kabineto-ekspozicija-Silutes-Hugo-Sojaus-muziejuje-768x560.jpg\" class=\"attachment-medium_large size-medium_large wp-post-image\" alt=\"\" srcset=\"https:\/\/www.silutesmuziejus.lt\/wp-content\/uploads\/2025\/03\/8.-Dr.-H.-Sojaus-kabineto-ekspozicija-Silutes-Hugo-Sojaus-muziejuje-768x560.jpg 768w, https:\/\/www.silutesmuziejus.lt\/wp-content\/uploads\/2025\/03\/8.-Dr.-H.-Sojaus-kabineto-ekspozicija-Silutes-Hugo-Sojaus-muziejuje-300x219.jpg 300w, https:\/\/www.silutesmuziejus.lt\/wp-content\/uploads\/2025\/03\/8.-Dr.-H.-Sojaus-kabineto-ekspozicija-Silutes-Hugo-Sojaus-muziejuje-1024x747.jpg 1024w, https:\/\/www.silutesmuziejus.lt\/wp-content\/uploads\/2025\/03\/8.-Dr.-H.-Sojaus-kabineto-ekspozicija-Silutes-Hugo-Sojaus-muziejuje-16x12.jpg 16w, https:\/\/www.silutesmuziejus.lt\/wp-content\/uploads\/2025\/03\/8.-Dr.-H.-Sojaus-kabineto-ekspozicija-Silutes-Hugo-Sojaus-muziejuje.jpg 1300w\" sizes=\"(max-width: 768px) 100vw, 768px\" \/><\/a>\r\n\t\t\t\t\t\t\t<\/div>\r\n\t\t\t\t\t\t\t\t\t\t\t<\/div>\r\n\t\t\t\t\t\r\n\t\t\t\t\t<div class=\"news-content\">\r\n\t\t\t\t\t\t\t\t\t\t\t\t\t<div class=\"grid-date-post\">\r\n\t\t\t\t\t\t\t\t2025-03-26\t\t\t\t\t\t\t<\/div>\r\n\t\t\t\t\t\t\r\n\t\t\t\t\t\t<div class=\"post-content-text\">\r\n\t\t\t\t\t\t\t<h3 class=\"news-title\"><a href=\"https:\/\/www.silutesmuziejus.lt\/en\/news\/dr-hugo-sojus-valdininkas-muziejininkas-visuomenes-ir-kulturos-veikejas\/\" rel=\"bookmark\">DR. HUGO \u0160OJUS \u2013 VALDININKAS, MUZIEJININKAS, VISUOMEN\u0116S IR KULT\u016aROS VEIK\u0116JAS<\/a><\/h3>\t\t\t\t\t\t\t\t<div class=\"news-content-excerpt\">\r\n\t\t\t\t\t\t\t\t\t\t\t\t\t\t\t\t\t\t\t<div class=\"news-short-content\">\r\n\t\t\t\t\t\t\t\t\t\t\tXIX a. pab. \u2013 XX a. vid. \u0160ilut\u0117s miesto istorija neatsiejama nuo dvarininko, valstyb\u0117s tarnautojo, aktyvaus visuomen\u0117s ir kult\u016bros veik\u0117jo, mecenato bei pirmojo privataus muziejaus Klaip\u0117dos kra\u0161te \u012fk\u016br\u0117jo Hugo \u0160ojaus asmenyb\u0117s. Tai buvo pla\u010di\u0173 interes\u0173, energingas ir nepaprastai veiklus \u017emogus, palik\u0119s ry\u0161k\u0173 p\u0117dsak\u0105 kra\u0161to ekonominiame, kult\u016briniame ir socialiniame gyvenime. Jo iniciatyvos prisid\u0117jo prie \u0160ilut\u0117s miesto augimo, istorinio paveldo i\u0161saugojimo ir kult\u016bros puosel\u0117jimo.\t\t\t\t\t\t\t\t\t\t<\/div>\r\n\t\t\t\t\t\t\t\t\t\t<a href=\"https:\/\/www.silutesmuziejus.lt\/en\/news\/dr-hugo-sojus-valdininkas-muziejininkas-visuomenes-ir-kulturos-veikejas\/\" class=\"news-more-link\">Read More<\/a>\r\n\t\t\t\t\t\t\t\t\t\t\t\t\t\t\t\t\t<\/div><!-- .entry-content -->\r\n\t\t\t\t\t\t\t\t\t\t\t\t\t<\/div>\r\n\t\t\t\t\t<\/div>\r\n\t\t\t\t<\/div><!-- #post-## -->\r\n\t\t\t<\/div><!-- #post-## -->\r\n\t\t\r\n\t\t\t<div id=\"post-20261\" class=\"news type-news wpnaw-blog-class has-date news-col-3 wpnaw-first\">\r\n\t\t\t\t<div class=\"news-inner-wrap-view news-clearfix\">\r\n\r\n\t\t\t\t\t\t\t\t\t\t<div class=\"news-thumb\">\r\n\t\t\t\t\t\t\t\t\t\t\t\t\t<div class=\"grid-news-thumb\">\r\n\t\t\t\t\t\t\t\t<a href=\"https:\/\/www.silutesmuziejus.lt\/en\/news\/karaliaus-vilhelmo-kanalas-klaipedos-kanalas-vienintelis-dirbtinai-sukurtas-vandens-kelias-lietuvoje\/\"><img loading=\"lazy\" decoding=\"async\" width=\"768\" height=\"456\" src=\"https:\/\/www.silutesmuziejus.lt\/wp-content\/uploads\/2025\/03\/Intensyvi-laivya-kanale.-1930-1940-768x456.png\" class=\"attachment-medium_large size-medium_large wp-post-image\" alt=\"\" srcset=\"https:\/\/www.silutesmuziejus.lt\/wp-content\/uploads\/2025\/03\/Intensyvi-laivya-kanale.-1930-1940-768x456.png 768w, https:\/\/www.silutesmuziejus.lt\/wp-content\/uploads\/2025\/03\/Intensyvi-laivya-kanale.-1930-1940-300x178.png 300w, https:\/\/www.silutesmuziejus.lt\/wp-content\/uploads\/2025\/03\/Intensyvi-laivya-kanale.-1930-1940-18x12.png 18w, https:\/\/www.silutesmuziejus.lt\/wp-content\/uploads\/2025\/03\/Intensyvi-laivya-kanale.-1930-1940.png 1000w\" sizes=\"(max-width: 768px) 100vw, 768px\" \/><\/a>\r\n\t\t\t\t\t\t\t<\/div>\r\n\t\t\t\t\t\t\t\t\t\t\t<\/div>\r\n\t\t\t\t\t\r\n\t\t\t\t\t<div class=\"news-content\">\r\n\t\t\t\t\t\t\t\t\t\t\t\t\t<div class=\"grid-date-post\">\r\n\t\t\t\t\t\t\t\t2025-03-26\t\t\t\t\t\t\t<\/div>\r\n\t\t\t\t\t\t\r\n\t\t\t\t\t\t<div class=\"post-content-text\">\r\n\t\t\t\t\t\t\t<h3 class=\"news-title\"><a href=\"https:\/\/www.silutesmuziejus.lt\/en\/news\/karaliaus-vilhelmo-kanalas-klaipedos-kanalas-vienintelis-dirbtinai-sukurtas-vandens-kelias-lietuvoje\/\" rel=\"bookmark\">Karaliaus Vilhelmo kanalas<\/a><\/h3>\t\t\t\t\t\t\t\t<div class=\"news-content-excerpt\">\r\n\t\t\t\t\t\t\t\t\t\t\t\t\t\t\t\t\t\t\t<div class=\"news-short-content\">\r\n\t\t\t\t\t\t\t\t\t\t\tKaraliaus Vilhelmo kanalas, Klaip\u0117dos kanalas, vienintelis dirbtinai sukurtas vandens kelias Lietuvoje, Klaip\u0117dos ir \u0160ilut\u0117s rajono savivaldyb\u0117s teritorijoje. Kelias jungia Minij\u0105 su Kur\u0161i\u0173 mariomis. Ilgis 24 km, plotis 22\u201330 m, gylis 2,3\u20133,6 m. Prasideda 18 km nuo Minijos \u017eio\u010di\u0173, ties Lankupiais. Eina \u012f \u0161iaur\u0117s vakarus. Baigiasi Malk\u0173 \u012flankoje, Klaip\u0117dos pietiniame pakra\u0161tyje . Klaip\u0117dos kanal\u0105 papild\u0117 sureguliuotas Minijos \u017eemupys (i\u0161tiesinti up\u0117s vingiai, protaka \u012f Atmat\u0105 ir kita) .\t\t\t\t\t\t\t\t\t\t<\/div>\r\n\t\t\t\t\t\t\t\t\t\t<a href=\"https:\/\/www.silutesmuziejus.lt\/en\/news\/karaliaus-vilhelmo-kanalas-klaipedos-kanalas-vienintelis-dirbtinai-sukurtas-vandens-kelias-lietuvoje\/\" class=\"news-more-link\">Read More<\/a>\r\n\t\t\t\t\t\t\t\t\t\t\t\t\t\t\t\t\t<\/div><!-- .entry-content -->\r\n\t\t\t\t\t\t\t\t\t\t\t\t\t<\/div>\r\n\t\t\t\t\t<\/div>\r\n\t\t\t\t<\/div><!-- #post-## -->\r\n\t\t\t<\/div><!-- #post-## -->\r\n\t\t\r\n\t\t\t<div id=\"post-19934\" class=\"news type-news wpnaw-blog-class has-date news-col-3\">\r\n\t\t\t\t<div class=\"news-inner-wrap-view news-clearfix\">\r\n\r\n\t\t\t\t\t\t\t\t\t\t<div class=\"news-thumb\">\r\n\t\t\t\t\t\t\t\t\t\t\t\t\t<div class=\"grid-news-thumb\">\r\n\t\t\t\t\t\t\t\t<a href=\"https:\/\/www.silutesmuziejus.lt\/en\/news\/juozas-karvelis-1934-04-18-2018-04-12\/\"><img loading=\"lazy\" decoding=\"async\" width=\"768\" height=\"513\" src=\"https:\/\/www.silutesmuziejus.lt\/wp-content\/uploads\/2025\/03\/1995-Vidurzemio-jura-768x513.jpg\" class=\"attachment-medium_large size-medium_large wp-post-image\" alt=\"\" srcset=\"https:\/\/www.silutesmuziejus.lt\/wp-content\/uploads\/2025\/03\/1995-Vidurzemio-jura-768x513.jpg 768w, https:\/\/www.silutesmuziejus.lt\/wp-content\/uploads\/2025\/03\/1995-Vidurzemio-jura-300x200.jpg 300w, https:\/\/www.silutesmuziejus.lt\/wp-content\/uploads\/2025\/03\/1995-Vidurzemio-jura-1024x684.jpg 1024w, https:\/\/www.silutesmuziejus.lt\/wp-content\/uploads\/2025\/03\/1995-Vidurzemio-jura-18x12.jpg 18w, https:\/\/www.silutesmuziejus.lt\/wp-content\/uploads\/2025\/03\/1995-Vidurzemio-jura.jpg 1180w\" sizes=\"(max-width: 768px) 100vw, 768px\" \/><\/a>\r\n\t\t\t\t\t\t\t<\/div>\r\n\t\t\t\t\t\t\t\t\t\t\t<\/div>\r\n\t\t\t\t\t\r\n\t\t\t\t\t<div class=\"news-content\">\r\n\t\t\t\t\t\t\t\t\t\t\t\t\t<div class=\"grid-date-post\">\r\n\t\t\t\t\t\t\t\t2025-03-10\t\t\t\t\t\t\t<\/div>\r\n\t\t\t\t\t\t\r\n\t\t\t\t\t\t<div class=\"post-content-text\">\r\n\t\t\t\t\t\t\t<h3 class=\"news-title\"><a href=\"https:\/\/www.silutesmuziejus.lt\/en\/news\/juozas-karvelis-1934-04-18-2018-04-12\/\" rel=\"bookmark\">JUOZAS KARVELIS (1934-04-18 \u2013 2018-04-12)<\/a><\/h3>\t\t\t\t\t\t\t\t<div class=\"news-content-excerpt\">\r\n\t\t\t\t\t\t\t\t\t\t\t\t\t\t\t\t\t\t\t<div class=\"news-short-content\">\r\n\t\t\t\t\t\t\t\t\t\t\t\u0160i\u0173 met\u0173 kovo 11-\u0105j\u0105 Lietuva \u0161v\u0119s 35-erius Nepriklausomyb\u0117s metus. Lietuvos Nepriklausomyb\u0117s Akto signatarais vadinami ne visi Lietuvos Respublikos Auk\u0161\u010diausiosios Tarybos deputatai, o tik tie, kurie 1990 m. kovo 11-\u0105j\u0105 vardinio balsavimo metu \u201eD\u0117l Lietuvos nepriklausomos valstyb\u0117s atstatymo\u201c \t\t\t\t\t\t\t\t\t\t<\/div>\r\n\t\t\t\t\t\t\t\t\t\t<a href=\"https:\/\/www.silutesmuziejus.lt\/en\/news\/juozas-karvelis-1934-04-18-2018-04-12\/\" class=\"news-more-link\">Read More<\/a>\r\n\t\t\t\t\t\t\t\t\t\t\t\t\t\t\t\t\t<\/div><!-- .entry-content -->\r\n\t\t\t\t\t\t\t\t\t\t\t\t\t<\/div>\r\n\t\t\t\t\t<\/div>\r\n\t\t\t\t<\/div><!-- #post-## -->\r\n\t\t\t<\/div><!-- #post-## -->\r\n\t\t\r\n\t\t\t<div id=\"post-19833\" class=\"news type-news wpnaw-blog-class has-date news-col-3 wpnaw-last\">\r\n\t\t\t\t<div class=\"news-inner-wrap-view news-clearfix\">\r\n\r\n\t\t\t\t\t\t\t\t\t\t<div class=\"news-thumb\">\r\n\t\t\t\t\t\t\t\t\t\t\t\t\t<div class=\"grid-news-thumb\">\r\n\t\t\t\t\t\t\t\t<a href=\"https:\/\/www.silutesmuziejus.lt\/en\/news\/kaip-zuvo-savanoris-naumiestiskis-rabinzonas-leizeris\/\"><img loading=\"lazy\" decoding=\"async\" width=\"768\" height=\"432\" src=\"https:\/\/www.silutesmuziejus.lt\/wp-content\/uploads\/2025\/02\/Virselis-800-768x432.jpg\" class=\"attachment-medium_large size-medium_large wp-post-image\" alt=\"\" srcset=\"https:\/\/www.silutesmuziejus.lt\/wp-content\/uploads\/2025\/02\/Virselis-800-768x432.jpg 768w, https:\/\/www.silutesmuziejus.lt\/wp-content\/uploads\/2025\/02\/Virselis-800-300x169.jpg 300w, https:\/\/www.silutesmuziejus.lt\/wp-content\/uploads\/2025\/02\/Virselis-800-18x10.jpg 18w, https:\/\/www.silutesmuziejus.lt\/wp-content\/uploads\/2025\/02\/Virselis-800.jpg 800w\" sizes=\"(max-width: 768px) 100vw, 768px\" \/><\/a>\r\n\t\t\t\t\t\t\t<\/div>\r\n\t\t\t\t\t\t\t\t\t\t\t<\/div>\r\n\t\t\t\t\t\r\n\t\t\t\t\t<div class=\"news-content\">\r\n\t\t\t\t\t\t\t\t\t\t\t\t\t<div class=\"grid-date-post\">\r\n\t\t\t\t\t\t\t\t2025-02-19\t\t\t\t\t\t\t<\/div>\r\n\t\t\t\t\t\t\r\n\t\t\t\t\t\t<div class=\"post-content-text\">\r\n\t\t\t\t\t\t\t<h3 class=\"news-title\"><a href=\"https:\/\/www.silutesmuziejus.lt\/en\/news\/kaip-zuvo-savanoris-naumiestiskis-rabinzonas-leizeris\/\" rel=\"bookmark\">Kaip \u017euvo savanoris naumiesti\u0161kis Rabinzonas Leizeris<\/a><\/h3>\t\t\t\t\t\t\t\t<div class=\"news-content-excerpt\">\r\n\t\t\t\t\t\t\t\t\t\t\t\t\t\t\t\t\t\t\t<div class=\"news-short-content\">\r\n\t\t\t\t\t\t\t\t\t\t\tPrie\u0161 pra\u0117jusi\u0173 met\u0173 vasario 16-t\u0105 \u2013 Lietuvos valstyb\u0117s atk\u016brimo dien\u0105 \u2013 buvo paskelbtas pasakojimas apie Liudvik\u0105 Stank\u0173, apie vien\u0105 i\u0161 esan\u010di\u0173 tame s\u0105ra\u0161e. Jame pamin\u0117ta tik\u0117tina jo Am\u017eino poilsio vieta Gardamo kapin\u0117se. \u0160iais metais galima prisiminti kit\u0105 i\u0161 min\u0117tame paminkle \u012fra\u0161yt\u0173j\u0173 Am\u017einos \u0161lov\u0117s s\u0105ra\u0161o.\t\t\t\t\t\t\t\t\t\t<\/div>\r\n\t\t\t\t\t\t\t\t\t\t<a href=\"https:\/\/www.silutesmuziejus.lt\/en\/news\/kaip-zuvo-savanoris-naumiestiskis-rabinzonas-leizeris\/\" class=\"news-more-link\">Read More<\/a>\r\n\t\t\t\t\t\t\t\t\t\t\t\t\t\t\t\t\t<\/div><!-- .entry-content -->\r\n\t\t\t\t\t\t\t\t\t\t\t\t\t<\/div>\r\n\t\t\t\t\t<\/div>\r\n\t\t\t\t<\/div><!-- #post-## -->\r\n\t\t\t<\/div><!-- #post-## -->\r\n\t\t\r\n\t\t\t<div id=\"post-19326\" class=\"news type-news wpnaw-blog-class has-date news-col-3 wpnaw-first\">\r\n\t\t\t\t<div class=\"news-inner-wrap-view news-clearfix\">\r\n\r\n\t\t\t\t\t\t\t\t\t\t<div class=\"news-thumb\">\r\n\t\t\t\t\t\t\t\t\t\t\t\t\t<div class=\"grid-news-thumb\">\r\n\t\t\t\t\t\t\t\t<a href=\"https:\/\/www.silutesmuziejus.lt\/en\/news\/xix-a-vilniaus-grozis-viliojo-to-meto-fotografus\/\"><img loading=\"lazy\" decoding=\"async\" width=\"768\" height=\"432\" src=\"https:\/\/www.silutesmuziejus.lt\/wp-content\/uploads\/2024\/11\/Virs_Silain-777x437-1-768x432.jpg\" class=\"attachment-medium_large size-medium_large wp-post-image\" alt=\"\" srcset=\"https:\/\/www.silutesmuziejus.lt\/wp-content\/uploads\/2024\/11\/Virs_Silain-777x437-1-768x432.jpg 768w, https:\/\/www.silutesmuziejus.lt\/wp-content\/uploads\/2024\/11\/Virs_Silain-777x437-1-300x169.jpg 300w, https:\/\/www.silutesmuziejus.lt\/wp-content\/uploads\/2024\/11\/Virs_Silain-777x437-1-18x10.jpg 18w, https:\/\/www.silutesmuziejus.lt\/wp-content\/uploads\/2024\/11\/Virs_Silain-777x437-1.jpg 777w\" sizes=\"(max-width: 768px) 100vw, 768px\" \/><\/a>\r\n\t\t\t\t\t\t\t<\/div>\r\n\t\t\t\t\t\t\t\t\t\t\t<\/div>\r\n\t\t\t\t\t\r\n\t\t\t\t\t<div class=\"news-content\">\r\n\t\t\t\t\t\t\t\t\t\t\t\t\t<div class=\"grid-date-post\">\r\n\t\t\t\t\t\t\t\t2024-11-11\t\t\t\t\t\t\t<\/div>\r\n\t\t\t\t\t\t\r\n\t\t\t\t\t\t<div class=\"post-content-text\">\r\n\t\t\t\t\t\t\t<h3 class=\"news-title\"><a href=\"https:\/\/www.silutesmuziejus.lt\/en\/news\/xix-a-vilniaus-grozis-viliojo-to-meto-fotografus\/\" rel=\"bookmark\">XIX a. Vilniaus gro\u017eis viliojo to meto fotografus\u00a0<\/a><\/h3>\t\t\t\t\t\t\t\t<div class=\"news-content-excerpt\">\r\n\t\t\t\t\t\t\t\t\t\t\t\t\t\t\t\t\t\t\t<div class=\"news-short-content\">\r\n\t\t\t\t\t\t\t\t\t\t\t\u0160ilut\u0117s H. \u0160ojaus muziejus i\u0161 Lietuvos kult\u016bros tarybos gavo finansavim\u0105 projektui \u201eK. Brandelio 1875 m. Vilniaus nuotrauk\u0173 rinkinio \u201eSouvenir de Vilna\u201c vie\u0161inimas \u2013 leidyba ir paskaitos\u201c ir rengia spaudai \u0161\u012f ledin\u012f.\t\t\t\t\t\t\t\t\t\t<\/div>\r\n\t\t\t\t\t\t\t\t\t\t<a href=\"https:\/\/www.silutesmuziejus.lt\/en\/news\/xix-a-vilniaus-grozis-viliojo-to-meto-fotografus\/\" class=\"news-more-link\">Read More<\/a>\r\n\t\t\t\t\t\t\t\t\t\t\t\t\t\t\t\t\t<\/div><!-- .entry-content -->\r\n\t\t\t\t\t\t\t\t\t\t\t\t\t<\/div>\r\n\t\t\t\t\t<\/div>\r\n\t\t\t\t<\/div><!-- #post-## -->\r\n\t\t\t<\/div><!-- #post-## -->\r\n\t\t\r\n\t\t\t<div id=\"post-19300\" class=\"news type-news wpnaw-blog-class has-date news-col-3\">\r\n\t\t\t\t<div class=\"news-inner-wrap-view news-clearfix\">\r\n\r\n\t\t\t\t\t\t\t\t\t\t<div class=\"news-thumb\">\r\n\t\t\t\t\t\t\t\t\t\t\t\t\t<div class=\"grid-news-thumb\">\r\n\t\t\t\t\t\t\t\t<a href=\"https:\/\/www.silutesmuziejus.lt\/en\/news\/kas-jis-k-brandelis-nuotrauku-rinkinio-souvenir-de-vilna-autorius\/\"><img loading=\"lazy\" decoding=\"async\" width=\"768\" height=\"432\" src=\"https:\/\/www.silutesmuziejus.lt\/wp-content\/uploads\/2024\/11\/vir-elis-2-777x437-1-768x432.jpg\" class=\"attachment-medium_large size-medium_large wp-post-image\" alt=\"\" srcset=\"https:\/\/www.silutesmuziejus.lt\/wp-content\/uploads\/2024\/11\/vir-elis-2-777x437-1-768x432.jpg 768w, https:\/\/www.silutesmuziejus.lt\/wp-content\/uploads\/2024\/11\/vir-elis-2-777x437-1-300x169.jpg 300w, https:\/\/www.silutesmuziejus.lt\/wp-content\/uploads\/2024\/11\/vir-elis-2-777x437-1-18x10.jpg 18w, https:\/\/www.silutesmuziejus.lt\/wp-content\/uploads\/2024\/11\/vir-elis-2-777x437-1.jpg 777w\" sizes=\"(max-width: 768px) 100vw, 768px\" \/><\/a>\r\n\t\t\t\t\t\t\t<\/div>\r\n\t\t\t\t\t\t\t\t\t\t\t<\/div>\r\n\t\t\t\t\t\r\n\t\t\t\t\t<div class=\"news-content\">\r\n\t\t\t\t\t\t\t\t\t\t\t\t\t<div class=\"grid-date-post\">\r\n\t\t\t\t\t\t\t\t2024-11-07\t\t\t\t\t\t\t<\/div>\r\n\t\t\t\t\t\t\r\n\t\t\t\t\t\t<div class=\"post-content-text\">\r\n\t\t\t\t\t\t\t<h3 class=\"news-title\"><a href=\"https:\/\/www.silutesmuziejus.lt\/en\/news\/kas-jis-k-brandelis-nuotrauku-rinkinio-souvenir-de-vilna-autorius\/\" rel=\"bookmark\">Kas jis K. Brandelis, nuotrauk\u0173 rinkinio \u201eSouvenir de Vilna\u201c autorius?<\/a><\/h3>\t\t\t\t\t\t\t\t<div class=\"news-content-excerpt\">\r\n\t\t\t\t\t\t\t\t\t\t\t\t\t\t\t\t\t\t\t<div class=\"news-short-content\">\r\n\t\t\t\t\t\t\t\t\t\t\tJau buvo skelbta, kad \u0160ilut\u0117s H. \u0160ojaus muziejus i\u0161 Lietuvos kult\u016bros tarybos gavo finansavim\u0105 projektui \u201eK. Brandelio 1875 m. Vilniaus nuotrauk\u0173 rinkinio \u201eSouvenir de Vilna\u201c vie\u0161inimas \u2013 leidyba ir paskaitos\u201c ir rengia spaudai \u0161\u012f ledin\u012f.\n\n\t\t\t\t\t\t\t\t\t\t<\/div>\r\n\t\t\t\t\t\t\t\t\t\t<a href=\"https:\/\/www.silutesmuziejus.lt\/en\/news\/kas-jis-k-brandelis-nuotrauku-rinkinio-souvenir-de-vilna-autorius\/\" class=\"news-more-link\">Read More<\/a>\r\n\t\t\t\t\t\t\t\t\t\t\t\t\t\t\t\t\t<\/div><!-- .entry-content -->\r\n\t\t\t\t\t\t\t\t\t\t\t\t\t<\/div>\r\n\t\t\t\t\t<\/div>\r\n\t\t\t\t<\/div><!-- #post-## -->\r\n\t\t\t<\/div><!-- #post-## -->\r\n\t\t\r\n\t\t\t<div id=\"post-19296\" class=\"news type-news wpnaw-blog-class has-date news-col-3 wpnaw-last\">\r\n\t\t\t\t<div class=\"news-inner-wrap-view news-clearfix\">\r\n\r\n\t\t\t\t\t\t\t\t\t\t<div class=\"news-thumb\">\r\n\t\t\t\t\t\t\t\t\t\t\t\t\t<div class=\"grid-news-thumb\">\r\n\t\t\t\t\t\t\t\t<a href=\"https:\/\/www.silutesmuziejus.lt\/en\/news\/kaip-vilniu-ir-silute-sieja-fotografiju-albumas-souvenir-de-vilna-i-dalis\/\"><img loading=\"lazy\" decoding=\"async\" width=\"768\" height=\"432\" src=\"https:\/\/www.silutesmuziejus.lt\/wp-content\/uploads\/2024\/11\/Albumo-vir-elis-777x437-1-768x432.jpg\" class=\"attachment-medium_large size-medium_large wp-post-image\" alt=\"\" srcset=\"https:\/\/www.silutesmuziejus.lt\/wp-content\/uploads\/2024\/11\/Albumo-vir-elis-777x437-1-768x432.jpg 768w, https:\/\/www.silutesmuziejus.lt\/wp-content\/uploads\/2024\/11\/Albumo-vir-elis-777x437-1-300x169.jpg 300w, https:\/\/www.silutesmuziejus.lt\/wp-content\/uploads\/2024\/11\/Albumo-vir-elis-777x437-1-18x10.jpg 18w, https:\/\/www.silutesmuziejus.lt\/wp-content\/uploads\/2024\/11\/Albumo-vir-elis-777x437-1.jpg 777w\" sizes=\"(max-width: 768px) 100vw, 768px\" \/><\/a>\r\n\t\t\t\t\t\t\t<\/div>\r\n\t\t\t\t\t\t\t\t\t\t\t<\/div>\r\n\t\t\t\t\t\r\n\t\t\t\t\t<div class=\"news-content\">\r\n\t\t\t\t\t\t\t\t\t\t\t\t\t<div class=\"grid-date-post\">\r\n\t\t\t\t\t\t\t\t2024-11-07\t\t\t\t\t\t\t<\/div>\r\n\t\t\t\t\t\t\r\n\t\t\t\t\t\t<div class=\"post-content-text\">\r\n\t\t\t\t\t\t\t<h3 class=\"news-title\"><a href=\"https:\/\/www.silutesmuziejus.lt\/en\/news\/kaip-vilniu-ir-silute-sieja-fotografiju-albumas-souvenir-de-vilna-i-dalis\/\" rel=\"bookmark\">Kaip Vilni\u0173 ir \u0160ilut\u0119 sieja fotografij\u0173 albumas \u201eSouvenir de Vilna\u201c. I dalis<\/a><\/h3>\t\t\t\t\t\t\t\t<div class=\"news-content-excerpt\">\r\n\t\t\t\t\t\t\t\t\t\t\t\t\t\t\t\t\t\t\t<div class=\"news-short-content\">\r\n\t\t\t\t\t\t\t\t\t\t\tNe vienas yra gird\u0117j\u0119s, kad \u0160ilut\u0117s H. \u0160ojaus muziejuje saugoma daug unikali\u0173 eksponat\u0173. T\u0119sdami dvarininko Hugo \u0160ojaus prad\u0117tas tradicijas, muziejininkai did\u017eiausi\u0105 d\u0117mes\u012f skiria \u0161i\u0173 viet\u0173 praeit\u012f liudijantiems daiktams. Jie vienaip ar kitaip pasakoja apie Ma\u017eosios Lietuvos, ar kiek pla\u010diau, \u2013 Ryt\u0173 Pr\u016bsijos praeit\u012f. \t\t\t\t\t\t\t\t\t\t<\/div>\r\n\t\t\t\t\t\t\t\t\t\t<a href=\"https:\/\/www.silutesmuziejus.lt\/en\/news\/kaip-vilniu-ir-silute-sieja-fotografiju-albumas-souvenir-de-vilna-i-dalis\/\" class=\"news-more-link\">Read More<\/a>\r\n\t\t\t\t\t\t\t\t\t\t\t\t\t\t\t\t\t<\/div><!-- .entry-content -->\r\n\t\t\t\t\t\t\t\t\t\t\t\t\t<\/div>\r\n\t\t\t\t\t<\/div>\r\n\t\t\t\t<\/div><!-- #post-## -->\r\n\t\t\t<\/div><!-- #post-## -->\r\n\t\t\r\n\t\t\t<div id=\"post-19087\" class=\"news type-news wpnaw-blog-class has-date news-col-3 wpnaw-first\">\r\n\t\t\t\t<div class=\"news-inner-wrap-view news-clearfix\">\r\n\r\n\t\t\t\t\t\t\t\t\t\t<div class=\"news-thumb\">\r\n\t\t\t\t\t\t\t\t\t\t\t\t\t<div class=\"grid-news-thumb\">\r\n\t\t\t\t\t\t\t\t<a href=\"https:\/\/www.silutesmuziejus.lt\/en\/news\/fotografiju-paroda-zivai-nepamirsti-ii-dalis\/\"><img loading=\"lazy\" decoding=\"async\" width=\"768\" height=\"560\" src=\"https:\/\/www.silutesmuziejus.lt\/wp-content\/uploads\/2024\/10\/zivai_visual2-768x560.jpg\" class=\"attachment-medium_large size-medium_large wp-post-image\" alt=\"\" srcset=\"https:\/\/www.silutesmuziejus.lt\/wp-content\/uploads\/2024\/10\/zivai_visual2-768x560.jpg 768w, https:\/\/www.silutesmuziejus.lt\/wp-content\/uploads\/2024\/10\/zivai_visual2-300x219.jpg 300w, https:\/\/www.silutesmuziejus.lt\/wp-content\/uploads\/2024\/10\/zivai_visual2-1024x747.jpg 1024w, https:\/\/www.silutesmuziejus.lt\/wp-content\/uploads\/2024\/10\/zivai_visual2-16x12.jpg 16w, https:\/\/www.silutesmuziejus.lt\/wp-content\/uploads\/2024\/10\/zivai_visual2.jpg 1200w\" sizes=\"(max-width: 768px) 100vw, 768px\" \/><\/a>\r\n\t\t\t\t\t\t\t<\/div>\r\n\t\t\t\t\t\t\t\t\t\t\t<\/div>\r\n\t\t\t\t\t\r\n\t\t\t\t\t<div class=\"news-content\">\r\n\t\t\t\t\t\t\t\t\t\t\t\t\t<div class=\"grid-date-post\">\r\n\t\t\t\t\t\t\t\t2024-10-10\t\t\t\t\t\t\t<\/div>\r\n\t\t\t\t\t\t\r\n\t\t\t\t\t\t<div class=\"post-content-text\">\r\n\t\t\t\t\t\t\t<h3 class=\"news-title\"><a href=\"https:\/\/www.silutesmuziejus.lt\/en\/news\/fotografiju-paroda-zivai-nepamirsti-ii-dalis\/\" rel=\"bookmark\">FOTOGRAFIJ\u0172 PARODA \u201eZIVAI. NEPAMIR\u0160TI\u201c (II dalis).<\/a><\/h3>\t\t\t\t\t\t\t\t<div class=\"news-content-excerpt\">\r\n\t\t\t\t\t\t\t\t\t\t\t\t\t\t\t\t\t\t\t<div class=\"news-short-content\">\r\n\t\t\t\t\t\t\t\t\t\t\tAnks\u010diau ra\u0161\u0117me, kad \u0160ilut\u0117s Hugo \u0160ojaus muziejaus \u0160v\u0117k\u0161nos ekspozicija \u012fgyvendina projekt\u0105 \u201eZIVAI. NEPAMIR\u0160TI\u201c, kuriuo siekiama parodyti, kad \u0160v\u0117k\u0161noje iki Antrojo pasaulinio karo gyveno gausi \u017eyd\u0173 bendruomen\u0117, k\u016brusi ir k\u0117lusi miestelio ekonomin\u0119, socialin\u0119 ir kult\u016brin\u0119 vert\u0119.\t\t\t\t\t\t\t\t\t\t<\/div>\r\n\t\t\t\t\t\t\t\t\t\t<a href=\"https:\/\/www.silutesmuziejus.lt\/en\/news\/fotografiju-paroda-zivai-nepamirsti-ii-dalis\/\" class=\"news-more-link\">Read More<\/a>\r\n\t\t\t\t\t\t\t\t\t\t\t\t\t\t\t\t\t<\/div><!-- .entry-content -->\r\n\t\t\t\t\t\t\t\t\t\t\t\t\t<\/div>\r\n\t\t\t\t\t<\/div>\r\n\t\t\t\t<\/div><!-- #post-## -->\r\n\t\t\t<\/div><!-- #post-## -->\r\n\t\t\r\n\t\t\t<div id=\"post-18895\" class=\"news type-news wpnaw-blog-class has-date news-col-3\">\r\n\t\t\t\t<div class=\"news-inner-wrap-view news-clearfix\">\r\n\r\n\t\t\t\t\t\t\t\t\t\t<div class=\"news-thumb\">\r\n\t\t\t\t\t\t\t\t\t\t\t\t\t<div class=\"grid-news-thumb\">\r\n\t\t\t\t\t\t\t\t<a href=\"https:\/\/www.silutesmuziejus.lt\/en\/news\/mykolas-rionikeris-ir-zemaiciu-naumiestis\/\"><img loading=\"lazy\" decoding=\"async\" width=\"768\" height=\"432\" src=\"https:\/\/www.silutesmuziejus.lt\/wp-content\/uploads\/2024\/09\/Virs_roniker-777x437-1-768x432.jpg\" class=\"attachment-medium_large size-medium_large wp-post-image\" alt=\"\" srcset=\"https:\/\/www.silutesmuziejus.lt\/wp-content\/uploads\/2024\/09\/Virs_roniker-777x437-1-768x432.jpg 768w, https:\/\/www.silutesmuziejus.lt\/wp-content\/uploads\/2024\/09\/Virs_roniker-777x437-1-300x169.jpg 300w, https:\/\/www.silutesmuziejus.lt\/wp-content\/uploads\/2024\/09\/Virs_roniker-777x437-1-18x10.jpg 18w, https:\/\/www.silutesmuziejus.lt\/wp-content\/uploads\/2024\/09\/Virs_roniker-777x437-1.jpg 777w\" sizes=\"(max-width: 768px) 100vw, 768px\" \/><\/a>\r\n\t\t\t\t\t\t\t<\/div>\r\n\t\t\t\t\t\t\t\t\t\t\t<\/div>\r\n\t\t\t\t\t\r\n\t\t\t\t\t<div class=\"news-content\">\r\n\t\t\t\t\t\t\t\t\t\t\t\t\t<div class=\"grid-date-post\">\r\n\t\t\t\t\t\t\t\t2024-09-06\t\t\t\t\t\t\t<\/div>\r\n\t\t\t\t\t\t\r\n\t\t\t\t\t\t<div class=\"post-content-text\">\r\n\t\t\t\t\t\t\t<h3 class=\"news-title\"><a href=\"https:\/\/www.silutesmuziejus.lt\/en\/news\/mykolas-rionikeris-ir-zemaiciu-naumiestis\/\" rel=\"bookmark\">Mykolas Rionikeris ir \u017demai\u010di\u0173 Naumiestis<\/a><\/h3>\t\t\t\t\t\t\t\t<div class=\"news-content-excerpt\">\r\n\t\t\t\t\t\t\t\t\t\t\t\t\t\t\t\t\t\t\t<div class=\"news-short-content\">\r\n\t\t\t\t\t\t\t\t\t\t\tJau buvo min\u0117ta, kad \u017demai\u010di\u0173 Naumiestis, seniau \u017einomas kaip Nowe Miasto, palyginus su kitomis gretimomis Lietuvos Vakar\u0173 kra\u0161to gyvenviet\u0117mis, radosi palyginti v\u0117lai. Toki\u0105 i\u0161vad\u0105 galima daryti panagrin\u0117jus senuosius \u017eem\u0117lapius. Ta\u010diau jau nuo XVIII a. vidurio vystymasis ima labai smarkiai spart\u0117ti. Ai\u0161ki data, kurioje labai konkre\u010diai minimas Naumiestis yra 1750 m. rugpj\u016b\u010dio 31 d. Dievo malone Lenkijos \u2013 Lietuvos karaliaus Augusto III suteikta privilegija Naumies\u010diui rengti turgus ir jomarkus. Apie tai kalb\u0117ta straipsnyje \u201eKaip radosi naujas miestas sen\u0173 gyvenvie\u010di\u0173 apsuptyje\u201c. \u0160is valdovo aktas liudija, kad \u010dia jau gyventa nema\u017eai \u017emoni\u0173 ir j\u0173 veikl\u0105 reik\u0117jo prad\u0117ti valstybi\u0161kai reglamentuoti.\n\n\t\t\t\t\t\t\t\t\t\t<\/div>\r\n\t\t\t\t\t\t\t\t\t\t<a href=\"https:\/\/www.silutesmuziejus.lt\/en\/news\/mykolas-rionikeris-ir-zemaiciu-naumiestis\/\" class=\"news-more-link\">Read More<\/a>\r\n\t\t\t\t\t\t\t\t\t\t\t\t\t\t\t\t\t<\/div><!-- .entry-content -->\r\n\t\t\t\t\t\t\t\t\t\t\t\t\t<\/div>\r\n\t\t\t\t\t<\/div>\r\n\t\t\t\t<\/div><!-- #post-## -->\r\n\t\t\t<\/div><!-- #post-## -->\r\n\t\t\r\n\t\t\t<div id=\"post-18513\" class=\"news type-news wpnaw-blog-class has-date news-col-3 wpnaw-last\">\r\n\t\t\t\t<div class=\"news-inner-wrap-view news-clearfix\">\r\n\r\n\t\t\t\t\t\t\t\t\t\t<div class=\"news-thumb\">\r\n\t\t\t\t\t\t\t\t\t\t\t\t\t<div class=\"grid-news-thumb\">\r\n\t\t\t\t\t\t\t\t<a href=\"https:\/\/www.silutesmuziejus.lt\/en\/news\/sveksnoje-renkamas-herbariumas\/\"><img loading=\"lazy\" decoding=\"async\" width=\"768\" height=\"1024\" src=\"https:\/\/www.silutesmuziejus.lt\/wp-content\/uploads\/2024\/08\/image_67509761-768x1024.jpg\" class=\"attachment-medium_large size-medium_large wp-post-image\" alt=\"\" srcset=\"https:\/\/www.silutesmuziejus.lt\/wp-content\/uploads\/2024\/08\/image_67509761-768x1024.jpg 768w, https:\/\/www.silutesmuziejus.lt\/wp-content\/uploads\/2024\/08\/image_67509761-225x300.jpg 225w, https:\/\/www.silutesmuziejus.lt\/wp-content\/uploads\/2024\/08\/image_67509761-1152x1536.jpg 1152w, https:\/\/www.silutesmuziejus.lt\/wp-content\/uploads\/2024\/08\/image_67509761-9x12.jpg 9w, https:\/\/www.silutesmuziejus.lt\/wp-content\/uploads\/2024\/08\/image_67509761.jpg 1200w\" sizes=\"(max-width: 768px) 100vw, 768px\" \/><\/a>\r\n\t\t\t\t\t\t\t<\/div>\r\n\t\t\t\t\t\t\t\t\t\t\t<\/div>\r\n\t\t\t\t\t\r\n\t\t\t\t\t<div class=\"news-content\">\r\n\t\t\t\t\t\t\t\t\t\t\t\t\t<div class=\"grid-date-post\">\r\n\t\t\t\t\t\t\t\t2024-08-05\t\t\t\t\t\t\t<\/div>\r\n\t\t\t\t\t\t\r\n\t\t\t\t\t\t<div class=\"post-content-text\">\r\n\t\t\t\t\t\t\t<h3 class=\"news-title\"><a href=\"https:\/\/www.silutesmuziejus.lt\/en\/news\/sveksnoje-renkamas-herbariumas\/\" rel=\"bookmark\">\u0160V\u0116K\u0160NOJE RENKAMAS HERBARIUMAS<\/a><\/h3>\t\t\t\t\t\t\t\t<div class=\"news-content-excerpt\">\r\n\t\t\t\t\t\t\t\t\t\t\t\t\t\t\t\t\t\t\t<div class=\"news-short-content\">\r\n\t\t\t\t\t\t\t\t\t\t\t\u0160ilut\u0117s Hugo \u0160ojaus muziejaus \u0160v\u0117k\u0161nos ekspozicija \u012fgyvendina projekt\u0105 \u201eZIVAI. NEPAMIR\u0160TI\u201c. Projektu siekiama parodyti, kad \u0160v\u0117k\u0161noje iki Antrojo pasaulinio karo gyveno gausi \u017eyd\u0173 bendruomen\u0117, k\u016brusi ir k\u0117lusi miestelio ekonomin\u0119, socialin\u0119 ir kult\u016brin\u0119 vert\u0119. Ta\u010diau pagrindin\u0117 projekto id\u0117ja \u2013 pamin\u0117ti jau dabar vienintelio Holokaust\u0105 i\u0161gyvenusio \u0161v\u0117k\u0161ni\u0161kio 100-\u0105j\u012f jubiliej\u0173. Projekt\u0105 finansuoja V\u0161\u012e Geros valios fondas ir \u0160ilut\u0117s rajono savivaldyb\u0117. \t\t\t\t\t\t\t\t\t\t<\/div>\r\n\t\t\t\t\t\t\t\t\t\t<a href=\"https:\/\/www.silutesmuziejus.lt\/en\/news\/sveksnoje-renkamas-herbariumas\/\" class=\"news-more-link\">Read More<\/a>\r\n\t\t\t\t\t\t\t\t\t\t\t\t\t\t\t\t\t<\/div><!-- .entry-content -->\r\n\t\t\t\t\t\t\t\t\t\t\t\t\t<\/div>\r\n\t\t\t\t\t<\/div>\r\n\t\t\t\t<\/div><!-- #post-## -->\r\n\t\t\t<\/div><!-- #post-## -->\r\n\t\t\r\n\t\t\t<div id=\"post-16351\" class=\"news type-news wpnaw-blog-class has-date news-col-3 wpnaw-first\">\r\n\t\t\t\t<div class=\"news-inner-wrap-view news-clearfix\">\r\n\r\n\t\t\t\t\t\t\t\t\t\t<div class=\"news-thumb\">\r\n\t\t\t\t\t\t\t\t\t\t\t\t\t<div class=\"grid-news-thumb\">\r\n\t\t\t\t\t\t\t\t<a href=\"https:\/\/www.silutesmuziejus.lt\/en\/news\/apie-karo-metais-naumiestyje-gyvenusia-zydaite-anike\/\"><img loading=\"lazy\" decoding=\"async\" width=\"768\" height=\"432\" src=\"https:\/\/www.silutesmuziejus.lt\/wp-content\/uploads\/2024\/03\/Siame-name-1943-1944-m.-gyveno-G.-Venclauskaite-V.-Pampikas-su-Anike.-2._-768x432.jpg\" class=\"attachment-medium_large size-medium_large wp-post-image\" alt=\"\" srcset=\"https:\/\/www.silutesmuziejus.lt\/wp-content\/uploads\/2024\/03\/Siame-name-1943-1944-m.-gyveno-G.-Venclauskaite-V.-Pampikas-su-Anike.-2._-768x432.jpg 768w, https:\/\/www.silutesmuziejus.lt\/wp-content\/uploads\/2024\/03\/Siame-name-1943-1944-m.-gyveno-G.-Venclauskaite-V.-Pampikas-su-Anike.-2._-300x169.jpg 300w, https:\/\/www.silutesmuziejus.lt\/wp-content\/uploads\/2024\/03\/Siame-name-1943-1944-m.-gyveno-G.-Venclauskaite-V.-Pampikas-su-Anike.-2._.jpg 800w\" sizes=\"(max-width: 768px) 100vw, 768px\" \/><\/a>\r\n\t\t\t\t\t\t\t<\/div>\r\n\t\t\t\t\t\t\t\t\t\t\t<\/div>\r\n\t\t\t\t\t\r\n\t\t\t\t\t<div class=\"news-content\">\r\n\t\t\t\t\t\t\t\t\t\t\t\t\t<div class=\"grid-date-post\">\r\n\t\t\t\t\t\t\t\t2024-03-29\t\t\t\t\t\t\t<\/div>\r\n\t\t\t\t\t\t\r\n\t\t\t\t\t\t<div class=\"post-content-text\">\r\n\t\t\t\t\t\t\t<h3 class=\"news-title\"><a href=\"https:\/\/www.silutesmuziejus.lt\/en\/news\/apie-karo-metais-naumiestyje-gyvenusia-zydaite-anike\/\" rel=\"bookmark\">APIE KARO METAIS NAUMIESTYJE GYVENUSI\u0104 \u017dYDAIT\u0118 ANIK\u0118<\/a><\/h3>\t\t\t\t\t\t\t\t<div class=\"news-content-excerpt\">\r\n\t\t\t\t\t\t\t\t\t\t\t\t\t\t\t\t\t\t\t<div class=\"news-short-content\">\r\n\t\t\t\t\t\t\t\t\t\t\tToks \u017demai\u010di\u0173 Naumiestis, kur\u012f regime \u0161iandien, vargiai ar b\u016bt\u0173 i\u0161aug\u0119s be kadais \u010dia apsigyvenusi\u0173 \u017eyd\u0173 pastang\u0173 ir darbo. Jie stat\u0117si b\u016bstus, kuriuose ne tik gyveno, bet ir prekiavo ar k\u0105 gamino. \t\t\t\t\t\t\t\t\t\t<\/div>\r\n\t\t\t\t\t\t\t\t\t\t<a href=\"https:\/\/www.silutesmuziejus.lt\/en\/news\/apie-karo-metais-naumiestyje-gyvenusia-zydaite-anike\/\" class=\"news-more-link\">Read More<\/a>\r\n\t\t\t\t\t\t\t\t\t\t\t\t\t\t\t\t\t<\/div><!-- .entry-content -->\r\n\t\t\t\t\t\t\t\t\t\t\t\t\t<\/div>\r\n\t\t\t\t\t<\/div>\r\n\t\t\t\t<\/div><!-- #post-## -->\r\n\t\t\t<\/div><!-- #post-## -->\r\n\t\t\r\n\t\t\t<div id=\"post-16256\" class=\"news type-news wpnaw-blog-class has-date news-col-3\">\r\n\t\t\t\t<div class=\"news-inner-wrap-view news-clearfix\">\r\n\r\n\t\t\t\t\t\t\t\t\t\t<div class=\"news-thumb\">\r\n\t\t\t\t\t\t\t\t\t\t\t\t\t<div class=\"grid-news-thumb\">\r\n\t\t\t\t\t\t\t\t<a href=\"https:\/\/www.silutesmuziejus.lt\/en\/news\/zydu-gelbetojos-krastietes-vienuoles\/\"><img loading=\"lazy\" decoding=\"async\" width=\"768\" height=\"472\" src=\"https:\/\/www.silutesmuziejus.lt\/wp-content\/uploads\/2024\/03\/1-1-768x472.jpg\" class=\"attachment-medium_large size-medium_large wp-post-image\" alt=\"\" srcset=\"https:\/\/www.silutesmuziejus.lt\/wp-content\/uploads\/2024\/03\/1-1-768x472.jpg 768w, https:\/\/www.silutesmuziejus.lt\/wp-content\/uploads\/2024\/03\/1-1-300x185.jpg 300w, https:\/\/www.silutesmuziejus.lt\/wp-content\/uploads\/2024\/03\/1-1-1024x630.jpg 1024w, https:\/\/www.silutesmuziejus.lt\/wp-content\/uploads\/2024\/03\/1-1.jpg 1200w\" sizes=\"(max-width: 768px) 100vw, 768px\" \/><\/a>\r\n\t\t\t\t\t\t\t<\/div>\r\n\t\t\t\t\t\t\t\t\t\t\t<\/div>\r\n\t\t\t\t\t\r\n\t\t\t\t\t<div class=\"news-content\">\r\n\t\t\t\t\t\t\t\t\t\t\t\t\t<div class=\"grid-date-post\">\r\n\t\t\t\t\t\t\t\t2024-03-14\t\t\t\t\t\t\t<\/div>\r\n\t\t\t\t\t\t\r\n\t\t\t\t\t\t<div class=\"post-content-text\">\r\n\t\t\t\t\t\t\t<h3 class=\"news-title\"><a href=\"https:\/\/www.silutesmuziejus.lt\/en\/news\/zydu-gelbetojos-krastietes-vienuoles\/\" rel=\"bookmark\">\u017dYD\u0172 GELB\u0116TOJOS: KRA\u0160TIET\u0116S VIENUOL\u0116S<\/a><\/h3>\t\t\t\t\t\t\t\t<div class=\"news-content-excerpt\">\r\n\t\t\t\t\t\t\t\t\t\t\t\t\t\t\t\t\t\t\t<div class=\"news-short-content\">\r\n\t\t\t\t\t\t\t\t\t\t\t2022 m. Lietuvos Respublikos Seimas \u012f atmintin\u0173 dien\u0173 s\u0105ra\u0161\u0105\u202f\u012fra\u0161\u0117 Lietuvos \u017eyd\u0173 gelb\u0117toj\u0173 dien\u0105, kuri ne atsitiktinai buvo pasirinkta kovo 15-\u0105ja. 1966 m. kovo 15 d. Vilniaus universiteto bibliotekinink\u0117 Ona \u0160imait\u0117 tapo pirm\u0105ja lietuve, kuriai buvo suteiktas garbingas Pasaulio Taut\u0173 Teisuol\u0117s vardas u\u017e \u017eyd\u0173 gelb\u0117jim\u0105 Antrojo pasaulinio karo metu. \t\t\t\t\t\t\t\t\t\t<\/div>\r\n\t\t\t\t\t\t\t\t\t\t<a href=\"https:\/\/www.silutesmuziejus.lt\/en\/news\/zydu-gelbetojos-krastietes-vienuoles\/\" class=\"news-more-link\">Read More<\/a>\r\n\t\t\t\t\t\t\t\t\t\t\t\t\t\t\t\t\t<\/div><!-- .entry-content -->\r\n\t\t\t\t\t\t\t\t\t\t\t\t\t<\/div>\r\n\t\t\t\t\t<\/div>\r\n\t\t\t\t<\/div><!-- #post-## -->\r\n\t\t\t<\/div><!-- #post-## -->\r\n\t\t\r\n\t\t\t<div id=\"post-16116\" class=\"news type-news wpnaw-blog-class has-date news-col-3 wpnaw-last\">\r\n\t\t\t\t<div class=\"news-inner-wrap-view news-clearfix\">\r\n\r\n\t\t\t\t\t\t\t\t\t\t<div class=\"news-thumb\">\r\n\t\t\t\t\t\t\t\t\t\t\t\t\t<div class=\"grid-news-thumb\">\r\n\t\t\t\t\t\t\t\t<a href=\"https:\/\/www.silutesmuziejus.lt\/en\/news\/gardame-palaidotas-1919-metu-nepriklausomybes-kovu-dalyvis\/\"><img loading=\"lazy\" decoding=\"async\" width=\"768\" height=\"641\" src=\"https:\/\/www.silutesmuziejus.lt\/wp-content\/uploads\/2024\/02\/Antkapis-Gardame-768x641.jpg\" class=\"attachment-medium_large size-medium_large wp-post-image\" alt=\"\" srcset=\"https:\/\/www.silutesmuziejus.lt\/wp-content\/uploads\/2024\/02\/Antkapis-Gardame-768x641.jpg 768w, https:\/\/www.silutesmuziejus.lt\/wp-content\/uploads\/2024\/02\/Antkapis-Gardame-300x250.jpg 300w, https:\/\/www.silutesmuziejus.lt\/wp-content\/uploads\/2024\/02\/Antkapis-Gardame-1024x855.jpg 1024w, https:\/\/www.silutesmuziejus.lt\/wp-content\/uploads\/2024\/02\/Antkapis-Gardame.jpg 1100w\" sizes=\"(max-width: 768px) 100vw, 768px\" \/><\/a>\r\n\t\t\t\t\t\t\t<\/div>\r\n\t\t\t\t\t\t\t\t\t\t\t<\/div>\r\n\t\t\t\t\t\r\n\t\t\t\t\t<div class=\"news-content\">\r\n\t\t\t\t\t\t\t\t\t\t\t\t\t<div class=\"grid-date-post\">\r\n\t\t\t\t\t\t\t\t2024-02-26\t\t\t\t\t\t\t<\/div>\r\n\t\t\t\t\t\t\r\n\t\t\t\t\t\t<div class=\"post-content-text\">\r\n\t\t\t\t\t\t\t<h3 class=\"news-title\"><a href=\"https:\/\/www.silutesmuziejus.lt\/en\/news\/gardame-palaidotas-1919-metu-nepriklausomybes-kovu-dalyvis\/\" rel=\"bookmark\">Gardame palaidotas 1919 met\u0173 Nepriklausomyb\u0117s kov\u0173 dalyvis&#8230;<\/a><\/h3>\t\t\t\t\t\t\t\t<div class=\"news-content-excerpt\">\r\n\t\t\t\t\t\t\t\t\t\t\t\t\t\t\t\t\t\t\t<div class=\"news-short-content\">\r\n\t\t\t\t\t\t\t\t\t\t\tGra\u017eus ir labai ai\u0161kus pagarbos \u017eenklas \u017demai\u010di\u0173 Naumies\u010dio centre stovi 1918 met\u0173 vasario 16-tos atkurtos Lietuvos valstyb\u0117s laisv\u0117s gyn\u0117jams. J\u012f naumiesti\u0161kiai 1928 metais pastat\u0117 min\u0117dami atkurtos Lietuvos valstyb\u0117s de\u0161imtmet\u012f.\t\t\t\t\t\t\t\t\t\t<\/div>\r\n\t\t\t\t\t\t\t\t\t\t<a href=\"https:\/\/www.silutesmuziejus.lt\/en\/news\/gardame-palaidotas-1919-metu-nepriklausomybes-kovu-dalyvis\/\" class=\"news-more-link\">Read More<\/a>\r\n\t\t\t\t\t\t\t\t\t\t\t\t\t\t\t\t\t<\/div><!-- .entry-content -->\r\n\t\t\t\t\t\t\t\t\t\t\t\t\t<\/div>\r\n\t\t\t\t\t<\/div>\r\n\t\t\t\t<\/div><!-- #post-## -->\r\n\t\t\t<\/div><!-- #post-## -->\r\n\t\t\r\n\t\t\t<div id=\"post-15435\" class=\"news type-news wpnaw-blog-class has-date news-col-3 wpnaw-first\">\r\n\t\t\t\t<div class=\"news-inner-wrap-view news-clearfix\">\r\n\r\n\t\t\t\t\t\t\t\t\t\t<div class=\"news-thumb\">\r\n\t\t\t\t\t\t\t\t\t\t\t\t\t<div class=\"grid-news-thumb\">\r\n\t\t\t\t\t\t\t\t<a href=\"https:\/\/www.silutesmuziejus.lt\/en\/news\/tilzes-aktas-2\/\"><img loading=\"lazy\" decoding=\"async\" width=\"768\" height=\"1044\" src=\"https:\/\/www.silutesmuziejus.lt\/wp-content\/uploads\/2021\/11\/Tilzes-akto-plakatas.-1926-m-768x1044.jpg\" class=\"attachment-medium_large size-medium_large wp-post-image\" alt=\"\" srcset=\"https:\/\/www.silutesmuziejus.lt\/wp-content\/uploads\/2021\/11\/Tilzes-akto-plakatas.-1926-m-768x1044.jpg 768w, https:\/\/www.silutesmuziejus.lt\/wp-content\/uploads\/2021\/11\/Tilzes-akto-plakatas.-1926-m-221x300.jpg 221w, https:\/\/www.silutesmuziejus.lt\/wp-content\/uploads\/2021\/11\/Tilzes-akto-plakatas.-1926-m-753x1024.jpg 753w, https:\/\/www.silutesmuziejus.lt\/wp-content\/uploads\/2021\/11\/Tilzes-akto-plakatas.-1926-m-1129x1536.jpg 1129w, https:\/\/www.silutesmuziejus.lt\/wp-content\/uploads\/2021\/11\/Tilzes-akto-plakatas.-1926-m.jpg 1200w\" sizes=\"(max-width: 768px) 100vw, 768px\" \/><\/a>\r\n\t\t\t\t\t\t\t<\/div>\r\n\t\t\t\t\t\t\t\t\t\t\t<\/div>\r\n\t\t\t\t\t\r\n\t\t\t\t\t<div class=\"news-content\">\r\n\t\t\t\t\t\t\t\t\t\t\t\t\t<div class=\"grid-date-post\">\r\n\t\t\t\t\t\t\t\t2023-11-29\t\t\t\t\t\t\t<\/div>\r\n\t\t\t\t\t\t\r\n\t\t\t\t\t\t<div class=\"post-content-text\">\r\n\t\t\t\t\t\t\t<h3 class=\"news-title\"><a href=\"https:\/\/www.silutesmuziejus.lt\/en\/news\/tilzes-aktas-2\/\" rel=\"bookmark\">TIL\u017d\u0116S AKTAS<\/a><\/h3>\t\t\t\t\t\t\t\t<div class=\"news-content-excerpt\">\r\n\t\t\t\t\t\t\t\t\t\t\t\t\t\t\t\t\t\t\t<div class=\"news-short-content\">\r\n\t\t\t\t\t\t\t\t\t\t\tLapkri\u010dio 30-oji minima kaip Ma\u017eosios Lietuvos prisijungimo prie Did\u017eiosios Lietuvos akto diena. J\u0105 \u012f atmintin\u0173 dien\u0173 s\u0105ra\u0161\u0105 savo nutarimu LR Seimas \u012ftrauk\u0117 1998 metais, kuomet buvo minimas Til\u017e\u0117s akto 80-metis.\n\t\t\t\t\t\t\t\t\t\t<\/div>\r\n\t\t\t\t\t\t\t\t\t\t<a href=\"https:\/\/www.silutesmuziejus.lt\/en\/news\/tilzes-aktas-2\/\" class=\"news-more-link\">Read More<\/a>\r\n\t\t\t\t\t\t\t\t\t\t\t\t\t\t\t\t\t<\/div><!-- .entry-content -->\r\n\t\t\t\t\t\t\t\t\t\t\t\t\t<\/div>\r\n\t\t\t\t\t<\/div>\r\n\t\t\t\t<\/div><!-- #post-## -->\r\n\t\t\t<\/div><!-- #post-## -->\r\n\t\t\r\n\t\t\t<div id=\"post-14128\" class=\"news type-news wpnaw-blog-class has-date news-col-3\">\r\n\t\t\t\t<div class=\"news-inner-wrap-view news-clearfix\">\r\n\r\n\t\t\t\t\t\t\t\t\t\t<div class=\"news-thumb\">\r\n\t\t\t\t\t\t\t\t\t\t\t\t\t<div class=\"grid-news-thumb\">\r\n\t\t\t\t\t\t\t\t<a href=\"https:\/\/www.silutesmuziejus.lt\/en\/news\/kai-gyvenimai-tampa-istorija-kazys-alminauskis-alminas\/\"><img loading=\"lazy\" decoding=\"async\" width=\"768\" height=\"575\" src=\"https:\/\/www.silutesmuziejus.lt\/wp-content\/uploads\/2023\/05\/5.-768x575.png\" class=\"attachment-medium_large size-medium_large wp-post-image\" alt=\"\" srcset=\"https:\/\/www.silutesmuziejus.lt\/wp-content\/uploads\/2023\/05\/5.-768x575.png 768w, https:\/\/www.silutesmuziejus.lt\/wp-content\/uploads\/2023\/05\/5.-300x225.png 300w, https:\/\/www.silutesmuziejus.lt\/wp-content\/uploads\/2023\/05\/5.-1024x767.png 1024w, https:\/\/www.silutesmuziejus.lt\/wp-content\/uploads\/2023\/05\/5..png 1200w\" sizes=\"(max-width: 768px) 100vw, 768px\" \/><\/a>\r\n\t\t\t\t\t\t\t<\/div>\r\n\t\t\t\t\t\t\t\t\t\t\t<\/div>\r\n\t\t\t\t\t\r\n\t\t\t\t\t<div class=\"news-content\">\r\n\t\t\t\t\t\t\t\t\t\t\t\t\t<div class=\"grid-date-post\">\r\n\t\t\t\t\t\t\t\t2023-05-12\t\t\t\t\t\t\t<\/div>\r\n\t\t\t\t\t\t\r\n\t\t\t\t\t\t<div class=\"post-content-text\">\r\n\t\t\t\t\t\t\t<h3 class=\"news-title\"><a href=\"https:\/\/www.silutesmuziejus.lt\/en\/news\/kai-gyvenimai-tampa-istorija-kazys-alminauskis-alminas\/\" rel=\"bookmark\">KAI GYVENIMAI TAMPA ISTORIJA: KAZYS ALMINAUSKIS-ALMINAS<\/a><\/h3>\t\t\t\t\t\t\t\t<div class=\"news-content-excerpt\">\r\n\t\t\t\t\t\t\t\t\t\t\t\t\t\t\t\t\t\t\t<div class=\"news-short-content\">\r\n\t\t\t\t\t\t\t\t\t\t\t\u0160v\u0117k\u0161nos muziejus t\u0119sia jau tradiciniu tapus\u012f pasakojim\u0173 cikl\u0105 \u201eKai gyvenimai tampa istorija\u201c. \u0160\u012f kart\u0105 pasakosime apie kra\u0161tiet\u012f kalbinink\u0105, lietuvi\u0173 kalbos vardyno rink\u0117j\u0105 ir tyr\u0117j\u0105, profesori\u0173 Kaz\u012f Alminausk\u012f-Almin\u0105 (1904\u20131986). Siekiant suvienodinti informacij\u0105 ir neapsunkinti teksto, straipsnyje bus naudojama pavard\u0117s forma Alminas, nors iki 1939 m. oficiali profesoriaus pavard\u0117 buvo Alminauskis. \t\t\t\t\t\t\t\t\t\t<\/div>\r\n\t\t\t\t\t\t\t\t\t\t<a href=\"https:\/\/www.silutesmuziejus.lt\/en\/news\/kai-gyvenimai-tampa-istorija-kazys-alminauskis-alminas\/\" class=\"news-more-link\">Read More<\/a>\r\n\t\t\t\t\t\t\t\t\t\t\t\t\t\t\t\t\t<\/div><!-- .entry-content -->\r\n\t\t\t\t\t\t\t\t\t\t\t\t\t<\/div>\r\n\t\t\t\t\t<\/div>\r\n\t\t\t\t<\/div><!-- #post-## -->\r\n\t\t\t<\/div><!-- #post-## -->\r\n\t\t\r\n\t\t\t<div id=\"post-13910\" class=\"news type-news wpnaw-blog-class has-date news-col-3 wpnaw-last\">\r\n\t\t\t\t<div class=\"news-inner-wrap-view news-clearfix\">\r\n\r\n\t\t\t\t\t\t\t\t\t\t<div class=\"news-thumb\">\r\n\t\t\t\t\t\t\t\t\t\t\t\t\t<div class=\"grid-news-thumb\">\r\n\t\t\t\t\t\t\t\t<a href=\"https:\/\/www.silutesmuziejus.lt\/en\/news\/kaip-radosi-naujas-miestas-senu-gyvenvieciu-apsuptyje\/\"><img loading=\"lazy\" decoding=\"async\" width=\"768\" height=\"432\" src=\"https:\/\/www.silutesmuziejus.lt\/wp-content\/uploads\/2023\/04\/Virselis-768x432.jpg\" class=\"attachment-medium_large size-medium_large wp-post-image\" alt=\"\" srcset=\"https:\/\/www.silutesmuziejus.lt\/wp-content\/uploads\/2023\/04\/Virselis-768x432.jpg 768w, https:\/\/www.silutesmuziejus.lt\/wp-content\/uploads\/2023\/04\/Virselis-300x169.jpg 300w, https:\/\/www.silutesmuziejus.lt\/wp-content\/uploads\/2023\/04\/Virselis.jpg 800w\" sizes=\"(max-width: 768px) 100vw, 768px\" \/><\/a>\r\n\t\t\t\t\t\t\t<\/div>\r\n\t\t\t\t\t\t\t\t\t\t\t<\/div>\r\n\t\t\t\t\t\r\n\t\t\t\t\t<div class=\"news-content\">\r\n\t\t\t\t\t\t\t\t\t\t\t\t\t<div class=\"grid-date-post\">\r\n\t\t\t\t\t\t\t\t2023-04-11\t\t\t\t\t\t\t<\/div>\r\n\t\t\t\t\t\t\r\n\t\t\t\t\t\t<div class=\"post-content-text\">\r\n\t\t\t\t\t\t\t<h3 class=\"news-title\"><a href=\"https:\/\/www.silutesmuziejus.lt\/en\/news\/kaip-radosi-naujas-miestas-senu-gyvenvieciu-apsuptyje\/\" rel=\"bookmark\">Kaip radosi naujas miestas sen\u0173 gyvenvie\u010di\u0173 apsuptyje<\/a><\/h3>\t\t\t\t\t\t\t\t<div class=\"news-content-excerpt\">\r\n\t\t\t\t\t\t\t\t\t\t\t\t\t\t\t\t\t\t\t<div class=\"news-short-content\">\r\n\t\t\t\t\t\t\t\t\t\t\tDviej\u0173 svarbi\u0173 keli\u0173 susid\u016brime bei trij\u0173 upi\u0173 \u2013 \u0160usties, Lendros ir \u0160elmens - santakoje esantis miestelis, i\u0161 vis\u0173 \u0161alia ar kiek toliau \u0161iame kra\u0161te esan\u010di\u0173 gyvenvie\u010di\u0173, turi \u0161iuolaiki\u0161kiausi\u0105 vard\u0105 \u2013 \u017demai\u010di\u0173 Naumiestis. \t\t\t\t\t\t\t\t\t\t<\/div>\r\n\t\t\t\t\t\t\t\t\t\t<a href=\"https:\/\/www.silutesmuziejus.lt\/en\/news\/kaip-radosi-naujas-miestas-senu-gyvenvieciu-apsuptyje\/\" class=\"news-more-link\">Read More<\/a>\r\n\t\t\t\t\t\t\t\t\t\t\t\t\t\t\t\t\t<\/div><!-- .entry-content -->\r\n\t\t\t\t\t\t\t\t\t\t\t\t\t<\/div>\r\n\t\t\t\t\t<\/div>\r\n\t\t\t\t<\/div><!-- #post-## -->\r\n\t\t\t<\/div><!-- #post-## -->\r\n\t\t\r\n\t\t\t<div id=\"post-13414\" class=\"news type-news wpnaw-blog-class has-date news-col-3 wpnaw-first\">\r\n\t\t\t\t<div class=\"news-inner-wrap-view news-clearfix\">\r\n\r\n\t\t\t\t\t\t\t\t\t\t<div class=\"news-thumb\">\r\n\t\t\t\t\t\t\t\t\t\t\t\t\t<div class=\"grid-news-thumb\">\r\n\t\t\t\t\t\t\t\t<a href=\"https:\/\/www.silutesmuziejus.lt\/en\/news\/nepelnytai-pamirsti-zydu-gelbetojai-silutes-rajone\/\"><img loading=\"lazy\" decoding=\"async\" width=\"768\" height=\"1365\" src=\"https:\/\/www.silutesmuziejus.lt\/wp-content\/uploads\/2023\/03\/1-768x1365.jpg\" class=\"attachment-medium_large size-medium_large wp-post-image\" alt=\"\" srcset=\"https:\/\/www.silutesmuziejus.lt\/wp-content\/uploads\/2023\/03\/1-768x1365.jpg 768w, https:\/\/www.silutesmuziejus.lt\/wp-content\/uploads\/2023\/03\/1-169x300.jpg 169w, https:\/\/www.silutesmuziejus.lt\/wp-content\/uploads\/2023\/03\/1-576x1024.jpg 576w, https:\/\/www.silutesmuziejus.lt\/wp-content\/uploads\/2023\/03\/1-864x1536.jpg 864w, https:\/\/www.silutesmuziejus.lt\/wp-content\/uploads\/2023\/03\/1-1152x2048.jpg 1152w, https:\/\/www.silutesmuziejus.lt\/wp-content\/uploads\/2023\/03\/1.jpg 1200w\" sizes=\"(max-width: 768px) 100vw, 768px\" \/><\/a>\r\n\t\t\t\t\t\t\t<\/div>\r\n\t\t\t\t\t\t\t\t\t\t\t<\/div>\r\n\t\t\t\t\t\r\n\t\t\t\t\t<div class=\"news-content\">\r\n\t\t\t\t\t\t\t\t\t\t\t\t\t<div class=\"grid-date-post\">\r\n\t\t\t\t\t\t\t\t2023-03-14\t\t\t\t\t\t\t<\/div>\r\n\t\t\t\t\t\t\r\n\t\t\t\t\t\t<div class=\"post-content-text\">\r\n\t\t\t\t\t\t\t<h3 class=\"news-title\"><a href=\"https:\/\/www.silutesmuziejus.lt\/en\/news\/nepelnytai-pamirsti-zydu-gelbetojai-silutes-rajone\/\" rel=\"bookmark\">NEPELNYTAI PAMIR\u0160TI: \u017eyd\u0173 gelb\u0117tojai \u0160ilut\u0117s rajone<\/a><\/h3>\t\t\t\t\t\t\t\t<div class=\"news-content-excerpt\">\r\n\t\t\t\t\t\t\t\t\t\t\t\t\t\t\t\t\t\t\t<div class=\"news-short-content\">\r\n\t\t\t\t\t\t\t\t\t\t\t2022 m. pabaigoje Lietuvos Respublikos Seimas patvirtino ir \u012f atmintin\u0173 dien\u0173 s\u0105ra\u0161\u0105\u202f\u012fra\u0161\u0117 Lietuvos \u017eyd\u0173 gelb\u0117toj\u0173 dien\u0105. \u017dyd\u0173 gelb\u0117toj\u0173 diena pasirinkta kovo 15-oji, prisimenant Vilniaus universiteto bibliotekinink\u0119 On\u0105 \u0160imait\u0119, 1966 m. kovo 15 d. tapusia pirm\u0105ja lietuve, kuriai buvo suteiktas garbingas Pasaulio Taut\u0173 Teisuol\u0117s vardas. \t\t\t\t\t\t\t\t\t\t<\/div>\r\n\t\t\t\t\t\t\t\t\t\t<a href=\"https:\/\/www.silutesmuziejus.lt\/en\/news\/nepelnytai-pamirsti-zydu-gelbetojai-silutes-rajone\/\" class=\"news-more-link\">Read More<\/a>\r\n\t\t\t\t\t\t\t\t\t\t\t\t\t\t\t\t\t<\/div><!-- .entry-content -->\r\n\t\t\t\t\t\t\t\t\t\t\t\t\t<\/div>\r\n\t\t\t\t\t<\/div>\r\n\t\t\t\t<\/div><!-- #post-## -->\r\n\t\t\t<\/div><!-- #post-## -->\r\n\t\t\r\n\t\t\t<div id=\"post-12965\" class=\"news type-news wpnaw-blog-class has-date news-col-3\">\r\n\t\t\t\t<div class=\"news-inner-wrap-view news-clearfix\">\r\n\r\n\t\t\t\t\t\t\t\t\t\t<div class=\"news-thumb\">\r\n\t\t\t\t\t\t\t\t\t\t\t\t\t<div class=\"grid-news-thumb\">\r\n\t\t\t\t\t\t\t\t<a href=\"https:\/\/www.silutesmuziejus.lt\/en\/news\/maciku-lageriu-patirtys-zmoniu-atsiminimuose-silutes-hugo-sojaus-muziejaus-2018-2020-metu-etnografiniai-tyrimai\/\"><img loading=\"lazy\" decoding=\"async\" width=\"768\" height=\"812\" src=\"https:\/\/www.silutesmuziejus.lt\/wp-content\/uploads\/2019\/08\/F647-\u0160ilut\u0117s-muziejui-V.-Pup\u0161ys-1964-m.-perdav\u0117-buvusio-Macik\u0173-lagerio-fotografij\u0105-768x812.jpg\" class=\"attachment-medium_large size-medium_large wp-post-image\" alt=\"\" srcset=\"https:\/\/www.silutesmuziejus.lt\/wp-content\/uploads\/2019\/08\/F647-\u0160ilut\u0117s-muziejui-V.-Pup\u0161ys-1964-m.-perdav\u0117-buvusio-Macik\u0173-lagerio-fotografij\u0105-768x812.jpg 768w, https:\/\/www.silutesmuziejus.lt\/wp-content\/uploads\/2019\/08\/F647-\u0160ilut\u0117s-muziejui-V.-Pup\u0161ys-1964-m.-perdav\u0117-buvusio-Macik\u0173-lagerio-fotografij\u0105-284x300.jpg 284w, https:\/\/www.silutesmuziejus.lt\/wp-content\/uploads\/2019\/08\/F647-\u0160ilut\u0117s-muziejui-V.-Pup\u0161ys-1964-m.-perdav\u0117-buvusio-Macik\u0173-lagerio-fotografij\u0105-969x1024.jpg 969w, https:\/\/www.silutesmuziejus.lt\/wp-content\/uploads\/2019\/08\/F647-\u0160ilut\u0117s-muziejui-V.-Pup\u0161ys-1964-m.-perdav\u0117-buvusio-Macik\u0173-lagerio-fotografij\u0105.jpg 1268w\" sizes=\"(max-width: 768px) 100vw, 768px\" \/><\/a>\r\n\t\t\t\t\t\t\t<\/div>\r\n\t\t\t\t\t\t\t\t\t\t\t<\/div>\r\n\t\t\t\t\t\r\n\t\t\t\t\t<div class=\"news-content\">\r\n\t\t\t\t\t\t\t\t\t\t\t\t\t<div class=\"grid-date-post\">\r\n\t\t\t\t\t\t\t\t2023-02-01\t\t\t\t\t\t\t<\/div>\r\n\t\t\t\t\t\t\r\n\t\t\t\t\t\t<div class=\"post-content-text\">\r\n\t\t\t\t\t\t\t<h3 class=\"news-title\"><a href=\"https:\/\/www.silutesmuziejus.lt\/en\/news\/maciku-lageriu-patirtys-zmoniu-atsiminimuose-silutes-hugo-sojaus-muziejaus-2018-2020-metu-etnografiniai-tyrimai\/\" rel=\"bookmark\">Macik\u0173 lageri\u0173 patirtys \u017emoni\u0173 atsiminimuose: \u0160ilut\u0117s Hugo \u0160ojaus muziejaus 2018\u20132020 met\u0173 etnografiniai tyrimai<\/a><\/h3>\t\t\t\t\t\t\t\t<div class=\"news-content-excerpt\">\r\n\t\t\t\t\t\t\t\t\t\t\t\t\t\t\t\t\t\t\t<div class=\"news-short-content\">\r\n\t\t\t\t\t\t\t\t\t\t\t\u0160ilut\u0117s muziejus 2018-2020 m. suorganizavo 24 etnografines ekspedicijas, ie\u0161kodamas informacijos apie Macik\u0173 lageryje kalintus \u017emones. Ekspedicij\u0173 med\u017eiagos ap\u017evalga sud\u0117ta \u012f straipsn\u012f. Tekstas pirm\u0105kart spausdintas 2022 m. \u017eurnale \u201eLietuvos etnologija\u201c Nr. 22 (31).\n\t\t\t\t\t\t\t\t\t\t<\/div>\r\n\t\t\t\t\t\t\t\t\t\t<a href=\"https:\/\/www.silutesmuziejus.lt\/en\/news\/maciku-lageriu-patirtys-zmoniu-atsiminimuose-silutes-hugo-sojaus-muziejaus-2018-2020-metu-etnografiniai-tyrimai\/\" class=\"news-more-link\">Read More<\/a>\r\n\t\t\t\t\t\t\t\t\t\t\t\t\t\t\t\t\t<\/div><!-- .entry-content -->\r\n\t\t\t\t\t\t\t\t\t\t\t\t\t<\/div>\r\n\t\t\t\t\t<\/div>\r\n\t\t\t\t<\/div><!-- #post-## -->\r\n\t\t\t<\/div><!-- #post-## -->\r\n\t\t\r\n\t\t\t<div id=\"post-12664\" class=\"news type-news wpnaw-blog-class has-date news-col-3 wpnaw-last\">\r\n\t\t\t\t<div class=\"news-inner-wrap-view news-clearfix\">\r\n\r\n\t\t\t\t\t\t\t\t\t\t<div class=\"news-thumb\">\r\n\t\t\t\t\t\t\t\t\t\t\t\t\t<div class=\"grid-news-thumb\">\r\n\t\t\t\t\t\t\t\t<a href=\"https:\/\/www.silutesmuziejus.lt\/en\/news\/klaipedos-krasto-prijungimo-prie-lietuvos-100-metis\/\"><img loading=\"lazy\" decoding=\"async\" width=\"768\" height=\"510\" src=\"https:\/\/www.silutesmuziejus.lt\/wp-content\/uploads\/2023\/01\/Vyriausiasis-Mazosios-Lietuvos-gelbejimo-komitetas-768x510.jpg\" class=\"attachment-medium_large size-medium_large wp-post-image\" alt=\"\" srcset=\"https:\/\/www.silutesmuziejus.lt\/wp-content\/uploads\/2023\/01\/Vyriausiasis-Mazosios-Lietuvos-gelbejimo-komitetas-768x510.jpg 768w, https:\/\/www.silutesmuziejus.lt\/wp-content\/uploads\/2023\/01\/Vyriausiasis-Mazosios-Lietuvos-gelbejimo-komitetas-300x199.jpg 300w, https:\/\/www.silutesmuziejus.lt\/wp-content\/uploads\/2023\/01\/Vyriausiasis-Mazosios-Lietuvos-gelbejimo-komitetas-1024x680.jpg 1024w, https:\/\/www.silutesmuziejus.lt\/wp-content\/uploads\/2023\/01\/Vyriausiasis-Mazosios-Lietuvos-gelbejimo-komitetas.jpg 1200w\" sizes=\"(max-width: 768px) 100vw, 768px\" \/><\/a>\r\n\t\t\t\t\t\t\t<\/div>\r\n\t\t\t\t\t\t\t\t\t\t\t<\/div>\r\n\t\t\t\t\t\r\n\t\t\t\t\t<div class=\"news-content\">\r\n\t\t\t\t\t\t\t\t\t\t\t\t\t<div class=\"grid-date-post\">\r\n\t\t\t\t\t\t\t\t2023-01-15\t\t\t\t\t\t\t<\/div>\r\n\t\t\t\t\t\t\r\n\t\t\t\t\t\t<div class=\"post-content-text\">\r\n\t\t\t\t\t\t\t<h3 class=\"news-title\"><a href=\"https:\/\/www.silutesmuziejus.lt\/en\/news\/klaipedos-krasto-prijungimo-prie-lietuvos-100-metis\/\" rel=\"bookmark\">Klaip\u0117dos kra\u0161to prijungimo prie Lietuvos 100-metis<\/a><\/h3>\t\t\t\t\t\t\t\t<div class=\"news-content-excerpt\">\r\n\t\t\t\t\t\t\t\t\t\t\t\t\t\t\t\t\t\t\t<div class=\"news-short-content\">\r\n\t\t\t\t\t\t\t\t\t\t\t2023 m. sausio 15 d. sukanka 100 met\u0173, kuomet Lietuvos vyriausyb\u0117 \u012fvykd\u0117 gerai suplanuot\u0105 karin\u0119\nakcij\u0105, geriau \u017einom\u0105 Klaip\u0117dos kra\u0161to sukilimo pavadinimu. 1923 m. sausio 10-15 d. d\u0117ka aktyvios \nKauno vald\u017eios politikos bei tvirtai i\u0161reik\u0161tos nuostatos, es\u0105 Lietuva be Klaip\u0117dos uosto ir kra\u0161to kaip \nk\u016bnas be galvos\t\t\t\t\t\t\t\t\t\t<\/div>\r\n\t\t\t\t\t\t\t\t\t\t<a href=\"https:\/\/www.silutesmuziejus.lt\/en\/news\/klaipedos-krasto-prijungimo-prie-lietuvos-100-metis\/\" class=\"news-more-link\">Read More<\/a>\r\n\t\t\t\t\t\t\t\t\t\t\t\t\t\t\t\t\t<\/div><!-- .entry-content -->\r\n\t\t\t\t\t\t\t\t\t\t\t\t\t<\/div>\r\n\t\t\t\t\t<\/div>\r\n\t\t\t\t<\/div><!-- #post-## -->\r\n\t\t\t<\/div><!-- #post-## -->\r\n\t\t\r\n\t\t\t<div id=\"post-11951\" class=\"news type-news wpnaw-blog-class has-date news-col-3 wpnaw-first\">\r\n\t\t\t\t<div class=\"news-inner-wrap-view news-clearfix\">\r\n\r\n\t\t\t\t\t\t\t\t\t\t<div class=\"news-thumb\">\r\n\t\t\t\t\t\t\t\t\t\t\t\t\t<div class=\"grid-news-thumb\">\r\n\t\t\t\t\t\t\t\t<a href=\"https:\/\/www.silutesmuziejus.lt\/en\/news\/sara-levitanaite-feldman\/\"><img loading=\"lazy\" decoding=\"async\" width=\"768\" height=\"768\" src=\"https:\/\/www.silutesmuziejus.lt\/wp-content\/uploads\/2022\/09\/5-2-768x768.jpg\" class=\"attachment-medium_large size-medium_large wp-post-image\" alt=\"\" srcset=\"https:\/\/www.silutesmuziejus.lt\/wp-content\/uploads\/2022\/09\/5-2-768x768.jpg 768w, https:\/\/www.silutesmuziejus.lt\/wp-content\/uploads\/2022\/09\/5-2-300x300.jpg 300w, https:\/\/www.silutesmuziejus.lt\/wp-content\/uploads\/2022\/09\/5-2-150x150.jpg 150w, https:\/\/www.silutesmuziejus.lt\/wp-content\/uploads\/2022\/09\/5-2.jpg 1000w\" sizes=\"(max-width: 768px) 100vw, 768px\" \/><\/a>\r\n\t\t\t\t\t\t\t<\/div>\r\n\t\t\t\t\t\t\t\t\t\t\t<\/div>\r\n\t\t\t\t\t\r\n\t\t\t\t\t<div class=\"news-content\">\r\n\t\t\t\t\t\t\t\t\t\t\t\t\t<div class=\"grid-date-post\">\r\n\t\t\t\t\t\t\t\t2022-09-13\t\t\t\t\t\t\t<\/div>\r\n\t\t\t\t\t\t\r\n\t\t\t\t\t\t<div class=\"post-content-text\">\r\n\t\t\t\t\t\t\t<h3 class=\"news-title\"><a href=\"https:\/\/www.silutesmuziejus.lt\/en\/news\/sara-levitanaite-feldman\/\" rel=\"bookmark\">SARA LEVITANAIT\u0116-FELDMAN<\/a><\/h3>\t\t\t\t\t\t\t\t<div class=\"news-content-excerpt\">\r\n\t\t\t\t\t\t\t\t\t\t\t\t\t\t\t\t\t\t\t<div class=\"news-short-content\">\r\n\t\t\t\t\t\t\t\t\t\t\tTarpukariu \u0160v\u0117k\u0161noje visiems buvo \u017einomas mi\u0161ko pirklys Sroelis  (Srolis, Izraelis, g. ~1886 m.) Levitanas. S. Levitanas tur\u0117jo 3 dukteris: Saros Brain\u0117s (g. 1917-03-01) ir Roch\u0117s (Rachel\u0117s, g. 1915-09-10) susilauk\u0117 su pirm\u0105ja \u017emona \u0160eina (Gitelsonaite). 1923 m. gegu\u017e\u0117s 3 d. 37-eri\u0173 met\u0173 na\u0161lys Sroelis Levitanas ved\u0117 37-eri\u0173 met\u0173 Frum\u0119 Gavsonait\u0119 i\u0161 \u017demai\u010di\u0173 Naumies\u010dio.\t\t\t\t\t\t\t\t\t\t<\/div>\r\n\t\t\t\t\t\t\t\t\t\t<a href=\"https:\/\/www.silutesmuziejus.lt\/en\/news\/sara-levitanaite-feldman\/\" class=\"news-more-link\">Read More<\/a>\r\n\t\t\t\t\t\t\t\t\t\t\t\t\t\t\t\t\t<\/div><!-- .entry-content -->\r\n\t\t\t\t\t\t\t\t\t\t\t\t\t<\/div>\r\n\t\t\t\t\t<\/div>\r\n\t\t\t\t<\/div><!-- #post-## -->\r\n\t\t\t<\/div><!-- #post-## -->\r\n\t\t\r\n\t\t\t<div id=\"post-11869\" class=\"news type-news wpnaw-blog-class has-date news-col-3\">\r\n\t\t\t\t<div class=\"news-inner-wrap-view news-clearfix\">\r\n\r\n\t\t\t\t\t\t\t\t\t\t<div class=\"news-thumb\">\r\n\t\t\t\t\t\t\t\t\t\t\t\t\t<div class=\"grid-news-thumb\">\r\n\t\t\t\t\t\t\t\t<a href=\"https:\/\/www.silutesmuziejus.lt\/en\/news\/vieno-namo-istorijos-paroda-jonas-ir-maryte-popierine-dezute-paukstis-ir-degtukai\/\"><img loading=\"lazy\" decoding=\"async\" width=\"768\" height=\"576\" src=\"https:\/\/www.silutesmuziejus.lt\/wp-content\/uploads\/2022\/09\/301953428_2929322364042400_6317935251732828446_n-768x576.jpg\" class=\"attachment-medium_large size-medium_large wp-post-image\" alt=\"\" srcset=\"https:\/\/www.silutesmuziejus.lt\/wp-content\/uploads\/2022\/09\/301953428_2929322364042400_6317935251732828446_n-768x576.jpg 768w, https:\/\/www.silutesmuziejus.lt\/wp-content\/uploads\/2022\/09\/301953428_2929322364042400_6317935251732828446_n-300x225.jpg 300w, https:\/\/www.silutesmuziejus.lt\/wp-content\/uploads\/2022\/09\/301953428_2929322364042400_6317935251732828446_n-1024x768.jpg 1024w, https:\/\/www.silutesmuziejus.lt\/wp-content\/uploads\/2022\/09\/301953428_2929322364042400_6317935251732828446_n.jpg 1200w\" sizes=\"(max-width: 768px) 100vw, 768px\" \/><\/a>\r\n\t\t\t\t\t\t\t<\/div>\r\n\t\t\t\t\t\t\t\t\t\t\t<\/div>\r\n\t\t\t\t\t\r\n\t\t\t\t\t<div class=\"news-content\">\r\n\t\t\t\t\t\t\t\t\t\t\t\t\t<div class=\"grid-date-post\">\r\n\t\t\t\t\t\t\t\t2022-09-01\t\t\t\t\t\t\t<\/div>\r\n\t\t\t\t\t\t\r\n\t\t\t\t\t\t<div class=\"post-content-text\">\r\n\t\t\t\t\t\t\t<h3 class=\"news-title\"><a href=\"https:\/\/www.silutesmuziejus.lt\/en\/news\/vieno-namo-istorijos-paroda-jonas-ir-maryte-popierine-dezute-paukstis-ir-degtukai\/\" rel=\"bookmark\">VIENO NAMO ISTORIJOS PARODA \u201eJONAS IR MARYT\u0116: POPIERIN\u0116 D\u0116\u017dUT\u0116, PAUK\u0160TIS IR DEGTUKAI\u201c<\/a><\/h3>\t\t\t\t\t\t\t\t<div class=\"news-content-excerpt\">\r\n\t\t\t\t\t\t\t\t\t\t\t\t\t\t\t\t\t\t\t<div class=\"news-short-content\">\r\n\t\t\t\t\t\t\t\t\t\t\t2017 m. \u0160v\u0117k\u0161nos muziejaus muziejinink\u0117 gavo prane\u0161im\u0105 apie nugriaut\u0105 sen\u0105 nam\u0105 \u0160v\u0117k\u0161noje ir galimyb\u0119 i\u0161 namo griuv\u0117si\u0173 pasirinkti muziejui eksponat\u0173. Namo griuv\u0117siai jau buvo perve\u017eti \u012f kit\u0105 viet\u0105 ir paruo\u0161ti r\u016b\u0161iavimui: mediena bus supjaustyta malkoms, o visa kita bus i\u0161ve\u017eta \u012f s\u0105vartyn\u0105. S\u0105j\u016bd\u017eio laik\u0173 Lietuvos v\u0117liava, vaist\u0173 buteliukai, daug smulki\u0173 daik\u010diuk\u0173... Ro\u017ean\u010diai, \u0161kaplieriai, Brailio ra\u0161to knygos... Kvepalai, papuo\u0161alai, \u017eaislai, degtuk\u0173 d\u0117\u017eut\u0117s. Vaist\u0173 receptas su Kuktorovo Jono pavarde. Viena nuotrauka, puodelis, \u0161auk\u0161tas. Kelionin\u0117 XX a. I pus\u0117s skrynia. \t\t\t\t\t\t\t\t\t\t<\/div>\r\n\t\t\t\t\t\t\t\t\t\t<a href=\"https:\/\/www.silutesmuziejus.lt\/en\/news\/vieno-namo-istorijos-paroda-jonas-ir-maryte-popierine-dezute-paukstis-ir-degtukai\/\" class=\"news-more-link\">Read More<\/a>\r\n\t\t\t\t\t\t\t\t\t\t\t\t\t\t\t\t\t<\/div><!-- .entry-content -->\r\n\t\t\t\t\t\t\t\t\t\t\t\t\t<\/div>\r\n\t\t\t\t\t<\/div>\r\n\t\t\t\t<\/div><!-- #post-## -->\r\n\t\t\t<\/div><!-- #post-## -->\r\n\t\t\r\n\t\t\t<div id=\"post-12863\" class=\"news type-news wpnaw-blog-class has-date news-col-3 wpnaw-last\">\r\n\t\t\t\t<div class=\"news-inner-wrap-view news-clearfix\">\r\n\r\n\t\t\t\t\t\t\t\t\t\t<div class=\"news-thumb\">\r\n\t\t\t\t\t\t\t\t\t\t\t\t\t<div class=\"grid-news-thumb\">\r\n\t\t\t\t\t\t\t\t<a href=\"https:\/\/www.silutesmuziejus.lt\/en\/news\/silutes-hugo-sojaus-muziejaus-muziejininku-lokalizuotos-pokario-rezistentu-atminimo-ir-zuties-vietos-silutes-rajone\/\"><img loading=\"lazy\" decoding=\"async\" width=\"336\" height=\"247\" src=\"https:\/\/www.silutesmuziejus.lt\/wp-content\/uploads\/2022\/07\/Untitled-bbb.png\" class=\"attachment-medium_large size-medium_large wp-post-image\" alt=\"\" srcset=\"https:\/\/www.silutesmuziejus.lt\/wp-content\/uploads\/2022\/07\/Untitled-bbb.png 336w, https:\/\/www.silutesmuziejus.lt\/wp-content\/uploads\/2022\/07\/Untitled-bbb-300x221.png 300w\" sizes=\"(max-width: 336px) 100vw, 336px\" \/><\/a>\r\n\t\t\t\t\t\t\t<\/div>\r\n\t\t\t\t\t\t\t\t\t\t\t<\/div>\r\n\t\t\t\t\t\r\n\t\t\t\t\t<div class=\"news-content\">\r\n\t\t\t\t\t\t\t\t\t\t\t\t\t<div class=\"grid-date-post\">\r\n\t\t\t\t\t\t\t\t2022-07-23\t\t\t\t\t\t\t<\/div>\r\n\t\t\t\t\t\t\r\n\t\t\t\t\t\t<div class=\"post-content-text\">\r\n\t\t\t\t\t\t\t<h3 class=\"news-title\"><a href=\"https:\/\/www.silutesmuziejus.lt\/en\/news\/silutes-hugo-sojaus-muziejaus-muziejininku-lokalizuotos-pokario-rezistentu-atminimo-ir-zuties-vietos-silutes-rajone\/\" rel=\"bookmark\">\u0160ilut\u0117s Hugo \u0160ojaus muziejaus muziejinink\u0173 lokalizuotos pokario rezistent\u0173 atminimo ir \u017e\u016bties vietos \u0160ilut\u0117s rajone<\/a><\/h3>\t\t\t\t\t\t\t\t<div class=\"news-content-excerpt\">\r\n\t\t\t\t\t\t\t\t\t\t\t\t\t\t\t\t\t\t\t<div class=\"news-short-content\">\r\n\t\t\t\t\t\t\t\t\t\t\t\t\t\t\t\t\t\t\t\t\t<\/div>\r\n\t\t\t\t\t\t\t\t\t\t<a href=\"https:\/\/www.silutesmuziejus.lt\/en\/news\/silutes-hugo-sojaus-muziejaus-muziejininku-lokalizuotos-pokario-rezistentu-atminimo-ir-zuties-vietos-silutes-rajone\/\" class=\"news-more-link\">Read More<\/a>\r\n\t\t\t\t\t\t\t\t\t\t\t\t\t\t\t\t\t<\/div><!-- .entry-content -->\r\n\t\t\t\t\t\t\t\t\t\t\t\t\t<\/div>\r\n\t\t\t\t\t<\/div>\r\n\t\t\t\t<\/div><!-- #post-## -->\r\n\t\t\t<\/div><!-- #post-## -->\r\n\t\t\r\n\t\t\t<div id=\"post-10817\" class=\"news type-news wpnaw-blog-class has-date news-col-3 wpnaw-first\">\r\n\t\t\t\t<div class=\"news-inner-wrap-view news-clearfix\">\r\n\r\n\t\t\t\t\t\t\t\t\t\t<div class=\"news-thumb\">\r\n\t\t\t\t\t\t\t\t\t\t\t\t\t<div class=\"grid-news-thumb\">\r\n\t\t\t\t\t\t\t\t<a href=\"https:\/\/www.silutesmuziejus.lt\/en\/news\/v16-signatarai-150-osios-kazimiero-stepono-saulio-gimimo-metines\/\"><img loading=\"lazy\" decoding=\"async\" width=\"768\" height=\"634\" src=\"https:\/\/www.silutesmuziejus.lt\/wp-content\/uploads\/2022\/02\/2-1-768x634.jpg\" class=\"attachment-medium_large size-medium_large wp-post-image\" alt=\"\" srcset=\"https:\/\/www.silutesmuziejus.lt\/wp-content\/uploads\/2022\/02\/2-1-768x634.jpg 768w, https:\/\/www.silutesmuziejus.lt\/wp-content\/uploads\/2022\/02\/2-1-300x248.jpg 300w, https:\/\/www.silutesmuziejus.lt\/wp-content\/uploads\/2022\/02\/2-1-1024x846.jpg 1024w, https:\/\/www.silutesmuziejus.lt\/wp-content\/uploads\/2022\/02\/2-1.jpg 1173w\" sizes=\"(max-width: 768px) 100vw, 768px\" \/><\/a>\r\n\t\t\t\t\t\t\t<\/div>\r\n\t\t\t\t\t\t\t\t\t\t\t<\/div>\r\n\t\t\t\t\t\r\n\t\t\t\t\t<div class=\"news-content\">\r\n\t\t\t\t\t\t\t\t\t\t\t\t\t<div class=\"grid-date-post\">\r\n\t\t\t\t\t\t\t\t2022-02-15\t\t\t\t\t\t\t<\/div>\r\n\t\t\t\t\t\t\r\n\t\t\t\t\t\t<div class=\"post-content-text\">\r\n\t\t\t\t\t\t\t<h3 class=\"news-title\"><a href=\"https:\/\/www.silutesmuziejus.lt\/en\/news\/v16-signatarai-150-osios-kazimiero-stepono-saulio-gimimo-metines\/\" rel=\"bookmark\">Vasario 16-osios  signatarai: 150-osios Kazimiero Stepono \u0160aulio gimimo metin\u0117s<\/a><\/h3>\t\t\t\t\t\t\t\t<div class=\"news-content-excerpt\">\r\n\t\t\t\t\t\t\t\t\t\t\t\t\t\t\t\t\t\t\t<div class=\"news-short-content\">\r\n\t\t\t\t\t\t\t\t\t\t\tMinint Lietuvos valstyb\u0117s atk\u016brimo sukakt\u012f, verta prisiminti, jog tarp dvide\u0161imties Vasario 16-osios akto signatar\u0173 buvo ir m\u016bs\u0173 kra\u0161tietis, \u017demai\u010di\u0173 vyskupijai atstovav\u0119s jos kapitulos kanauninkas, v\u0117liau prelatas, apa\u0161talinis protonotaras Kazimieras Steponas \u0160aulys (1872\u20131964). Steigiamojo Seimo narys, Krik\u0161\u010dioni\u0173 demokrat\u0173 partijos narys, VDU profesorius. \u0160iemet minime 150-\u0105sias Kazimiero Stepono \u0160aulio gimimo metines.\t\t\t\t\t\t\t\t\t\t<\/div>\r\n\t\t\t\t\t\t\t\t\t\t<a href=\"https:\/\/www.silutesmuziejus.lt\/en\/news\/v16-signatarai-150-osios-kazimiero-stepono-saulio-gimimo-metines\/\" class=\"news-more-link\">Read More<\/a>\r\n\t\t\t\t\t\t\t\t\t\t\t\t\t\t\t\t\t<\/div><!-- .entry-content -->\r\n\t\t\t\t\t\t\t\t\t\t\t\t\t<\/div>\r\n\t\t\t\t\t<\/div>\r\n\t\t\t\t<\/div><!-- #post-## -->\r\n\t\t\t<\/div><!-- #post-## -->\r\n\t\t\r\n\t\t\t<div id=\"post-10759\" class=\"news type-news wpnaw-blog-class has-date news-col-3\">\r\n\t\t\t\t<div class=\"news-inner-wrap-view news-clearfix\">\r\n\r\n\t\t\t\t\t\t\t\t\t\t<div class=\"news-thumb\">\r\n\t\t\t\t\t\t\t\t\t\t\t\t\t<div class=\"grid-news-thumb\">\r\n\t\t\t\t\t\t\t\t<a href=\"https:\/\/www.silutesmuziejus.lt\/en\/news\/del-etnografinio-mazosios-lietuvos-regiono-heraldinio-simbolio\/\"><img loading=\"lazy\" decoding=\"async\" width=\"768\" height=\"432\" src=\"https:\/\/www.silutesmuziejus.lt\/wp-content\/uploads\/2022\/01\/Briedis_vireslis-777x437-1-768x432.jpg\" class=\"attachment-medium_large size-medium_large wp-post-image\" alt=\"\" srcset=\"https:\/\/www.silutesmuziejus.lt\/wp-content\/uploads\/2022\/01\/Briedis_vireslis-777x437-1-768x432.jpg 768w, https:\/\/www.silutesmuziejus.lt\/wp-content\/uploads\/2022\/01\/Briedis_vireslis-777x437-1-300x169.jpg 300w, https:\/\/www.silutesmuziejus.lt\/wp-content\/uploads\/2022\/01\/Briedis_vireslis-777x437-1.jpg 777w\" sizes=\"(max-width: 768px) 100vw, 768px\" \/><\/a>\r\n\t\t\t\t\t\t\t<\/div>\r\n\t\t\t\t\t\t\t\t\t\t\t<\/div>\r\n\t\t\t\t\t\r\n\t\t\t\t\t<div class=\"news-content\">\r\n\t\t\t\t\t\t\t\t\t\t\t\t\t<div class=\"grid-date-post\">\r\n\t\t\t\t\t\t\t\t2022-01-26\t\t\t\t\t\t\t<\/div>\r\n\t\t\t\t\t\t\r\n\t\t\t\t\t\t<div class=\"post-content-text\">\r\n\t\t\t\t\t\t\t<h3 class=\"news-title\"><a href=\"https:\/\/www.silutesmuziejus.lt\/en\/news\/del-etnografinio-mazosios-lietuvos-regiono-heraldinio-simbolio\/\" rel=\"bookmark\">D\u0117l etnografinio Ma\u017eosios Lietuvos regiono heraldinio simbolio<\/a><\/h3>\t\t\t\t\t\t\t\t<div class=\"news-content-excerpt\">\r\n\t\t\t\t\t\t\t\t\t\t\t\t\t\t\t\t\t\t\t<div class=\"news-short-content\">\r\n\t\t\t\t\t\t\t\t\t\t\tSi\u016blome susipa\u017einti su Klaip\u0117dos universiteto mokslinink\u0173 \u00a9prof. dr. Vyganto Vareikio ir \u00a9doc. dr. Silvos Pocyt\u0117s 2019 metais parengta (2021 m. atnaujinta) studija, kuri buvo u\u017esakyta Ma\u017eosios Lietuvos etnografinio regiono herbo k\u016brimo grup\u0117s. \t\t\t\t\t\t\t\t\t\t<\/div>\r\n\t\t\t\t\t\t\t\t\t\t<a href=\"https:\/\/www.silutesmuziejus.lt\/en\/news\/del-etnografinio-mazosios-lietuvos-regiono-heraldinio-simbolio\/\" class=\"news-more-link\">Read More<\/a>\r\n\t\t\t\t\t\t\t\t\t\t\t\t\t\t\t\t\t<\/div><!-- .entry-content -->\r\n\t\t\t\t\t\t\t\t\t\t\t\t\t<\/div>\r\n\t\t\t\t\t<\/div>\r\n\t\t\t\t<\/div><!-- #post-## -->\r\n\t\t\t<\/div><!-- #post-## -->\r\n\t\t\r\n\t\t\t<div id=\"post-10665\" class=\"news type-news wpnaw-blog-class has-date news-col-3 wpnaw-last\">\r\n\t\t\t\t<div class=\"news-inner-wrap-view news-clearfix\">\r\n\r\n\t\t\t\t\t\t\t\t\t\t<div class=\"news-thumb\">\r\n\t\t\t\t\t\t\t\t\t\t\t\t\t<div class=\"grid-news-thumb\">\r\n\t\t\t\t\t\t\t\t<a href=\"https:\/\/www.silutesmuziejus.lt\/en\/news\/sveksnos-muziejus-kai-gyvenimai-tampa-istorija\/\"><img loading=\"lazy\" decoding=\"async\" width=\"768\" height=\"480\" src=\"https:\/\/www.silutesmuziejus.lt\/wp-content\/uploads\/2022\/01\/6.-GEK-18826_SVF-688-768x480.jpg\" class=\"attachment-medium_large size-medium_large wp-post-image\" alt=\"\" srcset=\"https:\/\/www.silutesmuziejus.lt\/wp-content\/uploads\/2022\/01\/6.-GEK-18826_SVF-688-768x480.jpg 768w, https:\/\/www.silutesmuziejus.lt\/wp-content\/uploads\/2022\/01\/6.-GEK-18826_SVF-688-300x188.jpg 300w, https:\/\/www.silutesmuziejus.lt\/wp-content\/uploads\/2022\/01\/6.-GEK-18826_SVF-688-1024x640.jpg 1024w, https:\/\/www.silutesmuziejus.lt\/wp-content\/uploads\/2022\/01\/6.-GEK-18826_SVF-688.jpg 1200w\" sizes=\"(max-width: 768px) 100vw, 768px\" \/><\/a>\r\n\t\t\t\t\t\t\t<\/div>\r\n\t\t\t\t\t\t\t\t\t\t\t<\/div>\r\n\t\t\t\t\t\r\n\t\t\t\t\t<div class=\"news-content\">\r\n\t\t\t\t\t\t\t\t\t\t\t\t\t<div class=\"grid-date-post\">\r\n\t\t\t\t\t\t\t\t2022-01-20\t\t\t\t\t\t\t<\/div>\r\n\t\t\t\t\t\t\r\n\t\t\t\t\t\t<div class=\"post-content-text\">\r\n\t\t\t\t\t\t\t<h3 class=\"news-title\"><a href=\"https:\/\/www.silutesmuziejus.lt\/en\/news\/sveksnos-muziejus-kai-gyvenimai-tampa-istorija\/\" rel=\"bookmark\">\u0160v\u0117k\u0161nos muziejus: kai gyvenimai tampa istorija<\/a><\/h3>\t\t\t\t\t\t\t\t<div class=\"news-content-excerpt\">\r\n\t\t\t\t\t\t\t\t\t\t\t\t\t\t\t\t\t\t\t<div class=\"news-short-content\">\r\n\t\t\t\t\t\t\t\t\t\t\t\u0160ilut\u0117s Hugo \u0160ojaus muziejaus \u0160v\u0117k\u0161nos ekspozicija (\u0160v\u0117k\u0161nos muziejus) kasmet sulaukia solidaus skai\u010diaus dovanojam\u0173 eksponat\u0173. Vienais metais j\u0173 b\u016bna daugiau, kitais \u2013 ma\u017eiau, b\u016bna, kad eksponatai papildo pagrindin\u012f arba pagalbin\u012f fondus, ta\u010diau \u0161is straipsnis ne apie skai\u010dius, o apie \u017emones. \t\t\t\t\t\t\t\t\t\t<\/div>\r\n\t\t\t\t\t\t\t\t\t\t<a href=\"https:\/\/www.silutesmuziejus.lt\/en\/news\/sveksnos-muziejus-kai-gyvenimai-tampa-istorija\/\" class=\"news-more-link\">Read More<\/a>\r\n\t\t\t\t\t\t\t\t\t\t\t\t\t\t\t\t\t<\/div><!-- .entry-content -->\r\n\t\t\t\t\t\t\t\t\t\t\t\t\t<\/div>\r\n\t\t\t\t\t<\/div>\r\n\t\t\t\t<\/div><!-- #post-## -->\r\n\t\t\t<\/div><!-- #post-## -->\r\n\t\t\r\n\t\t\t<div id=\"post-10434\" class=\"news type-news wpnaw-blog-class has-date news-col-3 wpnaw-first\">\r\n\t\t\t\t<div class=\"news-inner-wrap-view news-clearfix\">\r\n\r\n\t\t\t\t\t\t\t\t\t\t<div class=\"news-thumb\">\r\n\t\t\t\t\t\t\t\t\t\t\t\t\t<div class=\"grid-news-thumb\">\r\n\t\t\t\t\t\t\t\t<a href=\"https:\/\/www.silutesmuziejus.lt\/en\/news\/tamsusis-paveldas-memorialai-ir-maciku-lageriu-atvejis\/\"><img loading=\"lazy\" decoding=\"async\" width=\"768\" height=\"576\" src=\"https:\/\/www.silutesmuziejus.lt\/wp-content\/uploads\/2021\/12\/0-768x576.jpg\" class=\"attachment-medium_large size-medium_large wp-post-image\" alt=\"\" srcset=\"https:\/\/www.silutesmuziejus.lt\/wp-content\/uploads\/2021\/12\/0-768x576.jpg 768w, https:\/\/www.silutesmuziejus.lt\/wp-content\/uploads\/2021\/12\/0-300x225.jpg 300w, https:\/\/www.silutesmuziejus.lt\/wp-content\/uploads\/2021\/12\/0.jpg 991w\" sizes=\"(max-width: 768px) 100vw, 768px\" \/><\/a>\r\n\t\t\t\t\t\t\t<\/div>\r\n\t\t\t\t\t\t\t\t\t\t\t<\/div>\r\n\t\t\t\t\t\r\n\t\t\t\t\t<div class=\"news-content\">\r\n\t\t\t\t\t\t\t\t\t\t\t\t\t<div class=\"grid-date-post\">\r\n\t\t\t\t\t\t\t\t2021-12-17\t\t\t\t\t\t\t<\/div>\r\n\t\t\t\t\t\t\r\n\t\t\t\t\t\t<div class=\"post-content-text\">\r\n\t\t\t\t\t\t\t<h3 class=\"news-title\"><a href=\"https:\/\/www.silutesmuziejus.lt\/en\/news\/tamsusis-paveldas-memorialai-ir-maciku-lageriu-atvejis\/\" rel=\"bookmark\">Tamsusis paveldas: memorialai ir Macik\u0173 lageri\u0173 atvejis<\/a><\/h3>\t\t\t\t\t\t\t\t<div class=\"news-content-excerpt\">\r\n\t\t\t\t\t\t\t\t\t\t\t\t\t\t\t\t\t\t\t<div class=\"news-short-content\">\r\n\t\t\t\t\t\t\t\t\t\t\t\u0160ilut\u0117s Hugo \u0160ojaus muziejaus istorikai t\u0119sia Lietuvos Respublikos Vyriausyb\u0117s patvirtint\u0105 Macik\u0173 nacistin\u0117s Vokietijos karo belaisvi\u0173 stovyklos ir Soviet\u0173 S\u0105jungos GULAG\u2019o lageri\u0173 objekt\u0173 komplekso priemoni\u0173 vie\u0161inimo bei komunikacijos kryp\u010di\u0173 pristatymo darbus. \t\t\t\t\t\t\t\t\t\t<\/div>\r\n\t\t\t\t\t\t\t\t\t\t<a href=\"https:\/\/www.silutesmuziejus.lt\/en\/news\/tamsusis-paveldas-memorialai-ir-maciku-lageriu-atvejis\/\" class=\"news-more-link\">Read More<\/a>\r\n\t\t\t\t\t\t\t\t\t\t\t\t\t\t\t\t\t<\/div><!-- .entry-content -->\r\n\t\t\t\t\t\t\t\t\t\t\t\t\t<\/div>\r\n\t\t\t\t\t<\/div>\r\n\t\t\t\t<\/div><!-- #post-## -->\r\n\t\t\t<\/div><!-- #post-## -->\r\n\t\t\r\n\t\t\t<div id=\"post-10285\" class=\"news type-news wpnaw-blog-class has-date news-col-3\">\r\n\t\t\t\t<div class=\"news-inner-wrap-view news-clearfix\">\r\n\r\n\t\t\t\t\t\t\t\t\t\t<div class=\"news-thumb\">\r\n\t\t\t\t\t\t\t\t\t\t\t\t\t<div class=\"grid-news-thumb\">\r\n\t\t\t\t\t\t\t\t<a href=\"https:\/\/www.silutesmuziejus.lt\/en\/news\/pagegiu-karo-belaisviu-stovykla-oflager-53\/\"><img loading=\"lazy\" decoding=\"async\" width=\"768\" height=\"1024\" src=\"https:\/\/www.silutesmuziejus.lt\/wp-content\/uploads\/2021\/12\/Pav.-9-768x1024.jpg\" class=\"attachment-medium_large size-medium_large wp-post-image\" alt=\"\" srcset=\"https:\/\/www.silutesmuziejus.lt\/wp-content\/uploads\/2021\/12\/Pav.-9-768x1024.jpg 768w, https:\/\/www.silutesmuziejus.lt\/wp-content\/uploads\/2021\/12\/Pav.-9-225x300.jpg 225w, https:\/\/www.silutesmuziejus.lt\/wp-content\/uploads\/2021\/12\/Pav.-9-1152x1536.jpg 1152w, https:\/\/www.silutesmuziejus.lt\/wp-content\/uploads\/2021\/12\/Pav.-9.jpg 1200w\" sizes=\"(max-width: 768px) 100vw, 768px\" \/><\/a>\r\n\t\t\t\t\t\t\t<\/div>\r\n\t\t\t\t\t\t\t\t\t\t\t<\/div>\r\n\t\t\t\t\t\r\n\t\t\t\t\t<div class=\"news-content\">\r\n\t\t\t\t\t\t\t\t\t\t\t\t\t<div class=\"grid-date-post\">\r\n\t\t\t\t\t\t\t\t2021-12-15\t\t\t\t\t\t\t<\/div>\r\n\t\t\t\t\t\t\r\n\t\t\t\t\t\t<div class=\"post-content-text\">\r\n\t\t\t\t\t\t\t<h3 class=\"news-title\"><a href=\"https:\/\/www.silutesmuziejus.lt\/en\/news\/pagegiu-karo-belaisviu-stovykla-oflager-53\/\" rel=\"bookmark\">Pag\u0117gi\u0173 karo belaisvi\u0173 stovykla \u201eOflager 53\u201c<\/a><\/h3>\t\t\t\t\t\t\t\t<div class=\"news-content-excerpt\">\r\n\t\t\t\t\t\t\t\t\t\t\t\t\t\t\t\t\t\t\t<div class=\"news-short-content\">\r\n\t\t\t\t\t\t\t\t\t\t\t1939 m. rugs\u0117jo 1 d. prasid\u0117jo II Pasaulinis karas. \u012e nelaisv\u0119 buvo paimta daugyb\u0117 kari\u0173. Nacistin\u0117 Vokietija ir Soviet\u0173 S\u0105junga suk\u016br\u0117 karo belaisvi\u0173 ir internuot\u0173j\u0173 lageri\u0173 sistem\u0105. Per 1941\u20131944 metus Vokietijoje ir jos okupuotose \u0161alyse buvo \u012fsteigta 211 \u201eoflag\u0173\u201c ir \u201estalag\u0173\u201c, kuriuose kal\u0117jo 33 tautybi\u0173 karo belaisviai . \u017dodis \u201estalag\u201c yra voki\u0161ko pavadinimo \u201eStammlager f\u00fcr kriegsgefangene Mannschaften und Unteroffiziere\u201c trumpinys, nurodantis, kad tai yra karo belaisvi\u0173 eilini\u0173 ir puskarininki\u0173 stovykla. \t\t\t\t\t\t\t\t\t\t<\/div>\r\n\t\t\t\t\t\t\t\t\t\t<a href=\"https:\/\/www.silutesmuziejus.lt\/en\/news\/pagegiu-karo-belaisviu-stovykla-oflager-53\/\" class=\"news-more-link\">Read More<\/a>\r\n\t\t\t\t\t\t\t\t\t\t\t\t\t\t\t\t\t<\/div><!-- .entry-content -->\r\n\t\t\t\t\t\t\t\t\t\t\t\t\t<\/div>\r\n\t\t\t\t\t<\/div>\r\n\t\t\t\t<\/div><!-- #post-## -->\r\n\t\t\t<\/div><!-- #post-## -->\r\n\t\t\r\n\t\t\t<div id=\"post-10259\" class=\"news type-news wpnaw-blog-class has-date news-col-3 wpnaw-last\">\r\n\t\t\t\t<div class=\"news-inner-wrap-view news-clearfix\">\r\n\r\n\t\t\t\t\t\t\t\t\t\t<div class=\"news-thumb\">\r\n\t\t\t\t\t\t\t\t\t\t\t\t\t<div class=\"grid-news-thumb\">\r\n\t\t\t\t\t\t\t\t<a href=\"https:\/\/www.silutesmuziejus.lt\/en\/news\/maciku-lageriu-atminties-grupes-ir-joms-budingi-naratyvai\/\"><img loading=\"lazy\" decoding=\"async\" width=\"768\" height=\"628\" src=\"https:\/\/www.silutesmuziejus.lt\/wp-content\/uploads\/2021\/12\/Topografine-Maciku-karo-belaisviu-stovyklos-nuotrauka.-Daryta-Amerikieciu-oro-pajegu-zvalgybos-1944-m.-768x628.jpg\" class=\"attachment-medium_large size-medium_large wp-post-image\" alt=\"\" srcset=\"https:\/\/www.silutesmuziejus.lt\/wp-content\/uploads\/2021\/12\/Topografine-Maciku-karo-belaisviu-stovyklos-nuotrauka.-Daryta-Amerikieciu-oro-pajegu-zvalgybos-1944-m.-768x628.jpg 768w, https:\/\/www.silutesmuziejus.lt\/wp-content\/uploads\/2021\/12\/Topografine-Maciku-karo-belaisviu-stovyklos-nuotrauka.-Daryta-Amerikieciu-oro-pajegu-zvalgybos-1944-m.-300x246.jpg 300w, https:\/\/www.silutesmuziejus.lt\/wp-content\/uploads\/2021\/12\/Topografine-Maciku-karo-belaisviu-stovyklos-nuotrauka.-Daryta-Amerikieciu-oro-pajegu-zvalgybos-1944-m.-1024x838.jpg 1024w, https:\/\/www.silutesmuziejus.lt\/wp-content\/uploads\/2021\/12\/Topografine-Maciku-karo-belaisviu-stovyklos-nuotrauka.-Daryta-Amerikieciu-oro-pajegu-zvalgybos-1944-m..jpg 1200w\" sizes=\"(max-width: 768px) 100vw, 768px\" \/><\/a>\r\n\t\t\t\t\t\t\t<\/div>\r\n\t\t\t\t\t\t\t\t\t\t\t<\/div>\r\n\t\t\t\t\t\r\n\t\t\t\t\t<div class=\"news-content\">\r\n\t\t\t\t\t\t\t\t\t\t\t\t\t<div class=\"grid-date-post\">\r\n\t\t\t\t\t\t\t\t2021-12-09\t\t\t\t\t\t\t<\/div>\r\n\t\t\t\t\t\t\r\n\t\t\t\t\t\t<div class=\"post-content-text\">\r\n\t\t\t\t\t\t\t<h3 class=\"news-title\"><a href=\"https:\/\/www.silutesmuziejus.lt\/en\/news\/maciku-lageriu-atminties-grupes-ir-joms-budingi-naratyvai\/\" rel=\"bookmark\">Macik\u0173 lageri\u0173 \u201eatminties grup\u0117s\u201c ir joms b\u016bdingi naratyvai<\/a><\/h3>\t\t\t\t\t\t\t\t<div class=\"news-content-excerpt\">\r\n\t\t\t\t\t\t\t\t\t\t\t\t\t\t\t\t\t\t\t<div class=\"news-short-content\">\r\n\t\t\t\t\t\t\t\t\t\t\t\u0160ilut\u0117s Hugo \u0160ojaus muziejaus istorikai t\u0119sia Lietuvos Respublikos Vyriausyb\u0117s patvirtint\u0105 Macik\u0173 nacistin\u0117s Vokietijos karo belaisvi\u0173 stovyklos ir Soviet\u0173 S\u0105jungos GULAG'o lageri\u0173 objekt\u0173 komplekso priemoni\u0173 vie\u0161inimo bei komunikacijos kryp\u010di\u0173 pristatymo darbus. \u0160\u012f kart\u0105 pristatome KU BRIAI mokslo darbuotojo Dr. Justo Ston\u010diaus mokslin\u012f straipsn\u012f \u201eMacik\u0173 lageri\u0173 \u201eatminties grup\u0117s\u201c ir joms b\u016bdingi naratyvai\u201c. \t\t\t\t\t\t\t\t\t\t<\/div>\r\n\t\t\t\t\t\t\t\t\t\t<a href=\"https:\/\/www.silutesmuziejus.lt\/en\/news\/maciku-lageriu-atminties-grupes-ir-joms-budingi-naratyvai\/\" class=\"news-more-link\">Read More<\/a>\r\n\t\t\t\t\t\t\t\t\t\t\t\t\t\t\t\t\t<\/div><!-- .entry-content -->\r\n\t\t\t\t\t\t\t\t\t\t\t\t\t<\/div>\r\n\t\t\t\t\t<\/div>\r\n\t\t\t\t<\/div><!-- #post-## -->\r\n\t\t\t<\/div><!-- #post-## -->\r\n\t\t\r\n\t\t\t<div id=\"post-9992\" class=\"news type-news wpnaw-blog-class has-date news-col-3 wpnaw-first\">\r\n\t\t\t\t<div class=\"news-inner-wrap-view news-clearfix\">\r\n\r\n\t\t\t\t\t\t\t\t\t\t<div class=\"news-thumb\">\r\n\t\t\t\t\t\t\t\t\t\t\t\t\t<div class=\"grid-news-thumb\">\r\n\t\t\t\t\t\t\t\t<a href=\"https:\/\/www.silutesmuziejus.lt\/en\/news\/nelengva-naumiescio-progimnazijos-pradzia-su-dumais\/\"><img loading=\"lazy\" decoding=\"async\" width=\"768\" height=\"517\" src=\"https:\/\/www.silutesmuziejus.lt\/wp-content\/uploads\/2021\/10\/Mokykla-1924-1925-VIRS-768x517.jpg\" class=\"attachment-medium_large size-medium_large wp-post-image\" alt=\"\" srcset=\"https:\/\/www.silutesmuziejus.lt\/wp-content\/uploads\/2021\/10\/Mokykla-1924-1925-VIRS-768x517.jpg 768w, https:\/\/www.silutesmuziejus.lt\/wp-content\/uploads\/2021\/10\/Mokykla-1924-1925-VIRS-300x202.jpg 300w, https:\/\/www.silutesmuziejus.lt\/wp-content\/uploads\/2021\/10\/Mokykla-1924-1925-VIRS.jpg 800w\" sizes=\"(max-width: 768px) 100vw, 768px\" \/><\/a>\r\n\t\t\t\t\t\t\t<\/div>\r\n\t\t\t\t\t\t\t\t\t\t\t<\/div>\r\n\t\t\t\t\t\r\n\t\t\t\t\t<div class=\"news-content\">\r\n\t\t\t\t\t\t\t\t\t\t\t\t\t<div class=\"grid-date-post\">\r\n\t\t\t\t\t\t\t\t2021-10-26\t\t\t\t\t\t\t<\/div>\r\n\t\t\t\t\t\t\r\n\t\t\t\t\t\t<div class=\"post-content-text\">\r\n\t\t\t\t\t\t\t<h3 class=\"news-title\"><a href=\"https:\/\/www.silutesmuziejus.lt\/en\/news\/nelengva-naumiescio-progimnazijos-pradzia-su-dumais\/\" rel=\"bookmark\">Nelengva Naumies\u010dio progimnazijos prad\u017eia su d\u016bmais<\/a><\/h3>\t\t\t\t\t\t\t\t<div class=\"news-content-excerpt\">\r\n\t\t\t\t\t\t\t\t\t\t\t\t\t\t\t\t\t\t\t<div class=\"news-short-content\">\r\n\t\t\t\t\t\t\t\t\t\t\t1921 m. liepos 1 dien\u0105 \u0160vietimo ministerija dav\u0117 leidim\u0105 Naumies\u010dio vals\u010diaus valdybai atidaryti vidurin\u0119 keturklas\u0119 mokykl\u0105. Nepaprasti tai buvo pirmieji keleri mokslo metai: mokytojams tr\u016bko atlyginim\u0173, mokymo priemoni\u0173, tinkam\u0173 ugdymo procesui s\u0105lyg\u0173. \t\t\t\t\t\t\t\t\t\t<\/div>\r\n\t\t\t\t\t\t\t\t\t\t<a href=\"https:\/\/www.silutesmuziejus.lt\/en\/news\/nelengva-naumiescio-progimnazijos-pradzia-su-dumais\/\" class=\"news-more-link\">Read More<\/a>\r\n\t\t\t\t\t\t\t\t\t\t\t\t\t\t\t\t\t<\/div><!-- .entry-content -->\r\n\t\t\t\t\t\t\t\t\t\t\t\t\t<\/div>\r\n\t\t\t\t\t<\/div>\r\n\t\t\t\t<\/div><!-- #post-## -->\r\n\t\t\t<\/div><!-- #post-## -->\r\n\t\t\r\n\t\t\t<div id=\"post-9923\" class=\"news type-news wpnaw-blog-class has-date news-col-3\">\r\n\t\t\t\t<div class=\"news-inner-wrap-view news-clearfix\">\r\n\r\n\t\t\t\t\t\t\t\t\t\t<div class=\"news-thumb\">\r\n\t\t\t\t\t\t\t\t\t\t\t\t\t<div class=\"grid-news-thumb\">\r\n\t\t\t\t\t\t\t\t<a href=\"https:\/\/www.silutesmuziejus.lt\/en\/news\/kuo-unikalus-penktasis-lietuvos-etnografinis-regionas\/\"><img loading=\"lazy\" decoding=\"async\" width=\"768\" height=\"512\" src=\"https:\/\/www.silutesmuziejus.lt\/wp-content\/uploads\/2021\/10\/DSC_0114-768x512.jpg\" class=\"attachment-medium_large size-medium_large wp-post-image\" alt=\"\" srcset=\"https:\/\/www.silutesmuziejus.lt\/wp-content\/uploads\/2021\/10\/DSC_0114-768x512.jpg 768w, https:\/\/www.silutesmuziejus.lt\/wp-content\/uploads\/2021\/10\/DSC_0114-300x200.jpg 300w, https:\/\/www.silutesmuziejus.lt\/wp-content\/uploads\/2021\/10\/DSC_0114-1024x683.jpg 1024w, https:\/\/www.silutesmuziejus.lt\/wp-content\/uploads\/2021\/10\/DSC_0114.jpg 1200w\" sizes=\"(max-width: 768px) 100vw, 768px\" \/><\/a>\r\n\t\t\t\t\t\t\t<\/div>\r\n\t\t\t\t\t\t\t\t\t\t\t<\/div>\r\n\t\t\t\t\t\r\n\t\t\t\t\t<div class=\"news-content\">\r\n\t\t\t\t\t\t\t\t\t\t\t\t\t<div class=\"grid-date-post\">\r\n\t\t\t\t\t\t\t\t2021-10-19\t\t\t\t\t\t\t<\/div>\r\n\t\t\t\t\t\t\r\n\t\t\t\t\t\t<div class=\"post-content-text\">\r\n\t\t\t\t\t\t\t<h3 class=\"news-title\"><a href=\"https:\/\/www.silutesmuziejus.lt\/en\/news\/kuo-unikalus-penktasis-lietuvos-etnografinis-regionas\/\" rel=\"bookmark\">Kuo unikalus penktasis Lietuvos etnografinis regionas<\/a><\/h3>\t\t\t\t\t\t\t\t<div class=\"news-content-excerpt\">\r\n\t\t\t\t\t\t\t\t\t\t\t\t\t\t\t\t\t\t\t<div class=\"news-short-content\">\r\n\t\t\t\t\t\t\t\t\t\t\tPenktadien\u012f, spalio 15 d., \u0160ilut\u0117s H. \u0160ojaus muziejuje vyko konferencija \u201ePenktojo regiono tapatyb\u0117 \u2013 i\u0161skirtinumas ir unikalumas\u201c. Ji buvo skirta...\t\t\t\t\t\t\t\t\t\t<\/div>\r\n\t\t\t\t\t\t\t\t\t\t<a href=\"https:\/\/www.silutesmuziejus.lt\/en\/news\/kuo-unikalus-penktasis-lietuvos-etnografinis-regionas\/\" class=\"news-more-link\">Read More<\/a>\r\n\t\t\t\t\t\t\t\t\t\t\t\t\t\t\t\t\t<\/div><!-- .entry-content -->\r\n\t\t\t\t\t\t\t\t\t\t\t\t\t<\/div>\r\n\t\t\t\t\t<\/div>\r\n\t\t\t\t<\/div><!-- #post-## -->\r\n\t\t\t<\/div><!-- #post-## -->\r\n\t\t\r\n\t\t\t<div id=\"post-9787\" class=\"news type-news wpnaw-blog-class has-date news-col-3 wpnaw-last\">\r\n\t\t\t\t<div class=\"news-inner-wrap-view news-clearfix\">\r\n\r\n\t\t\t\t\t\t\t\t\t\t<div class=\"news-thumb\">\r\n\t\t\t\t\t\t\t\t\t\t\t\t\t<div class=\"grid-news-thumb\">\r\n\t\t\t\t\t\t\t\t<a href=\"https:\/\/www.silutesmuziejus.lt\/en\/news\/jaunuomenes-mokymas-zemaiciu-naumiestyje-ir-netiketas-atradimas\/\"><img loading=\"lazy\" decoding=\"async\" width=\"768\" height=\"463\" src=\"https:\/\/www.silutesmuziejus.lt\/wp-content\/uploads\/2021\/09\/Pradzios_mokykla-768x463.jpg\" class=\"attachment-medium_large size-medium_large wp-post-image\" alt=\"\" srcset=\"https:\/\/www.silutesmuziejus.lt\/wp-content\/uploads\/2021\/09\/Pradzios_mokykla-768x463.jpg 768w, https:\/\/www.silutesmuziejus.lt\/wp-content\/uploads\/2021\/09\/Pradzios_mokykla-300x181.jpg 300w, https:\/\/www.silutesmuziejus.lt\/wp-content\/uploads\/2021\/09\/Pradzios_mokykla-1024x617.jpg 1024w, https:\/\/www.silutesmuziejus.lt\/wp-content\/uploads\/2021\/09\/Pradzios_mokykla.jpg 1200w\" sizes=\"(max-width: 768px) 100vw, 768px\" \/><\/a>\r\n\t\t\t\t\t\t\t<\/div>\r\n\t\t\t\t\t\t\t\t\t\t\t<\/div>\r\n\t\t\t\t\t\r\n\t\t\t\t\t<div class=\"news-content\">\r\n\t\t\t\t\t\t\t\t\t\t\t\t\t<div class=\"grid-date-post\">\r\n\t\t\t\t\t\t\t\t2021-09-21\t\t\t\t\t\t\t<\/div>\r\n\t\t\t\t\t\t\r\n\t\t\t\t\t\t<div class=\"post-content-text\">\r\n\t\t\t\t\t\t\t<h3 class=\"news-title\"><a href=\"https:\/\/www.silutesmuziejus.lt\/en\/news\/jaunuomenes-mokymas-zemaiciu-naumiestyje-ir-netiketas-atradimas\/\" rel=\"bookmark\">Jaunuomen\u0117s mokymas \u017demai\u010di\u0173 Naumiestyje ir netik\u0117tas atradimas<\/a><\/h3>\t\t\t\t\t\t\t\t<div class=\"news-content-excerpt\">\r\n\t\t\t\t\t\t\t\t\t\t\t\t\t\t\t\t\t\t\t<div class=\"news-short-content\">\r\n\t\t\t\t\t\t\t\t\t\t\tKaip \u017einia, 2021 metai \u017demai\u010di\u0173 Naumies\u010dio gimnazijai (o ir pa\u010diam miesteliui tai svarbu) ypatingi \u2013 minimas 100 met\u0173 gyvavimo jubiliejus. Grupei vietos \u0161viesuoli\u0173 \u0117musis iniciavus 1921 m. liepos 1 dien\u0105 \u0160vietimo ministerija dav\u0117 leidim\u0105 Naumies\u010dio vals\u010diaus valdybai atidaryti vidurin\u0119 keturklas\u0119 mokykl\u0105.   \t\t\t\t\t\t\t\t\t\t<\/div>\r\n\t\t\t\t\t\t\t\t\t\t<a href=\"https:\/\/www.silutesmuziejus.lt\/en\/news\/jaunuomenes-mokymas-zemaiciu-naumiestyje-ir-netiketas-atradimas\/\" class=\"news-more-link\">Read More<\/a>\r\n\t\t\t\t\t\t\t\t\t\t\t\t\t\t\t\t\t<\/div><!-- .entry-content -->\r\n\t\t\t\t\t\t\t\t\t\t\t\t\t<\/div>\r\n\t\t\t\t\t<\/div>\r\n\t\t\t\t<\/div><!-- #post-## -->\r\n\t\t\t<\/div><!-- #post-## -->\r\n\t\t\r\n\t\t\t<div id=\"post-9120\" class=\"news type-news wpnaw-blog-class has-date news-col-3 wpnaw-first\">\r\n\t\t\t\t<div class=\"news-inner-wrap-view news-clearfix\">\r\n\r\n\t\t\t\t\t\t\t\t\t\t<div class=\"news-thumb\">\r\n\t\t\t\t\t\t\t\t\t\t\t\t\t<div class=\"grid-news-thumb\">\r\n\t\t\t\t\t\t\t\t<a href=\"https:\/\/www.silutesmuziejus.lt\/en\/news\/mazosios-lietuvos-velyku-tradicijos\/\"><img loading=\"lazy\" decoding=\"async\" width=\"768\" height=\"442\" src=\"https:\/\/www.silutesmuziejus.lt\/wp-content\/uploads\/2021\/04\/Untitled-1-768x442.png\" class=\"attachment-medium_large size-medium_large wp-post-image\" alt=\"\" srcset=\"https:\/\/www.silutesmuziejus.lt\/wp-content\/uploads\/2021\/04\/Untitled-1-768x442.png 768w, https:\/\/www.silutesmuziejus.lt\/wp-content\/uploads\/2021\/04\/Untitled-1-300x172.png 300w, https:\/\/www.silutesmuziejus.lt\/wp-content\/uploads\/2021\/04\/Untitled-1-1024x589.png 1024w, https:\/\/www.silutesmuziejus.lt\/wp-content\/uploads\/2021\/04\/Untitled-1.png 1849w\" sizes=\"(max-width: 768px) 100vw, 768px\" \/><\/a>\r\n\t\t\t\t\t\t\t<\/div>\r\n\t\t\t\t\t\t\t\t\t\t\t<\/div>\r\n\t\t\t\t\t\r\n\t\t\t\t\t<div class=\"news-content\">\r\n\t\t\t\t\t\t\t\t\t\t\t\t\t<div class=\"grid-date-post\">\r\n\t\t\t\t\t\t\t\t2021-04-02\t\t\t\t\t\t\t<\/div>\r\n\t\t\t\t\t\t\r\n\t\t\t\t\t\t<div class=\"post-content-text\">\r\n\t\t\t\t\t\t\t<h3 class=\"news-title\"><a href=\"https:\/\/www.silutesmuziejus.lt\/en\/news\/mazosios-lietuvos-velyku-tradicijos\/\" rel=\"bookmark\">Ma\u017eosios Lietuvos Velyk\u0173 tradicijos<\/a><\/h3>\t\t\t\t\t\t\t\t<div class=\"news-content-excerpt\">\r\n\t\t\t\t\t\t\t\t\t\t\t\t\t\t\t\t\t\t\t<div class=\"news-short-content\">\r\n\t\t\t\t\t\t\t\t\t\t\t\u0160iemet bus antrosios Velykos, kurias sutiksime karantine. Nors negalime aplankyti artim\u0173j\u0173 ir pilnaverti\u0161kai puosel\u0117ti sav\u0173j\u0173 tradicij\u0173, prisiminkime, kaip \u0161i\u0105 \u0161vent\u0119 anks\u010diau \u0161v\u0119sdavo m\u016bs\u0173 t\u0117vai, seneliai ir kiti prot\u0117viai, Ma\u017eosios Lietuvos gyventojai.\t\t\t\t\t\t\t\t\t\t<\/div>\r\n\t\t\t\t\t\t\t\t\t\t<a href=\"https:\/\/www.silutesmuziejus.lt\/en\/news\/mazosios-lietuvos-velyku-tradicijos\/\" class=\"news-more-link\">Read More<\/a>\r\n\t\t\t\t\t\t\t\t\t\t\t\t\t\t\t\t\t<\/div><!-- .entry-content -->\r\n\t\t\t\t\t\t\t\t\t\t\t\t\t<\/div>\r\n\t\t\t\t\t<\/div>\r\n\t\t\t\t<\/div><!-- #post-## -->\r\n\t\t\t<\/div><!-- #post-## -->\r\n\t\t\r\n\t\t\t<div id=\"post-9048\" class=\"news type-news wpnaw-blog-class has-date news-col-3\">\r\n\t\t\t\t<div class=\"news-inner-wrap-view news-clearfix\">\r\n\r\n\t\t\t\t\t\t\t\t\t\t<div class=\"news-thumb\">\r\n\t\t\t\t\t\t\t\t\t\t\t\t\t<div class=\"grid-news-thumb\">\r\n\t\t\t\t\t\t\t\t<a href=\"https:\/\/www.silutesmuziejus.lt\/en\/news\/kelias-i-lietuvos-nepriklausomybes-atkurima\/\"><img loading=\"lazy\" decoding=\"async\" width=\"768\" height=\"512\" src=\"https:\/\/www.silutesmuziejus.lt\/wp-content\/uploads\/2021\/03\/Vilnius-1987-m.-rugpj\u016b\u010dio-23-d.-Fotografas-nenurodytas.-Lietuvos-ypatingasis-archyvas.-f.-1771-ap.-270-b.-182-l.-63-768x512.jpg\" class=\"attachment-medium_large size-medium_large wp-post-image\" alt=\"\" srcset=\"https:\/\/www.silutesmuziejus.lt\/wp-content\/uploads\/2021\/03\/Vilnius-1987-m.-rugpj\u016b\u010dio-23-d.-Fotografas-nenurodytas.-Lietuvos-ypatingasis-archyvas.-f.-1771-ap.-270-b.-182-l.-63-768x512.jpg 768w, https:\/\/www.silutesmuziejus.lt\/wp-content\/uploads\/2021\/03\/Vilnius-1987-m.-rugpj\u016b\u010dio-23-d.-Fotografas-nenurodytas.-Lietuvos-ypatingasis-archyvas.-f.-1771-ap.-270-b.-182-l.-63-300x200.jpg 300w, https:\/\/www.silutesmuziejus.lt\/wp-content\/uploads\/2021\/03\/Vilnius-1987-m.-rugpj\u016b\u010dio-23-d.-Fotografas-nenurodytas.-Lietuvos-ypatingasis-archyvas.-f.-1771-ap.-270-b.-182-l.-63.jpg 800w\" sizes=\"(max-width: 768px) 100vw, 768px\" \/><\/a>\r\n\t\t\t\t\t\t\t<\/div>\r\n\t\t\t\t\t\t\t\t\t\t\t<\/div>\r\n\t\t\t\t\t\r\n\t\t\t\t\t<div class=\"news-content\">\r\n\t\t\t\t\t\t\t\t\t\t\t\t\t<div class=\"grid-date-post\">\r\n\t\t\t\t\t\t\t\t2021-03-11\t\t\t\t\t\t\t<\/div>\r\n\t\t\t\t\t\t\r\n\t\t\t\t\t\t<div class=\"post-content-text\">\r\n\t\t\t\t\t\t\t<h3 class=\"news-title\"><a href=\"https:\/\/www.silutesmuziejus.lt\/en\/news\/kelias-i-lietuvos-nepriklausomybes-atkurima\/\" rel=\"bookmark\">Kelias \u012f Lietuvos Nepriklausomyb\u0117s atk\u016brim\u0105<\/a><\/h3>\t\t\t\t\t\t\t\t<div class=\"news-content-excerpt\">\r\n\t\t\t\t\t\t\t\t\t\t\t\t\t\t\t\t\t\t\t<div class=\"news-short-content\">\r\n\t\t\t\t\t\t\t\t\t\t\tKovo 11-oji yra viena svarbiausi\u0173 Lietuvos valstyb\u0117s istorijos dat\u0173. \u0160iais metais sukanka 31 metai, kai Lietuva, pirmoji i\u0161 SSRS okupuot\u0173 kra\u0161t\u0173, paskelb\u0117 atkurianti Lietuvos Nepriklausomyb\u0119.\t\t\t\t\t\t\t\t\t\t<\/div>\r\n\t\t\t\t\t\t\t\t\t\t<a href=\"https:\/\/www.silutesmuziejus.lt\/en\/news\/kelias-i-lietuvos-nepriklausomybes-atkurima\/\" class=\"news-more-link\">Read More<\/a>\r\n\t\t\t\t\t\t\t\t\t\t\t\t\t\t\t\t\t<\/div><!-- .entry-content -->\r\n\t\t\t\t\t\t\t\t\t\t\t\t\t<\/div>\r\n\t\t\t\t\t<\/div>\r\n\t\t\t\t<\/div><!-- #post-## -->\r\n\t\t\t<\/div><!-- #post-## -->\r\n\t\t\r\n\t\t\t<div id=\"post-9040\" class=\"news type-news wpnaw-blog-class has-date news-col-3 wpnaw-last\">\r\n\t\t\t\t<div class=\"news-inner-wrap-view news-clearfix\">\r\n\r\n\t\t\t\t\t\t\t\t\t\t<div class=\"news-thumb\">\r\n\t\t\t\t\t\t\t\t\t\t\t\t\t<div class=\"grid-news-thumb\">\r\n\t\t\t\t\t\t\t\t<a href=\"https:\/\/www.silutesmuziejus.lt\/en\/news\/ka-sudejo-benediktas-orentas-i-naumiescio-istorija\/\"><img loading=\"lazy\" decoding=\"async\" width=\"750\" height=\"908\" src=\"https:\/\/www.silutesmuziejus.lt\/wp-content\/uploads\/2021\/02\/Benediktas-Orentas_Stasio-M\u0117linausko-nuotrauka.jpg\" class=\"attachment-medium_large size-medium_large wp-post-image\" alt=\"\" srcset=\"https:\/\/www.silutesmuziejus.lt\/wp-content\/uploads\/2021\/02\/Benediktas-Orentas_Stasio-M\u0117linausko-nuotrauka.jpg 750w, https:\/\/www.silutesmuziejus.lt\/wp-content\/uploads\/2021\/02\/Benediktas-Orentas_Stasio-M\u0117linausko-nuotrauka-248x300.jpg 248w\" sizes=\"(max-width: 750px) 100vw, 750px\" \/><\/a>\r\n\t\t\t\t\t\t\t<\/div>\r\n\t\t\t\t\t\t\t\t\t\t\t<\/div>\r\n\t\t\t\t\t\r\n\t\t\t\t\t<div class=\"news-content\">\r\n\t\t\t\t\t\t\t\t\t\t\t\t\t<div class=\"grid-date-post\">\r\n\t\t\t\t\t\t\t\t2021-02-24\t\t\t\t\t\t\t<\/div>\r\n\t\t\t\t\t\t\r\n\t\t\t\t\t\t<div class=\"post-content-text\">\r\n\t\t\t\t\t\t\t<h3 class=\"news-title\"><a href=\"https:\/\/www.silutesmuziejus.lt\/en\/news\/ka-sudejo-benediktas-orentas-i-naumiescio-istorija\/\" rel=\"bookmark\">K\u0105 sud\u0117jo Benediktas Orentas \u012f Naumies\u010dio istorij\u0105<\/a><\/h3>\t\t\t\t\t\t\t\t<div class=\"news-content-excerpt\">\r\n\t\t\t\t\t\t\t\t\t\t\t\t\t\t\t\t\t\t\t<div class=\"news-short-content\">\r\n\t\t\t\t\t\t\t\t\t\t\tNaumiesti\u0161kiai, ypa\u010d vyresn\u0117s kartos, \u017eino, koki\u0105 pla\u010di\u0105 kult\u016bros vag\u0105 \u0161iame miestelyje yra i\u0161var\u0119s nuo pra\u0117jusio am\u017eiaus \u0161e\u0161to de\u0161imtme\u010dio \u017demai\u010di\u0173 Naumies\u010dio vidurin\u0117je mokykloje istorijos mokytoju dirb\u0119s Benediktas Orentas. \t\t\t\t\t\t\t\t\t\t<\/div>\r\n\t\t\t\t\t\t\t\t\t\t<a href=\"https:\/\/www.silutesmuziejus.lt\/en\/news\/ka-sudejo-benediktas-orentas-i-naumiescio-istorija\/\" class=\"news-more-link\">Read More<\/a>\r\n\t\t\t\t\t\t\t\t\t\t\t\t\t\t\t\t\t<\/div><!-- .entry-content -->\r\n\t\t\t\t\t\t\t\t\t\t\t\t\t<\/div>\r\n\t\t\t\t\t<\/div>\r\n\t\t\t\t<\/div><!-- #post-## -->\r\n\t\t\t<\/div><!-- #post-## -->\r\n\t\t\r\n\t\t\t<div id=\"post-9026\" class=\"news type-news wpnaw-blog-class has-date news-col-3 wpnaw-first\">\r\n\t\t\t\t<div class=\"news-inner-wrap-view news-clearfix\">\r\n\r\n\t\t\t\t\t\t\t\t\t\t<div class=\"news-thumb\">\r\n\t\t\t\t\t\t\t\t\t\t\t\t\t<div class=\"grid-news-thumb\">\r\n\t\t\t\t\t\t\t\t<a href=\"https:\/\/www.silutesmuziejus.lt\/en\/news\/silokarcemos-silutes-istorija-2\/\"><img loading=\"lazy\" decoding=\"async\" width=\"768\" height=\"540\" src=\"https:\/\/www.silutesmuziejus.lt\/wp-content\/uploads\/2021\/02\/3.1-Turgus-F102-768x540.jpg\" class=\"attachment-medium_large size-medium_large wp-post-image\" alt=\"\" srcset=\"https:\/\/www.silutesmuziejus.lt\/wp-content\/uploads\/2021\/02\/3.1-Turgus-F102-768x540.jpg 768w, https:\/\/www.silutesmuziejus.lt\/wp-content\/uploads\/2021\/02\/3.1-Turgus-F102-300x211.jpg 300w, https:\/\/www.silutesmuziejus.lt\/wp-content\/uploads\/2021\/02\/3.1-Turgus-F102-1024x721.jpg 1024w, https:\/\/www.silutesmuziejus.lt\/wp-content\/uploads\/2021\/02\/3.1-Turgus-F102.jpg 1988w\" sizes=\"(max-width: 768px) 100vw, 768px\" \/><\/a>\r\n\t\t\t\t\t\t\t<\/div>\r\n\t\t\t\t\t\t\t\t\t\t\t<\/div>\r\n\t\t\t\t\t\r\n\t\t\t\t\t<div class=\"news-content\">\r\n\t\t\t\t\t\t\t\t\t\t\t\t\t<div class=\"grid-date-post\">\r\n\t\t\t\t\t\t\t\t2021-02-22\t\t\t\t\t\t\t<\/div>\r\n\t\t\t\t\t\t\r\n\t\t\t\t\t\t<div class=\"post-content-text\">\r\n\t\t\t\t\t\t\t<h3 class=\"news-title\"><a href=\"https:\/\/www.silutesmuziejus.lt\/en\/news\/silokarcemos-silutes-istorija-2\/\" rel=\"bookmark\">\u0160ilokar\u010demos (\u0160ilut\u0117s) istorija<\/a><\/h3>\t\t\t\t\t\t\t\t<div class=\"news-content-excerpt\">\r\n\t\t\t\t\t\t\t\t\t\t\t\t\t\t\t\t\t\t\t<div class=\"news-short-content\">\r\n\t\t\t\t\t\t\t\t\t\t\t\u0160iemet \u0160ilut\u0117 \u0161ven\u010dia gyvenviet\u0117s \u012fk\u016brimo 510 met\u0173 jubiliej\u0173 ir miesto teisi\u0173 suteikimo 80 met\u0173 jubiliej\u0173. Pirmasis ra\u0161ytinis \u0161altinis, kuriame minima gyvenviet\u0117s u\u017euomazga, siejamas su 1511 metais i\u0161duota privilegija nuomoti kar\u010dem\u0105 \u0161ile.\t\t\t\t\t\t\t\t\t\t<\/div>\r\n\t\t\t\t\t\t\t\t\t\t<a href=\"https:\/\/www.silutesmuziejus.lt\/en\/news\/silokarcemos-silutes-istorija-2\/\" class=\"news-more-link\">Read More<\/a>\r\n\t\t\t\t\t\t\t\t\t\t\t\t\t\t\t\t\t<\/div><!-- .entry-content -->\r\n\t\t\t\t\t\t\t\t\t\t\t\t\t<\/div>\r\n\t\t\t\t\t<\/div>\r\n\t\t\t\t<\/div><!-- #post-## -->\r\n\t\t\t<\/div><!-- #post-## -->\r\n\t\t\r\n\t\t\t<div id=\"post-8950\" class=\"news type-news wpnaw-blog-class has-date news-col-3\">\r\n\t\t\t\t<div class=\"news-inner-wrap-view news-clearfix\">\r\n\r\n\t\t\t\t\t\t\t\t\t\t<div class=\"news-thumb\">\r\n\t\t\t\t\t\t\t\t\t\t\t\t\t<div class=\"grid-news-thumb\">\r\n\t\t\t\t\t\t\t\t<a href=\"https:\/\/www.silutesmuziejus.lt\/en\/news\/silutes-kasto-indelis-i-1918-m-vasario-16-aja\/\"><img loading=\"lazy\" decoding=\"async\" width=\"768\" height=\"576\" src=\"https:\/\/www.silutesmuziejus.lt\/wp-content\/uploads\/2021\/02\/150616505_5037798162960584_199910631357063165_n-768x576.jpg\" class=\"attachment-medium_large size-medium_large wp-post-image\" alt=\"\" srcset=\"https:\/\/www.silutesmuziejus.lt\/wp-content\/uploads\/2021\/02\/150616505_5037798162960584_199910631357063165_n-768x576.jpg 768w, https:\/\/www.silutesmuziejus.lt\/wp-content\/uploads\/2021\/02\/150616505_5037798162960584_199910631357063165_n-300x225.jpg 300w, https:\/\/www.silutesmuziejus.lt\/wp-content\/uploads\/2021\/02\/150616505_5037798162960584_199910631357063165_n.jpg 960w\" sizes=\"(max-width: 768px) 100vw, 768px\" \/><\/a>\r\n\t\t\t\t\t\t\t<\/div>\r\n\t\t\t\t\t\t\t\t\t\t\t<\/div>\r\n\t\t\t\t\t\r\n\t\t\t\t\t<div class=\"news-content\">\r\n\t\t\t\t\t\t\t\t\t\t\t\t\t<div class=\"grid-date-post\">\r\n\t\t\t\t\t\t\t\t2021-02-16\t\t\t\t\t\t\t<\/div>\r\n\t\t\t\t\t\t\r\n\t\t\t\t\t\t<div class=\"post-content-text\">\r\n\t\t\t\t\t\t\t<h3 class=\"news-title\"><a href=\"https:\/\/www.silutesmuziejus.lt\/en\/news\/silutes-kasto-indelis-i-1918-m-vasario-16-aja\/\" rel=\"bookmark\">\u0160ilut\u0117s ka\u0161to ind\u0117lis \u012f 1918 m. vasario 16-\u0105j\u0105<\/a><\/h3>\t\t\t\t\t\t\t\t<div class=\"news-content-excerpt\">\r\n\t\t\t\t\t\t\t\t\t\t\t\t\t\t\t\t\t\t\t<div class=\"news-short-content\">\r\n\t\t\t\t\t\t\t\t\t\t\t1918 m. vasario 16 d. Vilniuje Lietuvos tautin\u0117s tarybos pasira\u0161ytas Lietuvos nepriklausomyb\u0117s Aktas yra vienas reik\u0161mingiausi\u0173 XX a. lietuvi\u0161k\u0173 dokument\u0173. Akte buvo skelbiama, kad atkuriama Lietuvos Valstyb\u0117, ir ji atsi\u017eada nuo vis\u0173 valstybini\u0173 ry\u0161i\u0173, \t\t\t\t\t\t\t\t\t\t<\/div>\r\n\t\t\t\t\t\t\t\t\t\t<a href=\"https:\/\/www.silutesmuziejus.lt\/en\/news\/silutes-kasto-indelis-i-1918-m-vasario-16-aja\/\" class=\"news-more-link\">Read More<\/a>\r\n\t\t\t\t\t\t\t\t\t\t\t\t\t\t\t\t\t<\/div><!-- .entry-content -->\r\n\t\t\t\t\t\t\t\t\t\t\t\t\t<\/div>\r\n\t\t\t\t\t<\/div>\r\n\t\t\t\t<\/div><!-- #post-## -->\r\n\t\t\t<\/div><!-- #post-## -->\r\n\t\t\r\n\t\t\t<div id=\"post-8948\" class=\"news type-news wpnaw-blog-class has-date news-col-3 wpnaw-last\">\r\n\t\t\t\t<div class=\"news-inner-wrap-view news-clearfix\">\r\n\r\n\t\t\t\t\t\t\t\t\t\t<div class=\"news-thumb\">\r\n\t\t\t\t\t\t\t\t\t\t\t\t\t<div class=\"grid-news-thumb\">\r\n\t\t\t\t\t\t\t\t<a href=\"https:\/\/www.silutesmuziejus.lt\/en\/news\/senosios-mazosios-lietuvos-uzgaveniu-tradicijos\/\"><img loading=\"lazy\" decoding=\"async\" width=\"752\" height=\"1008\" src=\"https:\/\/www.silutesmuziejus.lt\/wp-content\/uploads\/2021\/02\/150591786_802986560598588_8887615659255464686_n.jpg\" class=\"attachment-medium_large size-medium_large wp-post-image\" alt=\"\" srcset=\"https:\/\/www.silutesmuziejus.lt\/wp-content\/uploads\/2021\/02\/150591786_802986560598588_8887615659255464686_n.jpg 752w, https:\/\/www.silutesmuziejus.lt\/wp-content\/uploads\/2021\/02\/150591786_802986560598588_8887615659255464686_n-224x300.jpg 224w\" sizes=\"(max-width: 752px) 100vw, 752px\" \/><\/a>\r\n\t\t\t\t\t\t\t<\/div>\r\n\t\t\t\t\t\t\t\t\t\t\t<\/div>\r\n\t\t\t\t\t\r\n\t\t\t\t\t<div class=\"news-content\">\r\n\t\t\t\t\t\t\t\t\t\t\t\t\t<div class=\"grid-date-post\">\r\n\t\t\t\t\t\t\t\t2021-02-16\t\t\t\t\t\t\t<\/div>\r\n\t\t\t\t\t\t\r\n\t\t\t\t\t\t<div class=\"post-content-text\">\r\n\t\t\t\t\t\t\t<h3 class=\"news-title\"><a href=\"https:\/\/www.silutesmuziejus.lt\/en\/news\/senosios-mazosios-lietuvos-uzgaveniu-tradicijos\/\" rel=\"bookmark\">Senosios Ma\u017eosios Lietuvos U\u017egav\u0117ni\u0173 tradicijos<\/a><\/h3>\t\t\t\t\t\t\t\t<div class=\"news-content-excerpt\">\r\n\t\t\t\t\t\t\t\t\t\t\t\t\t\t\t\t\t\t\t<div class=\"news-short-content\">\r\n\t\t\t\t\t\t\t\t\t\t\tiemet U\u017egav\u0117n\u0117s minimos kartu su valstyb\u0117s atk\u016brimo \u0161vente \u2013 Vasario 16 diena. Apie j\u0105 \u017einoma daug, did\u017eiuojamasi paskelbtu dokumentu, bet ar yra \u017einoma, kaip tuo metu, kai jis buvo rengiamas, buvo \u012fprasta \u0161v\u0119sti U\u017egav\u0117nes? Kadangi \u0160ilut\u0117s kra\u0161tas priklauso Ma\u017eosios Lietuvos etnografiniam regionui, straipsnyje pristatysime jo tradicijas. \t\t\t\t\t\t\t\t\t\t<\/div>\r\n\t\t\t\t\t\t\t\t\t\t<a href=\"https:\/\/www.silutesmuziejus.lt\/en\/news\/senosios-mazosios-lietuvos-uzgaveniu-tradicijos\/\" class=\"news-more-link\">Read More<\/a>\r\n\t\t\t\t\t\t\t\t\t\t\t\t\t\t\t\t\t<\/div><!-- .entry-content -->\r\n\t\t\t\t\t\t\t\t\t\t\t\t\t<\/div>\r\n\t\t\t\t\t<\/div>\r\n\t\t\t\t<\/div><!-- #post-## -->\r\n\t\t\t<\/div><!-- #post-## -->\r\n\t\t\r\n\t\t\t<div id=\"post-8532\" class=\"news type-news wpnaw-blog-class has-date news-col-3 wpnaw-first\">\r\n\t\t\t\t<div class=\"news-inner-wrap-view news-clearfix\">\r\n\r\n\t\t\t\t\t\t\t\t\t\t<div class=\"news-thumb\">\r\n\t\t\t\t\t\t\t\t\t\t\t\t\t<div class=\"grid-news-thumb\">\r\n\t\t\t\t\t\t\t\t<a href=\"https:\/\/www.silutesmuziejus.lt\/en\/news\/maciku-lageriu-komplekso-svarba-tamsiojo-paveldo-poziuriu\/\"><img loading=\"lazy\" decoding=\"async\" width=\"768\" height=\"432\" src=\"https:\/\/www.silutesmuziejus.lt\/wp-content\/uploads\/2020\/12\/Virs_Macik-777x437-768x432.jpg\" class=\"attachment-medium_large size-medium_large wp-post-image\" alt=\"\" srcset=\"https:\/\/www.silutesmuziejus.lt\/wp-content\/uploads\/2020\/12\/Virs_Macik-777x437-768x432.jpg 768w, https:\/\/www.silutesmuziejus.lt\/wp-content\/uploads\/2020\/12\/Virs_Macik-777x437-300x169.jpg 300w, https:\/\/www.silutesmuziejus.lt\/wp-content\/uploads\/2020\/12\/Virs_Macik-777x437.jpg 777w\" sizes=\"(max-width: 768px) 100vw, 768px\" \/><\/a>\r\n\t\t\t\t\t\t\t<\/div>\r\n\t\t\t\t\t\t\t\t\t\t\t<\/div>\r\n\t\t\t\t\t\r\n\t\t\t\t\t<div class=\"news-content\">\r\n\t\t\t\t\t\t\t\t\t\t\t\t\t<div class=\"grid-date-post\">\r\n\t\t\t\t\t\t\t\t2020-12-16\t\t\t\t\t\t\t<\/div>\r\n\t\t\t\t\t\t\r\n\t\t\t\t\t\t<div class=\"post-content-text\">\r\n\t\t\t\t\t\t\t<h3 class=\"news-title\"><a href=\"https:\/\/www.silutesmuziejus.lt\/en\/news\/maciku-lageriu-komplekso-svarba-tamsiojo-paveldo-poziuriu\/\" rel=\"bookmark\">Macik\u0173 lageri\u0173 komplekso svarba \u201eTamsiojo paveldo\u201c po\u017ei\u016briu<\/a><\/h3>\t\t\t\t\t\t\t\t<div class=\"news-content-excerpt\">\r\n\t\t\t\t\t\t\t\t\t\t\t\t\t\t\t\t\t\t\t<div class=\"news-short-content\">\r\n\t\t\t\t\t\t\t\t\t\t\t\u012egyvendinant Macik\u0173 nacistin\u0117s Vokietijos karo belaisvi\u0173 stovyklos ir Soviet\u0173 S\u0105jungos GULAG\u2018o lageri\u0173 objekt\u0173 komplekso (1941-1955 m.) sutvarkymo koncepcij\u0105 ir jos \u012fgyvendinimo 2019-2024 m. veiksm\u0173 plan\u0105, Klaip\u0117dos universiteto, Baltijos regiono istorijos ir archeologijos instituto darbuotojai atliko tyrimus u\u017esienio valstybi\u0173 archyvuose. Juose susipa\u017eino su saugomais dokumentais, memuaristika, \u012fvairiais am\u017einink\u0173 liudijimais ir kitais \u0161altiniais, kuri\u0173 pagrindu pareng\u0117 mokslinius straipsnius.\t\t\t\t\t\t\t\t\t\t<\/div>\r\n\t\t\t\t\t\t\t\t\t\t<a href=\"https:\/\/www.silutesmuziejus.lt\/en\/news\/maciku-lageriu-komplekso-svarba-tamsiojo-paveldo-poziuriu\/\" class=\"news-more-link\">Read More<\/a>\r\n\t\t\t\t\t\t\t\t\t\t\t\t\t\t\t\t\t<\/div><!-- .entry-content -->\r\n\t\t\t\t\t\t\t\t\t\t\t\t\t<\/div>\r\n\t\t\t\t\t<\/div>\r\n\t\t\t\t<\/div><!-- #post-## -->\r\n\t\t\t<\/div><!-- #post-## -->\r\n\t\t\r\n\t\t\t<div id=\"post-7521\" class=\"news type-news wpnaw-blog-class has-date news-col-3\">\r\n\t\t\t\t<div class=\"news-inner-wrap-view news-clearfix\">\r\n\r\n\t\t\t\t\t\t\t\t\t\t<div class=\"news-thumb\">\r\n\t\t\t\t\t\t\t\t\t\t\t\t\t<div class=\"grid-news-thumb\">\r\n\t\t\t\t\t\t\t\t<a href=\"https:\/\/www.silutesmuziejus.lt\/en\/news\/1589714\/\"><img loading=\"lazy\" decoding=\"async\" width=\"768\" height=\"415\" src=\"https:\/\/www.silutesmuziejus.lt\/wp-content\/uploads\/2020\/07\/Untitled-768x415.png\" class=\"attachment-medium_large size-medium_large wp-post-image\" alt=\"\" srcset=\"https:\/\/www.silutesmuziejus.lt\/wp-content\/uploads\/2020\/07\/Untitled-768x415.png 768w, https:\/\/www.silutesmuziejus.lt\/wp-content\/uploads\/2020\/07\/Untitled-300x162.png 300w, https:\/\/www.silutesmuziejus.lt\/wp-content\/uploads\/2020\/07\/Untitled-1024x554.png 1024w, https:\/\/www.silutesmuziejus.lt\/wp-content\/uploads\/2020\/07\/Untitled.png 1067w\" sizes=\"(max-width: 768px) 100vw, 768px\" \/><\/a>\r\n\t\t\t\t\t\t\t<\/div>\r\n\t\t\t\t\t\t\t\t\t\t\t<\/div>\r\n\t\t\t\t\t\r\n\t\t\t\t\t<div class=\"news-content\">\r\n\t\t\t\t\t\t\t\t\t\t\t\t\t<div class=\"grid-date-post\">\r\n\t\t\t\t\t\t\t\t2020-07-09\t\t\t\t\t\t\t<\/div>\r\n\t\t\t\t\t\t\r\n\t\t\t\t\t\t<div class=\"post-content-text\">\r\n\t\t\t\t\t\t\t<h3 class=\"news-title\"><a href=\"https:\/\/www.silutesmuziejus.lt\/en\/news\/1589714\/\" rel=\"bookmark\">Macik\u0173 lageri\u0173 2019 m. archeologini\u0173 \u017evalgym\u0173 ataskaita<\/a><\/h3>\t\t\t\t\t\t\t\t<div class=\"news-content-excerpt\">\r\n\t\t\t\t\t\t\t\t\t\t\t\t\t\t\t\t\t\t\t<div class=\"news-short-content\">\r\n\t\t\t\t\t\t\t\t\t\t\t2019 m. \u0160ilut\u0117s r. sav., Macik\u0173 k., teritorijoje \u0161alia H. Zudermano g. buvo atlikti nedestruktyv\u016bs archeologiniai \u017evalgymai.\t\t\t\t\t\t\t\t\t\t<\/div>\r\n\t\t\t\t\t\t\t\t\t\t<a href=\"https:\/\/www.silutesmuziejus.lt\/en\/news\/1589714\/\" class=\"news-more-link\">Read More<\/a>\r\n\t\t\t\t\t\t\t\t\t\t\t\t\t\t\t\t\t<\/div><!-- .entry-content -->\r\n\t\t\t\t\t\t\t\t\t\t\t\t\t<\/div>\r\n\t\t\t\t\t<\/div>\r\n\t\t\t\t<\/div><!-- #post-## -->\r\n\t\t\t<\/div><!-- #post-## -->\r\n\t\t\r\n\t\t\t<div id=\"post-7453\" class=\"news type-news wpnaw-blog-class has-date news-col-3 wpnaw-last\">\r\n\t\t\t\t<div class=\"news-inner-wrap-view news-clearfix\">\r\n\r\n\t\t\t\t\t\t\t\t\t\t<div class=\"news-thumb\">\r\n\t\t\t\t\t\t\t\t\t\t\t\t\t<div class=\"grid-news-thumb\">\r\n\t\t\t\t\t\t\t\t<a href=\"https:\/\/www.silutesmuziejus.lt\/en\/news\/kai-kupa-kupoles-per-kupoles\/\"><img loading=\"lazy\" decoding=\"async\" width=\"768\" height=\"543\" src=\"https:\/\/www.silutesmuziejus.lt\/wp-content\/uploads\/2020\/06\/jonin\u0117s-4-768x543.jpg\" class=\"attachment-medium_large size-medium_large wp-post-image\" alt=\"\" srcset=\"https:\/\/www.silutesmuziejus.lt\/wp-content\/uploads\/2020\/06\/jonin\u0117s-4-768x543.jpg 768w, https:\/\/www.silutesmuziejus.lt\/wp-content\/uploads\/2020\/06\/jonin\u0117s-4-300x212.jpg 300w, https:\/\/www.silutesmuziejus.lt\/wp-content\/uploads\/2020\/06\/jonin\u0117s-4-1024x724.jpg 1024w, https:\/\/www.silutesmuziejus.lt\/wp-content\/uploads\/2020\/06\/jonin\u0117s-4.jpg 1200w\" sizes=\"(max-width: 768px) 100vw, 768px\" \/><\/a>\r\n\t\t\t\t\t\t\t<\/div>\r\n\t\t\t\t\t\t\t\t\t\t\t<\/div>\r\n\t\t\t\t\t\r\n\t\t\t\t\t<div class=\"news-content\">\r\n\t\t\t\t\t\t\t\t\t\t\t\t\t<div class=\"grid-date-post\">\r\n\t\t\t\t\t\t\t\t2020-06-23\t\t\t\t\t\t\t<\/div>\r\n\t\t\t\t\t\t\r\n\t\t\t\t\t\t<div class=\"post-content-text\">\r\n\t\t\t\t\t\t\t<h3 class=\"news-title\"><a href=\"https:\/\/www.silutesmuziejus.lt\/en\/news\/kai-kupa-kupoles-per-kupoles\/\" rel=\"bookmark\">Kai kupa kupol\u0117s per Kupoles<\/a><\/h3>\t\t\t\t\t\t\t\t<div class=\"news-content-excerpt\">\r\n\t\t\t\t\t\t\t\t\t\t\t\t\t\t\t\t\t\t\t<div class=\"news-short-content\">\r\n\t\t\t\t\t\t\t\t\t\t\tNuostabus dabar metas\u2026 Saul\u0117 pa\u010dioje savo kelio vir\u0161\u016bn\u0117je, dienos pa\u010dios ilgiausios ir \u0161viesiausios. Visa augalija klesti, ve\u0161i, kupa. Tai vasaros saul\u0117gr\u0105\u017ea. Po jos gamta ima krypti \u012f ruden\u012f, tad privalu t\u0105 pakilim\u0105 at\u0161v\u0119sti, pamin\u0117ti, kad b\u016bsimas derlius b\u016bt\u0173 gausus, sveikata gera, gyvenimas s\u0117kmingas. \t\t\t\t\t\t\t\t\t\t<\/div>\r\n\t\t\t\t\t\t\t\t\t\t<a href=\"https:\/\/www.silutesmuziejus.lt\/en\/news\/kai-kupa-kupoles-per-kupoles\/\" class=\"news-more-link\">Read More<\/a>\r\n\t\t\t\t\t\t\t\t\t\t\t\t\t\t\t\t\t<\/div><!-- .entry-content -->\r\n\t\t\t\t\t\t\t\t\t\t\t\t\t<\/div>\r\n\t\t\t\t\t<\/div>\r\n\t\t\t\t<\/div><!-- #post-## -->\r\n\t\t\t<\/div><!-- #post-## -->\r\n\t\t\r\n\t\t\t<div id=\"post-7273\" class=\"news type-news wpnaw-blog-class has-date news-col-3 wpnaw-first\">\r\n\t\t\t\t<div class=\"news-inner-wrap-view news-clearfix\">\r\n\r\n\t\t\t\t\t\t\t\t\t\t<div class=\"news-thumb\">\r\n\t\t\t\t\t\t\t\t\t\t\t\t\t<div class=\"grid-news-thumb\">\r\n\t\t\t\t\t\t\t\t<a href=\"https:\/\/www.silutesmuziejus.lt\/en\/news\/mazosios-lietuvos-spauda-senosios-silutes-spaustuves\/\"><img loading=\"lazy\" decoding=\"async\" width=\"713\" height=\"474\" src=\"https:\/\/www.silutesmuziejus.lt\/wp-content\/uploads\/2020\/05\/Untitled.png\" class=\"attachment-medium_large size-medium_large wp-post-image\" alt=\"\" srcset=\"https:\/\/www.silutesmuziejus.lt\/wp-content\/uploads\/2020\/05\/Untitled.png 713w, https:\/\/www.silutesmuziejus.lt\/wp-content\/uploads\/2020\/05\/Untitled-300x199.png 300w\" sizes=\"(max-width: 713px) 100vw, 713px\" \/><\/a>\r\n\t\t\t\t\t\t\t<\/div>\r\n\t\t\t\t\t\t\t\t\t\t\t<\/div>\r\n\t\t\t\t\t\r\n\t\t\t\t\t<div class=\"news-content\">\r\n\t\t\t\t\t\t\t\t\t\t\t\t\t<div class=\"grid-date-post\">\r\n\t\t\t\t\t\t\t\t2020-05-07\t\t\t\t\t\t\t<\/div>\r\n\t\t\t\t\t\t\r\n\t\t\t\t\t\t<div class=\"post-content-text\">\r\n\t\t\t\t\t\t\t<h3 class=\"news-title\"><a href=\"https:\/\/www.silutesmuziejus.lt\/en\/news\/mazosios-lietuvos-spauda-senosios-silutes-spaustuves\/\" rel=\"bookmark\">Ma\u017eosios Lietuvos spauda. Senosios \u0160ilut\u0117s spaustuv\u0117s<\/a><\/h3>\t\t\t\t\t\t\t\t<div class=\"news-content-excerpt\">\r\n\t\t\t\t\t\t\t\t\t\t\t\t\t\t\t\t\t\t\t<div class=\"news-short-content\">\r\n\t\t\t\t\t\t\t\t\t\t\tF.W. Sieberto spaustuv\u0117s pastatas.- ] Kn.: Sauliaus Stankevi\u010diaus atviruk\u0173 kolekcija. Heydekrug \u0160ilut\u0117s kra\u0161to istorija atvirukuose.- P.81\u00a0 Gegu\u017e\u0117s 7 d. min\u0117sime...\t\t\t\t\t\t\t\t\t\t<\/div>\r\n\t\t\t\t\t\t\t\t\t\t<a href=\"https:\/\/www.silutesmuziejus.lt\/en\/news\/mazosios-lietuvos-spauda-senosios-silutes-spaustuves\/\" class=\"news-more-link\">Read More<\/a>\r\n\t\t\t\t\t\t\t\t\t\t\t\t\t\t\t\t\t<\/div><!-- .entry-content -->\r\n\t\t\t\t\t\t\t\t\t\t\t\t\t<\/div>\r\n\t\t\t\t\t<\/div>\r\n\t\t\t\t<\/div><!-- #post-## -->\r\n\t\t\t<\/div><!-- #post-## -->\r\n\t\t\r\n\t\t\t<div id=\"post-6807\" class=\"news type-news wpnaw-blog-class has-date news-col-3\">\r\n\t\t\t\t<div class=\"news-inner-wrap-view news-clearfix\">\r\n\r\n\t\t\t\t\t\t\t\t\t\t<div class=\"news-thumb\">\r\n\t\t\t\t\t\t\t\t\t\t\t\t\t<div class=\"grid-news-thumb\">\r\n\t\t\t\t\t\t\t\t<a href=\"https:\/\/www.silutesmuziejus.lt\/en\/news\/paslaptingieji-velyku-rytmecio-sveciai\/\"><img loading=\"lazy\" decoding=\"async\" width=\"509\" height=\"340\" src=\"https:\/\/www.silutesmuziejus.lt\/wp-content\/uploads\/2020\/04\/92042464_236982067424839_5792286839205265408_n.jpg\" class=\"attachment-medium_large size-medium_large wp-post-image\" alt=\"\" srcset=\"https:\/\/www.silutesmuziejus.lt\/wp-content\/uploads\/2020\/04\/92042464_236982067424839_5792286839205265408_n.jpg 509w, https:\/\/www.silutesmuziejus.lt\/wp-content\/uploads\/2020\/04\/92042464_236982067424839_5792286839205265408_n-300x200.jpg 300w\" sizes=\"(max-width: 509px) 100vw, 509px\" \/><\/a>\r\n\t\t\t\t\t\t\t<\/div>\r\n\t\t\t\t\t\t\t\t\t\t\t<\/div>\r\n\t\t\t\t\t\r\n\t\t\t\t\t<div class=\"news-content\">\r\n\t\t\t\t\t\t\t\t\t\t\t\t\t<div class=\"grid-date-post\">\r\n\t\t\t\t\t\t\t\t2020-04-10\t\t\t\t\t\t\t<\/div>\r\n\t\t\t\t\t\t\r\n\t\t\t\t\t\t<div class=\"post-content-text\">\r\n\t\t\t\t\t\t\t<h3 class=\"news-title\"><a href=\"https:\/\/www.silutesmuziejus.lt\/en\/news\/paslaptingieji-velyku-rytmecio-sveciai\/\" rel=\"bookmark\">Paslaptingieji Velyk\u0173 rytme\u010dio sve\u010diai<\/a><\/h3>\t\t\t\t\t\t\t\t<div class=\"news-content-excerpt\">\r\n\t\t\t\t\t\t\t\t\t\t\t\t\t\t\t\t\t\t\t<div class=\"news-short-content\">\r\n\t\t\t\t\t\t\t\t\t\t\tArt\u0117jan\u010dios Velyk\u0173 \u0161vent\u0117s kaskart tampa proga prisiminti tradicijas ir papro\u010dius. Velyk\u0173 vaizdiniai dabar pana\u0161\u016bs visoje Lietuvoje: i\u0161sprogusios ber\u017e\u0173 \u0161akel\u0117s, skub\u0117jimas...\t\t\t\t\t\t\t\t\t\t<\/div>\r\n\t\t\t\t\t\t\t\t\t\t<a href=\"https:\/\/www.silutesmuziejus.lt\/en\/news\/paslaptingieji-velyku-rytmecio-sveciai\/\" class=\"news-more-link\">Read More<\/a>\r\n\t\t\t\t\t\t\t\t\t\t\t\t\t\t\t\t\t<\/div><!-- .entry-content -->\r\n\t\t\t\t\t\t\t\t\t\t\t\t\t<\/div>\r\n\t\t\t\t\t<\/div>\r\n\t\t\t\t<\/div><!-- #post-## -->\r\n\t\t\t<\/div><!-- #post-## -->\r\n\t\t\r\n\t\t\t<div id=\"post-6630\" class=\"news type-news wpnaw-blog-class has-date news-col-3 wpnaw-last\">\r\n\t\t\t\t<div class=\"news-inner-wrap-view news-clearfix\">\r\n\r\n\t\t\t\t\t\t\t\t\t\t<div class=\"news-thumb\">\r\n\t\t\t\t\t\t\t\t\t\t\t\t\t<div class=\"grid-news-thumb\">\r\n\t\t\t\t\t\t\t\t<a href=\"https:\/\/www.silutesmuziejus.lt\/en\/news\/silokarcemos-dvaro-savininkas-hugo-sojus\/\"><img loading=\"lazy\" decoding=\"async\" width=\"768\" height=\"1032\" src=\"https:\/\/www.silutesmuziejus.lt\/wp-content\/uploads\/2020\/03\/3.-2-768x1032.jpg\" class=\"attachment-medium_large size-medium_large wp-post-image\" alt=\"\" srcset=\"https:\/\/www.silutesmuziejus.lt\/wp-content\/uploads\/2020\/03\/3.-2-768x1032.jpg 768w, https:\/\/www.silutesmuziejus.lt\/wp-content\/uploads\/2020\/03\/3.-2-223x300.jpg 223w, https:\/\/www.silutesmuziejus.lt\/wp-content\/uploads\/2020\/03\/3.-2-762x1024.jpg 762w\" sizes=\"(max-width: 768px) 100vw, 768px\" \/><\/a>\r\n\t\t\t\t\t\t\t<\/div>\r\n\t\t\t\t\t\t\t\t\t\t\t<\/div>\r\n\t\t\t\t\t\r\n\t\t\t\t\t<div class=\"news-content\">\r\n\t\t\t\t\t\t\t\t\t\t\t\t\t<div class=\"grid-date-post\">\r\n\t\t\t\t\t\t\t\t2020-03-31\t\t\t\t\t\t\t<\/div>\r\n\t\t\t\t\t\t\r\n\t\t\t\t\t\t<div class=\"post-content-text\">\r\n\t\t\t\t\t\t\t<h3 class=\"news-title\"><a href=\"https:\/\/www.silutesmuziejus.lt\/en\/news\/silokarcemos-dvaro-savininkas-hugo-sojus\/\" rel=\"bookmark\">\u0160ilokar\u010demos dvaro savininkas Hugo \u0160ojus<\/a><\/h3>\t\t\t\t\t\t\t\t<div class=\"news-content-excerpt\">\r\n\t\t\t\t\t\t\t\t\t\t\t\t\t\t\t\t\t\t\t<div class=\"news-short-content\">\r\n\t\t\t\t\t\t\t\t\t\t\t\u0160iemet sukanka 175 metai nuo valdininko, dvarininko, aktyvaus visuomenininko ir kult\u016brininko Hugo \u0160ojaus gimimo. \u017dmogaus, kuris buvo savo kra\u0161to, dabartinio...\t\t\t\t\t\t\t\t\t\t<\/div>\r\n\t\t\t\t\t\t\t\t\t\t<a href=\"https:\/\/www.silutesmuziejus.lt\/en\/news\/silokarcemos-dvaro-savininkas-hugo-sojus\/\" class=\"news-more-link\">Read More<\/a>\r\n\t\t\t\t\t\t\t\t\t\t\t\t\t\t\t\t\t<\/div><!-- .entry-content -->\r\n\t\t\t\t\t\t\t\t\t\t\t\t\t<\/div>\r\n\t\t\t\t\t<\/div>\r\n\t\t\t\t<\/div><!-- #post-## -->\r\n\t\t\t<\/div><!-- #post-## -->\r\n\t\t\r\n\t\t\t<div id=\"post-5891\" class=\"news type-news wpnaw-blog-class has-date news-col-3 wpnaw-first\">\r\n\t\t\t\t<div class=\"news-inner-wrap-view news-clearfix\">\r\n\r\n\t\t\t\t\t\t\t\t\t\t<div class=\"news-thumb\">\r\n\t\t\t\t\t\t\t\t\t\t\t\t\t<div class=\"grid-news-thumb\">\r\n\t\t\t\t\t\t\t\t<a href=\"https:\/\/www.silutesmuziejus.lt\/en\/news\/sveksnos-zydu-bendruomenes-isikurimo-istorines-aplinkybes-ir-raida\/\"><img loading=\"lazy\" decoding=\"async\" width=\"640\" height=\"609\" src=\"https:\/\/www.silutesmuziejus.lt\/wp-content\/uploads\/2020\/03\/phpThumb_generated_thumbnail.jpg\" class=\"attachment-medium_large size-medium_large wp-post-image\" alt=\"\" srcset=\"https:\/\/www.silutesmuziejus.lt\/wp-content\/uploads\/2020\/03\/phpThumb_generated_thumbnail.jpg 640w, https:\/\/www.silutesmuziejus.lt\/wp-content\/uploads\/2020\/03\/phpThumb_generated_thumbnail-300x285.jpg 300w\" sizes=\"(max-width: 640px) 100vw, 640px\" \/><\/a>\r\n\t\t\t\t\t\t\t<\/div>\r\n\t\t\t\t\t\t\t\t\t\t\t<\/div>\r\n\t\t\t\t\t\r\n\t\t\t\t\t<div class=\"news-content\">\r\n\t\t\t\t\t\t\t\t\t\t\t\t\t<div class=\"grid-date-post\">\r\n\t\t\t\t\t\t\t\t2020-03-19\t\t\t\t\t\t\t<\/div>\r\n\t\t\t\t\t\t\r\n\t\t\t\t\t\t<div class=\"post-content-text\">\r\n\t\t\t\t\t\t\t<h3 class=\"news-title\"><a href=\"https:\/\/www.silutesmuziejus.lt\/en\/news\/sveksnos-zydu-bendruomenes-isikurimo-istorines-aplinkybes-ir-raida\/\" rel=\"bookmark\">\u0160v\u0117k\u0161nos \u017eyd\u0173 bendruomen\u0117s \u012fsik\u016brimo istorin\u0117s aplinkyb\u0117s ir raida<\/a><\/h3>\t\t\t\t\t\t\t\t<div class=\"news-content-excerpt\">\r\n\t\t\t\t\t\t\t\t\t\t\t\t\t\t\t\t\t\t\t<div class=\"news-short-content\">\r\n\t\t\t\t\t\t\t\t\t\t\tMedin\u0117s \u0160v\u0117k\u0161nos sinagogos. Atvirukas, leid\u0117jas M. Sieff, XX a. prad\u017eia. (\u0160ilut\u0117s Hugo \u0160ojaus muziejaus \u0160v\u0117k\u0161nos ekspozicija) \u0160v\u0117k\u0161nos gyvenviet\u0117s k\u016brimasis Knygoje...\t\t\t\t\t\t\t\t\t\t<\/div>\r\n\t\t\t\t\t\t\t\t\t\t<a href=\"https:\/\/www.silutesmuziejus.lt\/en\/news\/sveksnos-zydu-bendruomenes-isikurimo-istorines-aplinkybes-ir-raida\/\" class=\"news-more-link\">Read More<\/a>\r\n\t\t\t\t\t\t\t\t\t\t\t\t\t\t\t\t\t<\/div><!-- .entry-content -->\r\n\t\t\t\t\t\t\t\t\t\t\t\t\t<\/div>\r\n\t\t\t\t\t<\/div>\r\n\t\t\t\t<\/div><!-- #post-## -->\r\n\t\t\t<\/div><!-- #post-## -->\r\n\t\t\r\n\t\t\t<div id=\"post-5388\" class=\"news type-news wpnaw-blog-class has-date news-col-3\">\r\n\t\t\t\t<div class=\"news-inner-wrap-view news-clearfix\">\r\n\r\n\t\t\t\t\t\t\t\t\t\t<div class=\"news-thumb\">\r\n\t\t\t\t\t\t\t\t\t\t\t\t\t<div class=\"grid-news-thumb\">\r\n\t\t\t\t\t\t\t\t<a href=\"https:\/\/www.silutesmuziejus.lt\/en\/news\/klaipedos-krasto-prijungimas-prie-lietuvos\/\"><img loading=\"lazy\" decoding=\"async\" width=\"768\" height=\"542\" src=\"https:\/\/www.silutesmuziejus.lt\/wp-content\/uploads\/2020\/01\/4-768x542.jpg\" class=\"attachment-medium_large size-medium_large wp-post-image\" alt=\"\" srcset=\"https:\/\/www.silutesmuziejus.lt\/wp-content\/uploads\/2020\/01\/4-768x542.jpg 768w, https:\/\/www.silutesmuziejus.lt\/wp-content\/uploads\/2020\/01\/4-300x212.jpg 300w, https:\/\/www.silutesmuziejus.lt\/wp-content\/uploads\/2020\/01\/4-1024x723.jpg 1024w, https:\/\/www.silutesmuziejus.lt\/wp-content\/uploads\/2020\/01\/4.jpg 1200w\" sizes=\"(max-width: 768px) 100vw, 768px\" \/><\/a>\r\n\t\t\t\t\t\t\t<\/div>\r\n\t\t\t\t\t\t\t\t\t\t\t<\/div>\r\n\t\t\t\t\t\r\n\t\t\t\t\t<div class=\"news-content\">\r\n\t\t\t\t\t\t\t\t\t\t\t\t\t<div class=\"grid-date-post\">\r\n\t\t\t\t\t\t\t\t2020-01-15\t\t\t\t\t\t\t<\/div>\r\n\t\t\t\t\t\t\r\n\t\t\t\t\t\t<div class=\"post-content-text\">\r\n\t\t\t\t\t\t\t<h3 class=\"news-title\"><a href=\"https:\/\/www.silutesmuziejus.lt\/en\/news\/klaipedos-krasto-prijungimas-prie-lietuvos\/\" rel=\"bookmark\">Klaip\u0117dos kra\u0161to prijungimas prie Lietuvos<\/a><\/h3>\t\t\t\t\t\t\t\t<div class=\"news-content-excerpt\">\r\n\t\t\t\t\t\t\t\t\t\t\t\t\t\t\t\t\t\t\t<div class=\"news-short-content\">\r\n\t\t\t\t\t\t\t\t\t\t\t1920 m. vasario m\u0117n. \u012f Klaip\u0117dos kra\u0161t\u0105 atvyko 21-asis Pranc\u016bz\u0173 \u0161auli\u0173 p\u0117stinink\u0173 batalionas su 650 \u0161auli\u0173, kurie buvo dislokuoti Klaip\u0117doje,...\t\t\t\t\t\t\t\t\t\t<\/div>\r\n\t\t\t\t\t\t\t\t\t\t<a href=\"https:\/\/www.silutesmuziejus.lt\/en\/news\/klaipedos-krasto-prijungimas-prie-lietuvos\/\" class=\"news-more-link\">Read More<\/a>\r\n\t\t\t\t\t\t\t\t\t\t\t\t\t\t\t\t\t<\/div><!-- .entry-content -->\r\n\t\t\t\t\t\t\t\t\t\t\t\t\t<\/div>\r\n\t\t\t\t\t<\/div>\r\n\t\t\t\t<\/div><!-- #post-## -->\r\n\t\t\t<\/div><!-- #post-## -->\r\n\t\t\r\n\t\t\t<div id=\"post-5327\" class=\"news type-news wpnaw-blog-class has-date news-col-3 wpnaw-last\">\r\n\t\t\t\t<div class=\"news-inner-wrap-view news-clearfix\">\r\n\r\n\t\t\t\t\t\t\t\t\t\t<div class=\"news-thumb\">\r\n\t\t\t\t\t\t\t\t\t\t\t\t\t<div class=\"grid-news-thumb\">\r\n\t\t\t\t\t\t\t\t<a href=\"https:\/\/www.silutesmuziejus.lt\/en\/news\/adventas\/\"><img loading=\"lazy\" decoding=\"async\" width=\"768\" height=\"512\" src=\"https:\/\/www.silutesmuziejus.lt\/wp-content\/uploads\/2019\/12\/Kal\u0117dos-arti-768x512.jpeg\" class=\"attachment-medium_large size-medium_large wp-post-image\" alt=\"\" srcset=\"https:\/\/www.silutesmuziejus.lt\/wp-content\/uploads\/2019\/12\/Kal\u0117dos-arti-768x512.jpeg 768w, https:\/\/www.silutesmuziejus.lt\/wp-content\/uploads\/2019\/12\/Kal\u0117dos-arti-300x200.jpeg 300w, https:\/\/www.silutesmuziejus.lt\/wp-content\/uploads\/2019\/12\/Kal\u0117dos-arti-1024x682.jpeg 1024w, https:\/\/www.silutesmuziejus.lt\/wp-content\/uploads\/2019\/12\/Kal\u0117dos-arti.jpeg 1880w\" sizes=\"(max-width: 768px) 100vw, 768px\" \/><\/a>\r\n\t\t\t\t\t\t\t<\/div>\r\n\t\t\t\t\t\t\t\t\t\t\t<\/div>\r\n\t\t\t\t\t\r\n\t\t\t\t\t<div class=\"news-content\">\r\n\t\t\t\t\t\t\t\t\t\t\t\t\t<div class=\"grid-date-post\">\r\n\t\t\t\t\t\t\t\t2019-12-23\t\t\t\t\t\t\t<\/div>\r\n\t\t\t\t\t\t\r\n\t\t\t\t\t\t<div class=\"post-content-text\">\r\n\t\t\t\t\t\t\t<h3 class=\"news-title\"><a href=\"https:\/\/www.silutesmuziejus.lt\/en\/news\/adventas\/\" rel=\"bookmark\">Adventas ir K\u016b\u010di\u0173 naktis \u2013 misti\u0161kiausias met\u0173 laikotarpis<\/a><\/h3>\t\t\t\t\t\t\t\t<div class=\"news-content-excerpt\">\r\n\t\t\t\t\t\t\t\t\t\t\t\t\t\t\t\t\t\t\t<div class=\"news-short-content\">\r\n\t\t\t\t\t\t\t\t\t\t\tNuo pat V\u0117lini\u0173 tebesit\u0119sia laikas, kai visa \u017dem\u0117 panirusi \u012f V\u0117li\u0173 pasaul\u012f, kai \u0161\u012f ir an\u0105 gyvenim\u0105 skiria tik plonyt\u0117...\t\t\t\t\t\t\t\t\t\t<\/div>\r\n\t\t\t\t\t\t\t\t\t\t<a href=\"https:\/\/www.silutesmuziejus.lt\/en\/news\/adventas\/\" class=\"news-more-link\">Read More<\/a>\r\n\t\t\t\t\t\t\t\t\t\t\t\t\t\t\t\t\t<\/div><!-- .entry-content -->\r\n\t\t\t\t\t\t\t\t\t\t\t\t\t<\/div>\r\n\t\t\t\t\t<\/div>\r\n\t\t\t\t<\/div><!-- #post-## -->\r\n\t\t\t<\/div><!-- #post-## -->\r\n\t\t\r\n\t\t\t<div id=\"post-5259\" class=\"news type-news wpnaw-blog-class has-date news-col-3 wpnaw-first\">\r\n\t\t\t\t<div class=\"news-inner-wrap-view news-clearfix\">\r\n\r\n\t\t\t\t\t\t\t\t\t\t<div class=\"news-thumb\">\r\n\t\t\t\t\t\t\t\t\t\t\t\t\t<div class=\"grid-news-thumb\">\r\n\t\t\t\t\t\t\t\t<a href=\"https:\/\/www.silutesmuziejus.lt\/en\/news\/maciku-1597\/\"><img loading=\"lazy\" decoding=\"async\" width=\"768\" height=\"543\" src=\"https:\/\/www.silutesmuziejus.lt\/wp-content\/uploads\/2019\/12\/Planas-Nr.-2-768x543.jpg\" class=\"attachment-medium_large size-medium_large wp-post-image\" alt=\"\" srcset=\"https:\/\/www.silutesmuziejus.lt\/wp-content\/uploads\/2019\/12\/Planas-Nr.-2-768x543.jpg 768w, https:\/\/www.silutesmuziejus.lt\/wp-content\/uploads\/2019\/12\/Planas-Nr.-2-300x212.jpg 300w, https:\/\/www.silutesmuziejus.lt\/wp-content\/uploads\/2019\/12\/Planas-Nr.-2-1024x724.jpg 1024w\" sizes=\"(max-width: 768px) 100vw, 768px\" \/><\/a>\r\n\t\t\t\t\t\t\t<\/div>\r\n\t\t\t\t\t\t\t\t\t\t\t<\/div>\r\n\t\t\t\t\t\r\n\t\t\t\t\t<div class=\"news-content\">\r\n\t\t\t\t\t\t\t\t\t\t\t\t\t<div class=\"grid-date-post\">\r\n\t\t\t\t\t\t\t\t2019-12-10\t\t\t\t\t\t\t<\/div>\r\n\t\t\t\t\t\t\r\n\t\t\t\t\t\t<div class=\"post-content-text\">\r\n\t\t\t\t\t\t\t<h3 class=\"news-title\"><a href=\"https:\/\/www.silutesmuziejus.lt\/en\/news\/maciku-1597\/\" rel=\"bookmark\">Macik\u0173 nacistin\u0117s Vokietijos karo belaisvi\u0173 stovyklos ir Soviet\u0173 S\u0105jungos GULAG`o lagerio kapini\u0173 inventorizavimo archeologini\u0173 ir istorini\u0173 tyrim\u0173 rezultatai<\/a><\/h3>\t\t\t\t\t\t\t\t<div class=\"news-content-excerpt\">\r\n\t\t\t\t\t\t\t\t\t\t\t\t\t\t\t\t\t\t\t<div class=\"news-short-content\">\r\n\t\t\t\t\t\t\t\t\t\t\t2019&nbsp;m. liepos\u2013lapkri\u010dio m\u0117n. \u0160ilut\u0117s Hugo \u0160ojaus muziejus vykd\u0117 ir \u012fgyvendino Lietuvos Respublikos Vyriausyb\u0117s kanceliarijos (toliau LRVK) finansuot\u0105 projekt\u0105 \u201eMacik\u0173 nacistin\u0117s...\t\t\t\t\t\t\t\t\t\t<\/div>\r\n\t\t\t\t\t\t\t\t\t\t<a href=\"https:\/\/www.silutesmuziejus.lt\/en\/news\/maciku-1597\/\" class=\"news-more-link\">Read More<\/a>\r\n\t\t\t\t\t\t\t\t\t\t\t\t\t\t\t\t\t<\/div><!-- .entry-content -->\r\n\t\t\t\t\t\t\t\t\t\t\t\t\t<\/div>\r\n\t\t\t\t\t<\/div>\r\n\t\t\t\t<\/div><!-- #post-## -->\r\n\t\t\t<\/div><!-- #post-## -->\r\n\t\t\r\n\t\t\t<div id=\"post-4795\" class=\"news type-news wpnaw-blog-class has-date news-col-3\">\r\n\t\t\t\t<div class=\"news-inner-wrap-view news-clearfix\">\r\n\r\n\t\t\t\t\t\t\t\t\t\t<div class=\"news-thumb\">\r\n\t\t\t\t\t\t\t\t\t\t\t\t\t<div class=\"grid-news-thumb\">\r\n\t\t\t\t\t\t\t\t<a href=\"https:\/\/www.silutesmuziejus.lt\/en\/news\/silokarcemos-silutes-istorija\/\"><img loading=\"lazy\" decoding=\"async\" width=\"768\" height=\"356\" src=\"https:\/\/www.silutesmuziejus.lt\/wp-content\/uploads\/2019\/10\/5.-Dvaras-3-768x356.jpg\" class=\"attachment-medium_large size-medium_large wp-post-image\" alt=\"\" srcset=\"https:\/\/www.silutesmuziejus.lt\/wp-content\/uploads\/2019\/10\/5.-Dvaras-3-768x356.jpg 768w, https:\/\/www.silutesmuziejus.lt\/wp-content\/uploads\/2019\/10\/5.-Dvaras-3-300x139.jpg 300w, https:\/\/www.silutesmuziejus.lt\/wp-content\/uploads\/2019\/10\/5.-Dvaras-3-1024x474.jpg 1024w, https:\/\/www.silutesmuziejus.lt\/wp-content\/uploads\/2019\/10\/5.-Dvaras-3.jpg 1200w\" sizes=\"(max-width: 768px) 100vw, 768px\" \/><\/a>\r\n\t\t\t\t\t\t\t<\/div>\r\n\t\t\t\t\t\t\t\t\t\t\t<\/div>\r\n\t\t\t\t\t\r\n\t\t\t\t\t<div class=\"news-content\">\r\n\t\t\t\t\t\t\t\t\t\t\t\t\t<div class=\"grid-date-post\">\r\n\t\t\t\t\t\t\t\t2019-10-10\t\t\t\t\t\t\t<\/div>\r\n\t\t\t\t\t\t\r\n\t\t\t\t\t\t<div class=\"post-content-text\">\r\n\t\t\t\t\t\t\t<h3 class=\"news-title\"><a href=\"https:\/\/www.silutesmuziejus.lt\/en\/news\/silokarcemos-silutes-istorija\/\" rel=\"bookmark\">\u0160ilokar\u010demos (\u0160ilut\u0117s) istorija<\/a><\/h3>\t\t\t\t\t\t\t\t<div class=\"news-content-excerpt\">\r\n\t\t\t\t\t\t\t\t\t\t\t\t\t\t\t\t\t\t\t<div class=\"news-short-content\">\r\n\t\t\t\t\t\t\t\t\t\t\t\u201eA\u0161, Michaelis fon \u0160vabenas (Michael fon Schwaben), Vokie\u010di\u0173 ordino komt\u016bras Klaip\u0117doje (Memel), pripa\u017e\u012fstu ir skelbiu vie\u0161ai tiems, kurie mano lai\u0161k\u0105...\t\t\t\t\t\t\t\t\t\t<\/div>\r\n\t\t\t\t\t\t\t\t\t\t<a href=\"https:\/\/www.silutesmuziejus.lt\/en\/news\/silokarcemos-silutes-istorija\/\" class=\"news-more-link\">Read More<\/a>\r\n\t\t\t\t\t\t\t\t\t\t\t\t\t\t\t\t\t<\/div><!-- .entry-content -->\r\n\t\t\t\t\t\t\t\t\t\t\t\t\t<\/div>\r\n\t\t\t\t\t<\/div>\r\n\t\t\t\t<\/div><!-- #post-## -->\r\n\t\t\t<\/div><!-- #post-## -->\r\n\t\t\r\n\t\t\t<div id=\"post-4790\" class=\"news type-news wpnaw-blog-class has-date news-col-3 wpnaw-last\">\r\n\t\t\t\t<div class=\"news-inner-wrap-view news-clearfix\">\r\n\r\n\t\t\t\t\t\t\t\t\t\t<div class=\"news-thumb\">\r\n\t\t\t\t\t\t\t\t\t\t\t\t\t<div class=\"grid-news-thumb\">\r\n\t\t\t\t\t\t\t\t<a href=\"https:\/\/www.silutesmuziejus.lt\/en\/news\/rytu-prusijos-dvaras-vakar-ir-siandien\/\"><img loading=\"lazy\" decoding=\"async\" width=\"768\" height=\"512\" src=\"https:\/\/www.silutesmuziejus.lt\/wp-content\/uploads\/2019\/10\/DSC_0014-768x512.jpg\" class=\"attachment-medium_large size-medium_large wp-post-image\" alt=\"\" srcset=\"https:\/\/www.silutesmuziejus.lt\/wp-content\/uploads\/2019\/10\/DSC_0014-768x512.jpg 768w, https:\/\/www.silutesmuziejus.lt\/wp-content\/uploads\/2019\/10\/DSC_0014-300x200.jpg 300w, https:\/\/www.silutesmuziejus.lt\/wp-content\/uploads\/2019\/10\/DSC_0014-1024x683.jpg 1024w, https:\/\/www.silutesmuziejus.lt\/wp-content\/uploads\/2019\/10\/DSC_0014.jpg 1200w\" sizes=\"(max-width: 768px) 100vw, 768px\" \/><\/a>\r\n\t\t\t\t\t\t\t<\/div>\r\n\t\t\t\t\t\t\t\t\t\t\t<\/div>\r\n\t\t\t\t\t\r\n\t\t\t\t\t<div class=\"news-content\">\r\n\t\t\t\t\t\t\t\t\t\t\t\t\t<div class=\"grid-date-post\">\r\n\t\t\t\t\t\t\t\t2019-10-10\t\t\t\t\t\t\t<\/div>\r\n\t\t\t\t\t\t\r\n\t\t\t\t\t\t<div class=\"post-content-text\">\r\n\t\t\t\t\t\t\t<h3 class=\"news-title\"><a href=\"https:\/\/www.silutesmuziejus.lt\/en\/news\/rytu-prusijos-dvaras-vakar-ir-siandien\/\" rel=\"bookmark\">Ryt\u0173 Pr\u016bsijos dvaras vakar ir \u0161iandien<\/a><\/h3>\t\t\t\t\t\t\t\t<div class=\"news-content-excerpt\">\r\n\t\t\t\t\t\t\t\t\t\t\t\t\t\t\t\t\t\t\t<div class=\"news-short-content\">\r\n\t\t\t\t\t\t\t\t\t\t\tRyt\u0173 Pr\u016bsijos dvarai j\u0173 paskirtis D\u0117l specifini\u0173 istorini\u0173 aplinkybi\u0173 Klaip\u0117dos kra\u0161te klost\u0117si savita dvar\u0173 sistema, formavosi tam tikrais bruo\u017eais pasi\u017eyminti...\t\t\t\t\t\t\t\t\t\t<\/div>\r\n\t\t\t\t\t\t\t\t\t\t<a href=\"https:\/\/www.silutesmuziejus.lt\/en\/news\/rytu-prusijos-dvaras-vakar-ir-siandien\/\" class=\"news-more-link\">Read More<\/a>\r\n\t\t\t\t\t\t\t\t\t\t\t\t\t\t\t\t\t<\/div><!-- .entry-content -->\r\n\t\t\t\t\t\t\t\t\t\t\t\t\t<\/div>\r\n\t\t\t\t\t<\/div>\r\n\t\t\t\t<\/div><!-- #post-## -->\r\n\t\t\t<\/div><!-- #post-## -->\r\n\t\t\r\n\t\t\t<div id=\"post-4744\" class=\"news type-news wpnaw-blog-class has-date news-col-3 wpnaw-first\">\r\n\t\t\t\t<div class=\"news-inner-wrap-view news-clearfix\">\r\n\r\n\t\t\t\t\t\t\t\t\t\t<div class=\"news-thumb\">\r\n\t\t\t\t\t\t\t\t\t\t\t\t\t<div class=\"grid-news-thumb\">\r\n\t\t\t\t\t\t\t\t<a href=\"https:\/\/www.silutesmuziejus.lt\/en\/news\/silutes-hugo-sojaus-muziejaus-istorija\/\"><img loading=\"lazy\" decoding=\"async\" width=\"768\" height=\"387\" src=\"https:\/\/www.silutesmuziejus.lt\/wp-content\/uploads\/2019\/10\/Dvaras-1024x516-768x387.jpg\" class=\"attachment-medium_large size-medium_large wp-post-image\" alt=\"\" srcset=\"https:\/\/www.silutesmuziejus.lt\/wp-content\/uploads\/2019\/10\/Dvaras-1024x516-768x387.jpg 768w, https:\/\/www.silutesmuziejus.lt\/wp-content\/uploads\/2019\/10\/Dvaras-1024x516-300x151.jpg 300w, https:\/\/www.silutesmuziejus.lt\/wp-content\/uploads\/2019\/10\/Dvaras-1024x516.jpg 1024w\" sizes=\"(max-width: 768px) 100vw, 768px\" \/><\/a>\r\n\t\t\t\t\t\t\t<\/div>\r\n\t\t\t\t\t\t\t\t\t\t\t<\/div>\r\n\t\t\t\t\t\r\n\t\t\t\t\t<div class=\"news-content\">\r\n\t\t\t\t\t\t\t\t\t\t\t\t\t<div class=\"grid-date-post\">\r\n\t\t\t\t\t\t\t\t2019-10-09\t\t\t\t\t\t\t<\/div>\r\n\t\t\t\t\t\t\r\n\t\t\t\t\t\t<div class=\"post-content-text\">\r\n\t\t\t\t\t\t\t<h3 class=\"news-title\"><a href=\"https:\/\/www.silutesmuziejus.lt\/en\/news\/silutes-hugo-sojaus-muziejaus-istorija\/\" rel=\"bookmark\">\u0160ilut\u0117s Hugo \u0160ojaus muziejaus istorija<\/a><\/h3>\t\t\t\t\t\t\t\t<div class=\"news-content-excerpt\">\r\n\t\t\t\t\t\t\t\t\t\t\t\t\t\t\t\t\t\t\t<div class=\"news-short-content\">\r\n\t\t\t\t\t\t\t\t\t\t\t\u00a0 \u00a0 Pirmas privatus muziejus Klaip\u0117dos kra\u0161te \u00a0 Muziejininkyst\u0117s prad\u017eia \u0160ilut\u0117je (buvusioje \u0160ilokar\u010demoje) siekia XIX pab.\u2013XX a. pr., kai 1889...\t\t\t\t\t\t\t\t\t\t<\/div>\r\n\t\t\t\t\t\t\t\t\t\t<a href=\"https:\/\/www.silutesmuziejus.lt\/en\/news\/silutes-hugo-sojaus-muziejaus-istorija\/\" class=\"news-more-link\">Read More<\/a>\r\n\t\t\t\t\t\t\t\t\t\t\t\t\t\t\t\t\t<\/div><!-- .entry-content -->\r\n\t\t\t\t\t\t\t\t\t\t\t\t\t<\/div>\r\n\t\t\t\t\t<\/div>\r\n\t\t\t\t<\/div><!-- #post-## -->\r\n\t\t\t<\/div><!-- #post-## -->\r\n\t\t\r\n\t\t\t<div id=\"post-4798\" class=\"news type-news wpnaw-blog-class has-date news-col-3\">\r\n\t\t\t\t<div class=\"news-inner-wrap-view news-clearfix\">\r\n\r\n\t\t\t\t\t\t\t\t\t\t<div class=\"news-thumb\">\r\n\t\t\t\t\t\t\t\t\t\t\t\t\t<div class=\"grid-news-thumb\">\r\n\t\t\t\t\t\t\t\t<a href=\"https:\/\/www.silutesmuziejus.lt\/en\/news\/ekspedicija-po-kintu-seniunijoje-isnykusias-gyvenvietes\/\"><img loading=\"lazy\" decoding=\"async\" width=\"768\" height=\"576\" src=\"https:\/\/www.silutesmuziejus.lt\/wp-content\/uploads\/2019\/10\/2-I\u0161nykusios-Ragai\u0161i\u0173-gyvenviet\u0117s-vieta-i\u0161-PV-768x576.jpg\" class=\"attachment-medium_large size-medium_large wp-post-image\" alt=\"\" srcset=\"https:\/\/www.silutesmuziejus.lt\/wp-content\/uploads\/2019\/10\/2-I\u0161nykusios-Ragai\u0161i\u0173-gyvenviet\u0117s-vieta-i\u0161-PV-768x576.jpg 768w, https:\/\/www.silutesmuziejus.lt\/wp-content\/uploads\/2019\/10\/2-I\u0161nykusios-Ragai\u0161i\u0173-gyvenviet\u0117s-vieta-i\u0161-PV-300x225.jpg 300w, https:\/\/www.silutesmuziejus.lt\/wp-content\/uploads\/2019\/10\/2-I\u0161nykusios-Ragai\u0161i\u0173-gyvenviet\u0117s-vieta-i\u0161-PV.jpg 1024w\" sizes=\"(max-width: 768px) 100vw, 768px\" \/><\/a>\r\n\t\t\t\t\t\t\t<\/div>\r\n\t\t\t\t\t\t\t\t\t\t\t<\/div>\r\n\t\t\t\t\t\r\n\t\t\t\t\t<div class=\"news-content\">\r\n\t\t\t\t\t\t\t\t\t\t\t\t\t<div class=\"grid-date-post\">\r\n\t\t\t\t\t\t\t\t2019-09-10\t\t\t\t\t\t\t<\/div>\r\n\t\t\t\t\t\t\r\n\t\t\t\t\t\t<div class=\"post-content-text\">\r\n\t\t\t\t\t\t\t<h3 class=\"news-title\"><a href=\"https:\/\/www.silutesmuziejus.lt\/en\/news\/ekspedicija-po-kintu-seniunijoje-isnykusias-gyvenvietes\/\" rel=\"bookmark\">Ekspedicija po Kint\u0173 seni\u016bnijoje i\u0161nykusias gyvenvietes<\/a><\/h3>\t\t\t\t\t\t\t\t<div class=\"news-content-excerpt\">\r\n\t\t\t\t\t\t\t\t\t\t\t\t\t\t\t\t\t\t\t<div class=\"news-short-content\">\r\n\t\t\t\t\t\t\t\t\t\t\t2019 m. liepos 29&nbsp;d. \u0160ilut\u0117s Hugo \u0160ojaus muziejus, Vietovard\u017ei\u0173 met\u0173 proga rinkdamas med\u017eiag\u0105 apie i\u0161nykusias \u0160ilut\u0117s rajono gyvenvietes, sureng\u0117 ekspedicij\u0105...\t\t\t\t\t\t\t\t\t\t<\/div>\r\n\t\t\t\t\t\t\t\t\t\t<a href=\"https:\/\/www.silutesmuziejus.lt\/en\/news\/ekspedicija-po-kintu-seniunijoje-isnykusias-gyvenvietes\/\" class=\"news-more-link\">Read More<\/a>\r\n\t\t\t\t\t\t\t\t\t\t\t\t\t\t\t\t\t<\/div><!-- .entry-content -->\r\n\t\t\t\t\t\t\t\t\t\t\t\t\t<\/div>\r\n\t\t\t\t\t<\/div>\r\n\t\t\t\t<\/div><!-- #post-## -->\r\n\t\t\t<\/div><!-- #post-## -->\r\n\t\t\r\n\t\t\t<div id=\"post-4775\" class=\"news type-news wpnaw-blog-class has-date news-col-3 wpnaw-last\">\r\n\t\t\t\t<div class=\"news-inner-wrap-view news-clearfix\">\r\n\r\n\t\t\t\t\t\t\t\t\t\t<div class=\"news-thumb\">\r\n\t\t\t\t\t\t\t\t\t\t\t\t\t<div class=\"grid-news-thumb\">\r\n\t\t\t\t\t\t\t\t<a href=\"https:\/\/www.silutesmuziejus.lt\/en\/news\/tilzes-akta-prisiminus\/\"><img loading=\"lazy\" decoding=\"async\" width=\"320\" height=\"468\" src=\"https:\/\/www.silutesmuziejus.lt\/wp-content\/uploads\/2019\/01\/320px-Tilsit_Act.jpg\" class=\"attachment-medium_large size-medium_large wp-post-image\" alt=\"\" srcset=\"https:\/\/www.silutesmuziejus.lt\/wp-content\/uploads\/2019\/01\/320px-Tilsit_Act.jpg 320w, https:\/\/www.silutesmuziejus.lt\/wp-content\/uploads\/2019\/01\/320px-Tilsit_Act-205x300.jpg 205w\" sizes=\"(max-width: 320px) 100vw, 320px\" \/><\/a>\r\n\t\t\t\t\t\t\t<\/div>\r\n\t\t\t\t\t\t\t\t\t\t\t<\/div>\r\n\t\t\t\t\t\r\n\t\t\t\t\t<div class=\"news-content\">\r\n\t\t\t\t\t\t\t\t\t\t\t\t\t<div class=\"grid-date-post\">\r\n\t\t\t\t\t\t\t\t2019-09-09\t\t\t\t\t\t\t<\/div>\r\n\t\t\t\t\t\t\r\n\t\t\t\t\t\t<div class=\"post-content-text\">\r\n\t\t\t\t\t\t\t<h3 class=\"news-title\"><a href=\"https:\/\/www.silutesmuziejus.lt\/en\/news\/tilzes-akta-prisiminus\/\" rel=\"bookmark\">Til\u017e\u0117s akt\u0105 prisiminus<\/a><\/h3>\t\t\t\t\t\t\t\t<div class=\"news-content-excerpt\">\r\n\t\t\t\t\t\t\t\t\t\t\t\t\t\t\t\t\t\t\t<div class=\"news-short-content\">\r\n\t\t\t\t\t\t\t\t\t\t\tJau daugel\u012f met\u0173 praeityje siektos, taip pat ir \u012fsivaizduotos Ma\u017eosios ir Did\u017eiosios Lietuvos vienyb\u0117s vienu ry\u0161kiausi\u0173 simboli\u0173 buvo ir teb\u0117ra...\t\t\t\t\t\t\t\t\t\t<\/div>\r\n\t\t\t\t\t\t\t\t\t\t<a href=\"https:\/\/www.silutesmuziejus.lt\/en\/news\/tilzes-akta-prisiminus\/\" class=\"news-more-link\">Read More<\/a>\r\n\t\t\t\t\t\t\t\t\t\t\t\t\t\t\t\t\t<\/div><!-- .entry-content -->\r\n\t\t\t\t\t\t\t\t\t\t\t\t\t<\/div>\r\n\t\t\t\t\t<\/div>\r\n\t\t\t\t<\/div><!-- #post-## -->\r\n\t\t\t<\/div><!-- #post-## -->\r\n\t\t\r\n\t\t\t<div id=\"post-415\" class=\"news type-news wpnaw-blog-class has-date news-col-3 wpnaw-first\">\r\n\t\t\t\t<div class=\"news-inner-wrap-view news-clearfix\">\r\n\r\n\t\t\t\t\t\t\t\t\t\t<div class=\"news-thumb\">\r\n\t\t\t\t\t\t\t\t\t\t\t\t\t<div class=\"grid-news-thumb\">\r\n\t\t\t\t\t\t\t\t<a href=\"https:\/\/www.silutesmuziejus.lt\/en\/news\/paroda-test\/\"><img loading=\"lazy\" decoding=\"async\" width=\"646\" height=\"340\" src=\"https:\/\/www.silutesmuziejus.lt\/wp-content\/uploads\/2019\/01\/vasario-16-osios-nepriklausomybes-aktas-svarbiausias-xx-amziaus-lietuvos-valstybes-dokumentas2.jpg\" class=\"attachment-medium_large size-medium_large wp-post-image\" alt=\"\" srcset=\"https:\/\/www.silutesmuziejus.lt\/wp-content\/uploads\/2019\/01\/vasario-16-osios-nepriklausomybes-aktas-svarbiausias-xx-amziaus-lietuvos-valstybes-dokumentas2.jpg 646w, https:\/\/www.silutesmuziejus.lt\/wp-content\/uploads\/2019\/01\/vasario-16-osios-nepriklausomybes-aktas-svarbiausias-xx-amziaus-lietuvos-valstybes-dokumentas2-300x158.jpg 300w\" sizes=\"(max-width: 646px) 100vw, 646px\" \/><\/a>\r\n\t\t\t\t\t\t\t<\/div>\r\n\t\t\t\t\t\t\t\t\t\t\t<\/div>\r\n\t\t\t\t\t\r\n\t\t\t\t\t<div class=\"news-content\">\r\n\t\t\t\t\t\t\t\t\t\t\t\t\t<div class=\"grid-date-post\">\r\n\t\t\t\t\t\t\t\t2019-01-30\t\t\t\t\t\t\t<\/div>\r\n\t\t\t\t\t\t\r\n\t\t\t\t\t\t<div class=\"post-content-text\">\r\n\t\t\t\t\t\t\t<h3 class=\"news-title\"><a href=\"https:\/\/www.silutesmuziejus.lt\/en\/news\/paroda-test\/\" rel=\"bookmark\">Vasario 16-osios akto reik\u0161m\u0117 Lietuvai, \u0160ilutei ir jos rajonui<\/a><\/h3>\t\t\t\t\t\t\t\t<div class=\"news-content-excerpt\">\r\n\t\t\t\t\t\t\t\t\t\t\t\t\t\t\t\t\t\t\t<div class=\"news-short-content\">\r\n\t\t\t\t\t\t\t\t\t\t\t1918&nbsp;m. vasario 16&nbsp;d. Vilniuje Lietuvos tautin\u0117s tarybos pasira\u0161ytas Lietuvos Nepriklausomyb\u0117s Aktas yra vienas reik\u0161mingiausi\u0173 XX&nbsp;a. lietuvi\u0161k\u0173 dokument\u0173. Akte buvo skelbiama,...\t\t\t\t\t\t\t\t\t\t<\/div>\r\n\t\t\t\t\t\t\t\t\t\t<a href=\"https:\/\/www.silutesmuziejus.lt\/en\/news\/paroda-test\/\" class=\"news-more-link\">Read More<\/a>\r\n\t\t\t\t\t\t\t\t\t\t\t\t\t\t\t\t\t<\/div><!-- .entry-content -->\r\n\t\t\t\t\t\t\t\t\t\t\t\t\t<\/div>\r\n\t\t\t\t\t<\/div>\r\n\t\t\t\t<\/div><!-- #post-## -->\r\n\t\t\t<\/div><!-- #post-## -->\r\n\t\t\t<\/div>\r\n\r\n\t\t\t<\/div>\n\t\t\t\t<\/div>\n\t\t\t\t\t\t<\/div>\n\t\t\t\t\t<\/div>\n\t\t<\/div>\n\t\t\t\t<div class=\"elementor-column elementor-col-16 elementor-top-column elementor-element elementor-element-95cff01\" data-id=\"95cff01\" data-element_type=\"column\">\n\t\t\t<div class=\"elementor-column-wrap\">\n\t\t\t\t\t\t\t<div class=\"elementor-widget-wrap\">\n\t\t\t\t\t\t\t\t<\/div>\n\t\t\t\t\t<\/div>\n\t\t<\/div>\n\t\t\t\t\t\t\t\t<\/div>\n\t\t\t\t\t<\/div>\n\t\t<\/section>\n\t\t\t\t\t\t<\/div>\n\t\t\t\t\t\t<\/div>\n\t\t\t\t\t<\/div>","protected":false},"excerpt":{"rendered":"","protected":false},"author":4,"featured_media":0,"parent":30,"menu_order":0,"comment_status":"closed","ping_status":"closed","template":"","meta":{"spay_email":"","footnotes":""},"categories":[50],"tags":[],"yoast_head":"<!-- This site is optimized with the Yoast SEO plugin v22.4 - https:\/\/yoast.com\/wordpress\/plugins\/seo\/ -->\n<title>Muziejaus publikacijos &#8211; \u0160ilut\u0117s Hugo \u0160ojaus muziejus<\/title>\n<meta name=\"robots\" content=\"index, follow, max-snippet:-1, max-image-preview:large, max-video-preview:-1\" \/>\n<link rel=\"canonical\" href=\"https:\/\/www.silutesmuziejus.lt\/en\/home\/muziejaus-publikacijos\/\" \/>\n<meta property=\"og:locale\" content=\"en_US\" \/>\n<meta property=\"og:type\" content=\"article\" \/>\n<meta property=\"og:title\" content=\"Muziejaus publikacijos &#8211; \u0160ilut\u0117s Hugo \u0160ojaus muziejus\" \/>\n<meta property=\"og:url\" content=\"https:\/\/www.silutesmuziejus.lt\/en\/home\/muziejaus-publikacijos\/\" \/>\n<meta property=\"og:site_name\" content=\"\u0160ilut\u0117s Hugo \u0160ojaus muziejus\" \/>\n<meta property=\"article:publisher\" content=\"https:\/\/www.facebook.com\/SilutesMuziejus\/\" \/>\n<meta property=\"article:modified_time\" content=\"2020-06-23T10:39:24+00:00\" \/>\n<meta name=\"twitter:card\" content=\"summary_large_image\" \/>\n<script type=\"application\/ld+json\" class=\"yoast-schema-graph\">{\"@context\":\"https:\/\/schema.org\",\"@graph\":[{\"@type\":\"WebPage\",\"@id\":\"https:\/\/www.silutesmuziejus.lt\/home\/muziejaus-publikacijos\/\",\"url\":\"https:\/\/www.silutesmuziejus.lt\/home\/muziejaus-publikacijos\/\",\"name\":\"Muziejaus publikacijos &#8211; \u0160ilut\u0117s Hugo \u0160ojaus muziejus\",\"isPartOf\":{\"@id\":\"https:\/\/www.silutesmuziejus.lt\/#website\"},\"datePublished\":\"2019-04-23T13:39:47+00:00\",\"dateModified\":\"2020-06-23T10:39:24+00:00\",\"breadcrumb\":{\"@id\":\"https:\/\/www.silutesmuziejus.lt\/home\/muziejaus-publikacijos\/#breadcrumb\"},\"inLanguage\":\"en-US\",\"potentialAction\":[{\"@type\":\"ReadAction\",\"target\":[\"https:\/\/www.silutesmuziejus.lt\/home\/muziejaus-publikacijos\/\"]}]},{\"@type\":\"BreadcrumbList\",\"@id\":\"https:\/\/www.silutesmuziejus.lt\/home\/muziejaus-publikacijos\/#breadcrumb\",\"itemListElement\":[{\"@type\":\"ListItem\",\"position\":1,\"name\":\"Home\",\"item\":\"https:\/\/www.silutesmuziejus.lt\/\"},{\"@type\":\"ListItem\",\"position\":2,\"name\":\"Pradinis\",\"item\":\"https:\/\/www.silutesmuziejus.lt\/\"},{\"@type\":\"ListItem\",\"position\":3,\"name\":\"Muziejaus publikacijos\"}]},{\"@type\":\"WebSite\",\"@id\":\"https:\/\/www.silutesmuziejus.lt\/#website\",\"url\":\"https:\/\/www.silutesmuziejus.lt\/\",\"name\":\"\u0160ilut\u0117s Hugo \u0160ojaus muziejus\",\"description\":\"Oficialus \u0160ilut\u0117s Hugo \u0160ojaus muziejaus internetinis puslapis.\",\"publisher\":{\"@id\":\"https:\/\/www.silutesmuziejus.lt\/#organization\"},\"potentialAction\":[{\"@type\":\"SearchAction\",\"target\":{\"@type\":\"EntryPoint\",\"urlTemplate\":\"https:\/\/www.silutesmuziejus.lt\/?s={search_term_string}\"},\"query-input\":\"required name=search_term_string\"}],\"inLanguage\":\"en-US\"},{\"@type\":\"Organization\",\"@id\":\"https:\/\/www.silutesmuziejus.lt\/#organization\",\"name\":\"\u0160ilut\u0117s Hugo \u0160ojaus muziejus\",\"url\":\"https:\/\/www.silutesmuziejus.lt\/\",\"logo\":{\"@type\":\"ImageObject\",\"inLanguage\":\"en-US\",\"@id\":\"https:\/\/www.silutesmuziejus.lt\/#\/schema\/logo\/image\/\",\"url\":\"https:\/\/www.silutesmuziejus.lt\/wp-content\/uploads\/2024\/07\/logotipas.png\",\"contentUrl\":\"https:\/\/www.silutesmuziejus.lt\/wp-content\/uploads\/2024\/07\/logotipas.png\",\"width\":1200,\"height\":506,\"caption\":\"\u0160ilut\u0117s Hugo \u0160ojaus muziejus\"},\"image\":{\"@id\":\"https:\/\/www.silutesmuziejus.lt\/#\/schema\/logo\/image\/\"},\"sameAs\":[\"https:\/\/www.facebook.com\/SilutesMuziejus\/\"]}]}<\/script>\n<!-- \/ Yoast SEO plugin. -->","yoast_head_json":{"title":"Muziejaus publikacijos &#8211; \u0160ilut\u0117s Hugo \u0160ojaus muziejus","robots":{"index":"index","follow":"follow","max-snippet":"max-snippet:-1","max-image-preview":"max-image-preview:large","max-video-preview":"max-video-preview:-1"},"canonical":"https:\/\/www.silutesmuziejus.lt\/en\/home\/muziejaus-publikacijos\/","og_locale":"en_US","og_type":"article","og_title":"Muziejaus publikacijos &#8211; \u0160ilut\u0117s Hugo \u0160ojaus muziejus","og_url":"https:\/\/www.silutesmuziejus.lt\/en\/home\/muziejaus-publikacijos\/","og_site_name":"\u0160ilut\u0117s Hugo \u0160ojaus muziejus","article_publisher":"https:\/\/www.facebook.com\/SilutesMuziejus\/","article_modified_time":"2020-06-23T10:39:24+00:00","twitter_card":"summary_large_image","schema":{"@context":"https:\/\/schema.org","@graph":[{"@type":"WebPage","@id":"https:\/\/www.silutesmuziejus.lt\/home\/muziejaus-publikacijos\/","url":"https:\/\/www.silutesmuziejus.lt\/home\/muziejaus-publikacijos\/","name":"Muziejaus publikacijos &#8211; \u0160ilut\u0117s Hugo \u0160ojaus muziejus","isPartOf":{"@id":"https:\/\/www.silutesmuziejus.lt\/#website"},"datePublished":"2019-04-23T13:39:47+00:00","dateModified":"2020-06-23T10:39:24+00:00","breadcrumb":{"@id":"https:\/\/www.silutesmuziejus.lt\/home\/muziejaus-publikacijos\/#breadcrumb"},"inLanguage":"en-US","potentialAction":[{"@type":"ReadAction","target":["https:\/\/www.silutesmuziejus.lt\/home\/muziejaus-publikacijos\/"]}]},{"@type":"BreadcrumbList","@id":"https:\/\/www.silutesmuziejus.lt\/home\/muziejaus-publikacijos\/#breadcrumb","itemListElement":[{"@type":"ListItem","position":1,"name":"Home","item":"https:\/\/www.silutesmuziejus.lt\/"},{"@type":"ListItem","position":2,"name":"Pradinis","item":"https:\/\/www.silutesmuziejus.lt\/"},{"@type":"ListItem","position":3,"name":"Muziejaus publikacijos"}]},{"@type":"WebSite","@id":"https:\/\/www.silutesmuziejus.lt\/#website","url":"https:\/\/www.silutesmuziejus.lt\/","name":"\u0160ilut\u0117s Hugo \u0160ojaus muziejus","description":"Oficialus \u0160ilut\u0117s Hugo \u0160ojaus muziejaus internetinis puslapis.","publisher":{"@id":"https:\/\/www.silutesmuziejus.lt\/#organization"},"potentialAction":[{"@type":"SearchAction","target":{"@type":"EntryPoint","urlTemplate":"https:\/\/www.silutesmuziejus.lt\/?s={search_term_string}"},"query-input":"required name=search_term_string"}],"inLanguage":"en-US"},{"@type":"Organization","@id":"https:\/\/www.silutesmuziejus.lt\/#organization","name":"\u0160ilut\u0117s Hugo \u0160ojaus muziejus","url":"https:\/\/www.silutesmuziejus.lt\/","logo":{"@type":"ImageObject","inLanguage":"en-US","@id":"https:\/\/www.silutesmuziejus.lt\/#\/schema\/logo\/image\/","url":"https:\/\/www.silutesmuziejus.lt\/wp-content\/uploads\/2024\/07\/logotipas.png","contentUrl":"https:\/\/www.silutesmuziejus.lt\/wp-content\/uploads\/2024\/07\/logotipas.png","width":1200,"height":506,"caption":"\u0160ilut\u0117s Hugo \u0160ojaus muziejus"},"image":{"@id":"https:\/\/www.silutesmuziejus.lt\/#\/schema\/logo\/image\/"},"sameAs":["https:\/\/www.facebook.com\/SilutesMuziejus\/"]}]}},"post_mailing_queue_ids":[],"_links":{"self":[{"href":"https:\/\/www.silutesmuziejus.lt\/en\/wp-json\/wp\/v2\/pages\/2137"}],"collection":[{"href":"https:\/\/www.silutesmuziejus.lt\/en\/wp-json\/wp\/v2\/pages"}],"about":[{"href":"https:\/\/www.silutesmuziejus.lt\/en\/wp-json\/wp\/v2\/types\/page"}],"author":[{"embeddable":true,"href":"https:\/\/www.silutesmuziejus.lt\/en\/wp-json\/wp\/v2\/users\/4"}],"replies":[{"embeddable":true,"href":"https:\/\/www.silutesmuziejus.lt\/en\/wp-json\/wp\/v2\/comments?post=2137"}],"version-history":[{"count":6,"href":"https:\/\/www.silutesmuziejus.lt\/en\/wp-json\/wp\/v2\/pages\/2137\/revisions"}],"predecessor-version":[{"id":7483,"href":"https:\/\/www.silutesmuziejus.lt\/en\/wp-json\/wp\/v2\/pages\/2137\/revisions\/7483"}],"up":[{"embeddable":true,"href":"https:\/\/www.silutesmuziejus.lt\/en\/wp-json\/wp\/v2\/pages\/30"}],"wp:attachment":[{"href":"https:\/\/www.silutesmuziejus.lt\/en\/wp-json\/wp\/v2\/media?parent=2137"}],"wp:term":[{"taxonomy":"category","embeddable":true,"href":"https:\/\/www.silutesmuziejus.lt\/en\/wp-json\/wp\/v2\/categories?post=2137"},{"taxonomy":"post_tag","embeddable":true,"href":"https:\/\/www.silutesmuziejus.lt\/en\/wp-json\/wp\/v2\/tags?post=2137"}],"curies":[{"name":"wp","href":"https:\/\/api.w.org\/{rel}","templated":true}]}}